{"id":254718,"date":"2023-12-04T17:03:47","date_gmt":"2023-12-04T17:03:47","guid":{"rendered":"https:\/\/disteco.com\/sistema-interno-de-informacion\/"},"modified":"2025-02-28T11:50:43","modified_gmt":"2025-02-28T11:50:43","slug":"sistema-intern-dinformacio","status":"publish","type":"page","link":"https:\/\/disteco.com\/ca\/sistema-intern-dinformacio\/","title":{"rendered":"Sistema intern d&#8217;informaci\u00f3"},"content":{"rendered":"<p>[et_pb_section fb_built=&#8221;1&#8243; admin_label=&#8221;section&#8221; _builder_version=&#8221;4.16&#8243; parallax=&#8221;on&#8221; custom_padding=&#8221;50px|0px|0px|0px&#8221; global_colors_info=&#8221;{}&#8221;][et_pb_row use_custom_gutter=&#8221;on&#8221; gutter_width=&#8221;1&#8243; column_padding_mobile=&#8221;on&#8221; admin_label=&#8221;row&#8221; module_class=&#8221; et_pb_row_fullwidth&#8221; _builder_version=&#8221;4.16&#8243; background_image=&#8221;https:\/\/disteco.com\/wp-content\/uploads\/2017\/04\/grup-alimentari-disteco.jpg&#8221; width=&#8221;100%&#8221; width_tablet=&#8221;100%&#8221; width_phone=&#8221;&#8221; width_last_edited=&#8221;on|desktop&#8221; max_width=&#8221;100%&#8221; max_width_tablet=&#8221;100%&#8221; max_width_phone=&#8221;&#8221; max_width_last_edited=&#8221;on|desktop&#8221; custom_padding=&#8221;36px|0px|30px|0px&#8221; make_fullwidth=&#8221;on&#8221; global_colors_info=&#8221;{}&#8221;][et_pb_column type=&#8221;4_4&#8243; _builder_version=&#8221;4.16&#8243; background_position=&#8221;top_left&#8221; custom_padding=&#8221;|||&#8221; global_colors_info=&#8221;{}&#8221; custom_padding__hover=&#8221;|||&#8221;][et_pb_cta title=&#8221;PROCEDIMENT DE GESTI\u00d3 DE COMUNICACIONS&#8221; title_tablet=&#8221;&#8221; title_phone=&#8221;&#8221; title_last_edited=&#8221;on|phone&#8221; admin_label=&#8221;Call To Action&#8221; _builder_version=&#8221;4.25.0&#8243; header_font=&#8221;Montserrat|on|||&#8221; header_text_color=&#8221;#ffffff&#8221; header_font_size=&#8221;92&#8243; header_line_height=&#8221;1.2em&#8221; body_font=&#8221;PT Serif||||&#8221; body_text_color=&#8221;#dddddd&#8221; body_font_size=&#8221;24&#8243; use_background_color=&#8221;off&#8221; background_size=&#8221;initial&#8221; background_position=&#8221;top_left&#8221; background_repeat=&#8221;repeat&#8221; header_font_size_tablet=&#8221;64&#8243; header_font_size_phone=&#8221;&#8221; header_font_size_last_edited=&#8221;on|tablet&#8221; inline_fonts=&#8221;Comfortaa&#8221; global_colors_info=&#8221;{}&#8221; button_text_size__hover_enabled=&#8221;off&#8221; button_one_text_size__hover_enabled=&#8221;off&#8221; button_two_text_size__hover_enabled=&#8221;off&#8221; button_text_color__hover_enabled=&#8221;off&#8221; button_one_text_color__hover_enabled=&#8221;off&#8221; button_two_text_color__hover_enabled=&#8221;off&#8221; button_border_width__hover_enabled=&#8221;off&#8221; button_one_border_width__hover_enabled=&#8221;off&#8221; button_two_border_width__hover_enabled=&#8221;off&#8221; button_border_color__hover_enabled=&#8221;off&#8221; button_one_border_color__hover_enabled=&#8221;off&#8221; button_two_border_color__hover_enabled=&#8221;off&#8221; button_border_radius__hover_enabled=&#8221;off&#8221; button_one_border_radius__hover_enabled=&#8221;off&#8221; button_two_border_radius__hover_enabled=&#8221;off&#8221; button_letter_spacing__hover_enabled=&#8221;off&#8221; button_one_letter_spacing__hover_enabled=&#8221;off&#8221; button_two_letter_spacing__hover_enabled=&#8221;off&#8221; button_bg_color__hover_enabled=&#8221;off&#8221; button_one_bg_color__hover_enabled=&#8221;off&#8221; button_two_bg_color__hover_enabled=&#8221;off&#8221;][\/et_pb_cta][\/et_pb_column][\/et_pb_row][\/et_pb_section][et_pb_section fb_built=&#8221;1&#8243; fullwidth=&#8221;on&#8221; admin_label=&#8221;Secci\u00f3n&#8221; _builder_version=&#8221;4.16&#8243; background_color=&#8221;#b22318&#8243; global_colors_info=&#8221;{}&#8221;][et_pb_fullwidth_image admin_label=&#8221;Imagen de anchura completa&#8221; _builder_version=&#8221;4.16&#8243; animation_style=&#8221;slide&#8221; animation_direction=&#8221;left&#8221; animation_duration=&#8221;500ms&#8221; animation_intensity_slide=&#8221;10%&#8221; global_colors_info=&#8221;{}&#8221;][\/et_pb_fullwidth_image][\/et_pb_section][et_pb_section fb_built=&#8221;1&#8243; custom_padding_last_edited=&#8221;on|desktop&#8221; admin_label=&#8221;Section&#8221; _builder_version=&#8221;4.16&#8243; background_color=&#8221;rgba(255,255,255,0)&#8221; custom_padding_tablet=&#8221;50px|0|50px|0&#8243; custom_padding_phone=&#8221;&#8221; transparent_background=&#8221;on&#8221; padding_mobile=&#8221;off&#8221; global_colors_info=&#8221;{}&#8221;][et_pb_row admin_label=&#8221;Fila&#8221; _builder_version=&#8221;4.16&#8243; background_size=&#8221;initial&#8221; background_position=&#8221;top_left&#8221; background_repeat=&#8221;repeat&#8221; custom_padding=&#8221;70px|0px|13.4844px|0px&#8221; global_colors_info=&#8221;{}&#8221;][et_pb_column type=&#8221;4_4&#8243; _builder_version=&#8221;4.16&#8243; custom_padding=&#8221;|||&#8221; global_colors_info=&#8221;{}&#8221; custom_padding__hover=&#8221;|||&#8221;][et_pb_divider show_divider=&#8221;off&#8221; _builder_version=&#8221;4.23.1&#8243; height=&#8221;50px&#8221; custom_padding=&#8221;||0px|||&#8221; global_colors_info=&#8221;{}&#8221;][\/et_pb_divider][et_pb_text module_id=&#8221;apartado2&#8243; _builder_version=&#8221;4.25.0&#8243; custom_margin=&#8221;||0px||false|false&#8221; custom_padding=&#8221;||0px||false|false&#8221; global_colors_info=&#8221;{}&#8221;]<\/p>\n<h1 style=\"text-align: left;\"><span style=\"color: #000000;\"><strong>CANAL DE DEN\u00daNCIES<\/strong><\/span><span style=\"color: #000000;\"><strong><\/strong><\/span><\/h1>\n<p><span>Un canal de den\u00fancies \u00e9s un espai habilitat per l&#8217;empresa perqu\u00e8 qualsevol persona del seu entorn laboral o professional pugui comunicar, de forma an\u00f2nima o confidencial, qualsevol discrep\u00e0ncia, irregularitat o incompliment de les previstes a la normativa aplicable que es cometi dins de la companyia.<\/span><span><u><\/u><u><\/u><\/span><\/p>\n<p>&nbsp;<\/p>\n<h3><span style=\"color: #000000;\"><b>QUI POT UTILITZAR-LO?<\/b><\/span><\/h3>\n<p><span><u><\/u><u><\/u><\/span><u><\/u><u><\/u>El canal de den\u00fancies est\u00e0 posat a disposici\u00f3 d&#8217;empleats, prove\u00efdors, clients, col\u00b7laboradors o tercers interessats.<u><\/u><u><\/u><\/p>\n<p><u><\/u><u><\/u><\/p>\n<h3><u><\/u><u><\/u><span style=\"color: #000000;\"><b>QUINS FETS ES PODEN NOTIFICAR?<\/b><\/span><span> <u><\/u><u><\/u><\/span><\/h3>\n<p><u><\/u><u><\/u>Pots informar a trav\u00e9s del Canal de den\u00fancies els fets que consideris puguin suposar un incompliment de conductes que puguin constituir infraccions del Dret de la Uni\u00f3 Europea en mat\u00e8ria de:<\/p>\n<p>\u2022\u00a0\u00a0\u00a0 Contractaci\u00f3 p\u00fablica<u><\/u><u><\/u><\/p>\n<p>\u2022\u00a0\u00a0\u00a0 Serveis, productes i mercats financers, i prevenci\u00f3 del blanqueig de capitals i el finan\u00e7ament del terrorisme<u><\/u><u><\/u><\/p>\n<p>\u2022\u00a0\u00a0\u00a0 Seguretat dels productes i conformitats<u><\/u><u><\/u><\/p>\n<p>\u2022\u00a0\u00a0\u00a0 Seguretat del transport<u><\/u><u><\/u><\/p>\n<p>\u2022\u00a0\u00a0\u00a0 Protecci\u00f3 del medi ambient<u><\/u><u><\/u><\/p>\n<p>\u2022\u00a0\u00a0\u00a0 Protecci\u00f3 davant les radiacions i seguretat nuclear<u><\/u><u><\/u><\/p>\n<p>\u2022\u00a0\u00a0\u00a0 Seguretat dels aliments i els pinsos, sanitat animal i benestar dels animals<u><\/u><u><\/u><\/p>\n<p>\u2022\u00a0\u00a0\u00a0 Salut p\u00fablica<u><\/u><u><\/u><\/p>\n<p>\u2022\u00a0\u00a0\u00a0 Protecci\u00f3 dels consumidors<u><\/u><u><\/u><\/p>\n<p>\u2022\u00a0\u00a0\u00a0 Protecci\u00f3 de la privadesa i de les dades personals, i seguretat de les xarxes i els sistemes d&#8217;informaci\u00f3<u><\/u><u><\/u><\/p>\n<p>\u2022\u00a0\u00a0\u00a0 Actes que afectin els interessos financers de la Uni\u00f3<u><\/u><u><\/u><\/p>\n<p>\u2022\u00a0\u00a0\u00a0 Actes que incideixin en el mercat interior, incloses les infraccions en mat\u00e8ria de compet\u00e8ncia i ajudes atorgades pels estats, impost sobre societats o pr\u00e0ctiques que busquin obtenir avantatges fiscals.<u><\/u><u><\/u><\/p>\n<p><u><\/u><u><\/u><\/p>\n<h3 style=\"font-weight: 400;\"><strong>CARACTER\u00cdSTIQUES PRINCIPALS:<\/strong><\/h3>\n<p style=\"font-weight: 400;\"><strong>Confidencialitat<\/strong>: El canal intern de comunicaci\u00f3 de l&#8217;entitat permet fer comunicacions escrites a trav\u00e9s dels formularis habilitats a aquest efecte, de manera confidencial i, si aix\u00ed es vol, de manera an\u00f2nima.<\/p>\n<p style=\"font-weight: 400;\"><strong>Proc\u00e9s de recerca imparcial:<span>\u00a0<\/span><\/strong>Una vegada es presenta una den\u00fancia, l&#8217;entitat procedir\u00e0 a realitzar totes aquelles actuacions tendents a verificar la versemblan\u00e7a dels fets relatats i procedir\u00e0 a emetre un informe sobre la instrucci\u00f3.<\/p>\n<p style=\"font-weight: 400;\"><strong>Protecci\u00f3 contra repres\u00e0lies:<span>\u00a0<\/span><\/strong>Les persones que comuniquin o revelin infraccions previstes en l&#8217;\u00e0mbit d&#8217;aplicaci\u00f3 de la Llei 2\/2023 , de 20 de febrer, sempre que es tinguin motius per concloure que la comunicaci\u00f3 \u00e9s vera\u00e7 i es realitzi d&#8217;acord amb els requeriments establerts en aquesta Llei i en aquesta pol\u00edtica gaudiran de la protecci\u00f3 atorgada per aquesta.<\/p>\n<p style=\"font-weight: 400;\"><strong>Resoluci\u00f3 i seguiment:<span>\u00a0<\/span><\/strong>Una vegada conclosa la investigaci\u00f3, l&#8217;entitat prendr\u00e0 les accions necess\u00e0ries per abordar el problema identificat i, quan sigui possible, prendr\u00e0 mesures correctives.<\/p>\n<p style=\"font-weight: 400;\">Podeu trobar m\u00e9s informaci\u00f3 sobre el proc\u00e9s de gesti\u00f3 de den\u00fancies clicant a l&#8217;apartat<span>\u00a0<\/span><strong>DESCARGAR POL\u00cdTICA.<\/strong><\/p>\n<p>[\/et_pb_text][\/et_pb_column][\/et_pb_row][\/et_pb_section][et_pb_section fb_built=&#8221;1&#8243; _builder_version=&#8221;4.23.1&#8243; _module_preset=&#8221;default&#8221; custom_padding=&#8221;0px|||||&#8221; global_colors_info=&#8221;{}&#8221;][et_pb_row column_structure=&#8221;1_2,1_2&#8243; _builder_version=&#8221;4.23.1&#8243; _module_preset=&#8221;default&#8221; custom_padding=&#8221;39px||120px|||&#8221; global_colors_info=&#8221;{}&#8221;][et_pb_column type=&#8221;1_2&#8243; _builder_version=&#8221;4.23.1&#8243; _module_preset=&#8221;default&#8221; global_colors_info=&#8221;{}&#8221;][et_pb_button button_url=&#8221;https:\/\/portal.kairoshr.es\/whistle-blowing\/support\/2292_13c3424e434043c3808be4eeac4abde8&#8243; url_new_window=&#8221;on&#8221; button_text=&#8221;Acc\u00e9s al formulari&#8221; button_alignment=&#8221;center&#8221; _builder_version=&#8221;4.27.4&#8243; _module_preset=&#8221;default&#8221; hover_enabled=&#8221;0&#8243; global_colors_info=&#8221;{}&#8221; sticky_enabled=&#8221;0&#8243;][\/et_pb_button][\/et_pb_column][et_pb_column type=&#8221;1_2&#8243; _builder_version=&#8221;4.23.1&#8243; _module_preset=&#8221;default&#8221; global_colors_info=&#8221;{}&#8221;][et_pb_button button_url=&#8221;https:\/\/disteco.com\/wp-content\/uploads\/2023\/12\/PROCEDIMIENTO-DE-GESTION-DE-COMUNICACIONES.pdf&#8221; url_new_window=&#8221;on&#8221; button_text=&#8221;Descargar Pol\u00edtica&#8221; button_alignment=&#8221;center&#8221; _builder_version=&#8221;4.25.0&#8243; _module_preset=&#8221;default&#8221; global_colors_info=&#8221;{}&#8221;][\/et_pb_button][\/et_pb_column][\/et_pb_row][\/et_pb_section]<\/p>\n","protected":false},"excerpt":{"rendered":"<p>CANAL DE DEN\u00daNCIES Un canal de den\u00fancies \u00e9s un espai habilitat per l&#8217;empresa perqu\u00e8 qualsevol persona del seu entorn laboral o professional pugui comunicar, de forma an\u00f2nima o confidencial, qualsevol discrep\u00e0ncia, irregularitat o incompliment de les previstes a la normativa aplicable que es cometi dins de la companyia. &nbsp; QUI POT UTILITZAR-LO? El canal de [&hellip;]<\/p>\n","protected":false},"author":1,"featured_media":0,"parent":0,"menu_order":0,"comment_status":"closed","ping_status":"closed","template":"","meta":{"_et_pb_use_builder":"on","_et_pb_old_content":"<!-- wp:divi\/placeholder \/-->","_et_gb_content_width":"","footnotes":""},"class_list":["post-254718","page","type-page","status-publish","hentry"],"yoast_head":"<!-- This site is optimized with the Yoast SEO plugin v26.9 - https:\/\/yoast.com\/product\/yoast-seo-wordpress\/ -->\n<title>Sistema intern d&#039;informaci\u00f3 - GRUP ALIMENTARI DISTECO<\/title>\n<meta name=\"description\" content=\"Sistema intern d&#039;informaci\u00f3\" \/>\n<meta name=\"robots\" content=\"index, follow, max-snippet:-1, max-image-preview:large, max-video-preview:-1\" \/>\n<link rel=\"canonical\" href=\"https:\/\/disteco.com\/ca\/sistema-intern-dinformacio\/\" \/>\n<meta property=\"og:locale\" content=\"ca_ES\" \/>\n<meta property=\"og:type\" content=\"article\" \/>\n<meta property=\"og:title\" content=\"Sistema intern d&#039;informaci\u00f3 - GRUP ALIMENTARI DISTECO\" \/>\n<meta property=\"og:description\" content=\"Sistema intern d&#039;informaci\u00f3\" \/>\n<meta property=\"og:url\" content=\"https:\/\/disteco.com\/ca\/sistema-intern-dinformacio\/\" \/>\n<meta property=\"og:site_name\" content=\"GRUP ALIMENTARI DISTECO\" \/>\n<meta property=\"article:publisher\" content=\"https:\/\/www.facebook.com\/grupalimentaridisteco\/\" \/>\n<meta property=\"article:modified_time\" content=\"2025-02-28T11:50:43+00:00\" \/>\n<meta name=\"twitter:card\" content=\"summary_large_image\" \/>\n<meta name=\"twitter:site\" content=\"@DistecoGrup\" \/>\n<meta name=\"twitter:label1\" content=\"Temps estimat de lectura\" \/>\n\t<meta name=\"twitter:data1\" content=\"2 minut\" \/>\n<script type=\"application\/ld+json\" class=\"yoast-schema-graph\">{\"@context\":\"https:\/\/schema.org\",\"@graph\":[{\"@type\":\"WebPage\",\"@id\":\"https:\/\/disteco.com\/ca\/sistema-intern-dinformacio\/\",\"url\":\"https:\/\/disteco.com\/ca\/sistema-intern-dinformacio\/\",\"name\":\"Sistema intern d'informaci\u00f3 - GRUP ALIMENTARI DISTECO\",\"isPartOf\":{\"@id\":\"https:\/\/disteco.com\/ca\/#website\"},\"datePublished\":\"2023-12-04T17:03:47+00:00\",\"dateModified\":\"2025-02-28T11:50:43+00:00\",\"description\":\"Sistema intern d'informaci\u00f3\",\"breadcrumb\":{\"@id\":\"https:\/\/disteco.com\/ca\/sistema-intern-dinformacio\/#breadcrumb\"},\"inLanguage\":\"ca\",\"potentialAction\":[{\"@type\":\"ReadAction\",\"target\":[\"https:\/\/disteco.com\/ca\/sistema-intern-dinformacio\/\"]}]},{\"@type\":\"BreadcrumbList\",\"@id\":\"https:\/\/disteco.com\/ca\/sistema-intern-dinformacio\/#breadcrumb\",\"itemListElement\":[{\"@type\":\"ListItem\",\"position\":1,\"name\":\"Portada\",\"item\":\"https:\/\/disteco.com\/ca\/\"},{\"@type\":\"ListItem\",\"position\":2,\"name\":\"Sistema intern d&#8217;informaci\u00f3\"}]},{\"@type\":\"WebSite\",\"@id\":\"https:\/\/disteco.com\/ca\/#website\",\"url\":\"https:\/\/disteco.com\/ca\/\",\"name\":\"GRUP ALIMENTARI DISTECO\",\"description\":\"Distribuci\u00f3 aliment\u00e0ria de productes d'alta qualitat\",\"publisher\":{\"@id\":\"https:\/\/disteco.com\/ca\/#organization\"},\"potentialAction\":[{\"@type\":\"SearchAction\",\"target\":{\"@type\":\"EntryPoint\",\"urlTemplate\":\"https:\/\/disteco.com\/ca\/?s={search_term_string}\"},\"query-input\":{\"@type\":\"PropertyValueSpecification\",\"valueRequired\":true,\"valueName\":\"search_term_string\"}}],\"inLanguage\":\"ca\"},{\"@type\":\"Organization\",\"@id\":\"https:\/\/disteco.com\/ca\/#organization\",\"name\":\"GRUP ALIMENTARI DISTECO\",\"url\":\"https:\/\/disteco.com\/ca\/\",\"logo\":{\"@type\":\"ImageObject\",\"inLanguage\":\"ca\",\"@id\":\"https:\/\/disteco.com\/ca\/#\/schema\/logo\/image\/\",\"url\":\"https:\/\/disteco.com\/wp-content\/uploads\/2017\/03\/logo-grup-alimentari-disteco.png\",\"contentUrl\":\"https:\/\/disteco.com\/wp-content\/uploads\/2017\/03\/logo-grup-alimentari-disteco.png\",\"width\":600,\"height\":61,\"caption\":\"GRUP ALIMENTARI DISTECO\"},\"image\":{\"@id\":\"https:\/\/disteco.com\/ca\/#\/schema\/logo\/image\/\"},\"sameAs\":[\"https:\/\/www.facebook.com\/grupalimentaridisteco\/\",\"https:\/\/x.com\/DistecoGrup\",\"https:\/\/www.instagram.com\/gadisteco\/\",\"https:\/\/www.linkedin.com\/company\/grup-alimentari-disteco\/\",\"https:\/\/www.youtube.com\/@grupalimentaridisteco572\"]}]}<\/script>\n<!-- \/ Yoast SEO plugin. -->","yoast_head_json":{"title":"Sistema intern d'informaci\u00f3 - GRUP ALIMENTARI DISTECO","description":"Sistema intern d'informaci\u00f3","robots":{"index":"index","follow":"follow","max-snippet":"max-snippet:-1","max-image-preview":"max-image-preview:large","max-video-preview":"max-video-preview:-1"},"canonical":"https:\/\/disteco.com\/ca\/sistema-intern-dinformacio\/","og_locale":"ca_ES","og_type":"article","og_title":"Sistema intern d'informaci\u00f3 - GRUP ALIMENTARI DISTECO","og_description":"Sistema intern d'informaci\u00f3","og_url":"https:\/\/disteco.com\/ca\/sistema-intern-dinformacio\/","og_site_name":"GRUP ALIMENTARI DISTECO","article_publisher":"https:\/\/www.facebook.com\/grupalimentaridisteco\/","article_modified_time":"2025-02-28T11:50:43+00:00","twitter_card":"summary_large_image","twitter_site":"@DistecoGrup","twitter_misc":{"Temps estimat de lectura":"2 minut"},"schema":{"@context":"https:\/\/schema.org","@graph":[{"@type":"WebPage","@id":"https:\/\/disteco.com\/ca\/sistema-intern-dinformacio\/","url":"https:\/\/disteco.com\/ca\/sistema-intern-dinformacio\/","name":"Sistema intern d'informaci\u00f3 - GRUP ALIMENTARI DISTECO","isPartOf":{"@id":"https:\/\/disteco.com\/ca\/#website"},"datePublished":"2023-12-04T17:03:47+00:00","dateModified":"2025-02-28T11:50:43+00:00","description":"Sistema intern d'informaci\u00f3","breadcrumb":{"@id":"https:\/\/disteco.com\/ca\/sistema-intern-dinformacio\/#breadcrumb"},"inLanguage":"ca","potentialAction":[{"@type":"ReadAction","target":["https:\/\/disteco.com\/ca\/sistema-intern-dinformacio\/"]}]},{"@type":"BreadcrumbList","@id":"https:\/\/disteco.com\/ca\/sistema-intern-dinformacio\/#breadcrumb","itemListElement":[{"@type":"ListItem","position":1,"name":"Portada","item":"https:\/\/disteco.com\/ca\/"},{"@type":"ListItem","position":2,"name":"Sistema intern d&#8217;informaci\u00f3"}]},{"@type":"WebSite","@id":"https:\/\/disteco.com\/ca\/#website","url":"https:\/\/disteco.com\/ca\/","name":"GRUP ALIMENTARI DISTECO","description":"Distribuci\u00f3 aliment\u00e0ria de productes d'alta qualitat","publisher":{"@id":"https:\/\/disteco.com\/ca\/#organization"},"potentialAction":[{"@type":"SearchAction","target":{"@type":"EntryPoint","urlTemplate":"https:\/\/disteco.com\/ca\/?s={search_term_string}"},"query-input":{"@type":"PropertyValueSpecification","valueRequired":true,"valueName":"search_term_string"}}],"inLanguage":"ca"},{"@type":"Organization","@id":"https:\/\/disteco.com\/ca\/#organization","name":"GRUP ALIMENTARI DISTECO","url":"https:\/\/disteco.com\/ca\/","logo":{"@type":"ImageObject","inLanguage":"ca","@id":"https:\/\/disteco.com\/ca\/#\/schema\/logo\/image\/","url":"https:\/\/disteco.com\/wp-content\/uploads\/2017\/03\/logo-grup-alimentari-disteco.png","contentUrl":"https:\/\/disteco.com\/wp-content\/uploads\/2017\/03\/logo-grup-alimentari-disteco.png","width":600,"height":61,"caption":"GRUP ALIMENTARI DISTECO"},"image":{"@id":"https:\/\/disteco.com\/ca\/#\/schema\/logo\/image\/"},"sameAs":["https:\/\/www.facebook.com\/grupalimentaridisteco\/","https:\/\/x.com\/DistecoGrup","https:\/\/www.instagram.com\/gadisteco\/","https:\/\/www.linkedin.com\/company\/grup-alimentari-disteco\/","https:\/\/www.youtube.com\/@grupalimentaridisteco572"]}]}},"_links":{"self":[{"href":"https:\/\/disteco.com\/ca\/wp-json\/wp\/v2\/pages\/254718","targetHints":{"allow":["GET"]}}],"collection":[{"href":"https:\/\/disteco.com\/ca\/wp-json\/wp\/v2\/pages"}],"about":[{"href":"https:\/\/disteco.com\/ca\/wp-json\/wp\/v2\/types\/page"}],"author":[{"embeddable":true,"href":"https:\/\/disteco.com\/ca\/wp-json\/wp\/v2\/users\/1"}],"replies":[{"embeddable":true,"href":"https:\/\/disteco.com\/ca\/wp-json\/wp\/v2\/comments?post=254718"}],"version-history":[{"count":7,"href":"https:\/\/disteco.com\/ca\/wp-json\/wp\/v2\/pages\/254718\/revisions"}],"predecessor-version":[{"id":256555,"href":"https:\/\/disteco.com\/ca\/wp-json\/wp\/v2\/pages\/254718\/revisions\/256555"}],"wp:attachment":[{"href":"https:\/\/disteco.com\/ca\/wp-json\/wp\/v2\/media?parent=254718"}],"curies":[{"name":"wp","href":"https:\/\/api.w.org\/{rel}","templated":true}]}}