{"id":206898,"date":"2017-08-25T15:43:37","date_gmt":"2017-08-25T15:43:37","guid":{"rendered":"http:\/\/disteco.com\/solomillo-de-ternera-del-girones-al-horno\/"},"modified":"2017-09-18T10:21:17","modified_gmt":"2017-09-18T10:21:17","slug":"filet-de-vedella-del-girones-al-forn","status":"publish","type":"page","link":"https:\/\/disteco.com\/ca\/filet-de-vedella-del-girones-al-forn\/","title":{"rendered":"Filet de vedella &#8220;del Giron\u00e8s&#8221; al forn"},"content":{"rendered":"<p>[et_pb_section bb_built=&#8221;1&#8243; admin_label=&#8221;section&#8221; background_color=&#8221;rgba(255,255,255,0.02)&#8221; custom_padding=&#8221;||0px|&#8221; padding_mobile=&#8221;on&#8221; _builder_version=&#8221;3.0.51&#8243; background_image=&#8221;http:\/\/disteco.com\/wp-content\/uploads\/2017\/08\/Solomillo-de-ternera-\u201cdel-Giron\u00e9s\u201d-al-horno.jpg&#8221; parallax=&#8221;on&#8221; parallax_method=&#8221;off&#8221;][et_pb_row admin_label=&#8221;row&#8221; custom_padding=&#8221;||0px|&#8221; padding_mobile=&#8221;on&#8221; column_padding_mobile=&#8221;on&#8221; parallax_method_1=&#8221;off&#8221; _builder_version=&#8221;3.0.51&#8243; background_size=&#8221;initial&#8221; background_position=&#8221;top_left&#8221; background_repeat=&#8221;repeat&#8221;][et_pb_column type=&#8221;4_4&#8243;][et_pb_divider admin_label=&#8221;Divider&#8221; height=&#8221;110&#8243; _builder_version=&#8221;3.0.51&#8243; \/][\/et_pb_column][\/et_pb_row][\/et_pb_section][et_pb_section bb_built=&#8221;1&#8243; admin_label=&#8221;Section&#8221; background_color=&#8221;#f7f7f4&#8243; custom_padding=&#8221;0px||0px|&#8221; _builder_version=&#8221;3.0.51&#8243;][et_pb_row admin_label=&#8221;row&#8221; use_custom_width=&#8221;on&#8221; custom_width_px=&#8221;620px&#8221; custom_padding=&#8221;0px||0px|&#8221; column_padding_mobile=&#8221;on&#8221; parallax_method_1=&#8221;off&#8221; parallax_method_2=&#8221;off&#8221; _builder_version=&#8221;3.0.51&#8243; background_size=&#8221;initial&#8221; background_position=&#8221;top_left&#8221; background_repeat=&#8221;repeat&#8221;][et_pb_column type=&#8221;4_4&#8243;][et_pb_image admin_label=&#8221;logo GAD&#8221; src=&#8221;http:\/\/disteco.com\/wp-content\/uploads\/2017\/03\/gad-grup-alimentari-disteco.png&#8221; animation=&#8221;off&#8221; sticky=&#8221;on&#8221; align=&#8221;center&#8221; _builder_version=&#8221;3.0.51&#8243; custom_margin=&#8221;-48px|||&#8221; \/][et_pb_text admin_label=&#8221;Familia de recetas&#8221; text_orientation=&#8221;center&#8221; _builder_version=&#8221;3.0.51&#8243; text_font=&#8221;PT Sans|on|||&#8221; text_text_color=&#8221;#bcbcbc&#8221; text_letter_spacing=&#8221;2px&#8221; background_size=&#8221;initial&#8221; background_position=&#8221;top_left&#8221; background_repeat=&#8221;repeat&#8221; custom_margin=&#8221;||0px|&#8221; custom_padding=&#8221;||0px|&#8221; inline_fonts=&#8221;Montserrat&#8221; background_layout=&#8221;light&#8221; border_style=&#8221;solid&#8221;]<\/p>\n<p class=\"\" style=\"text-align: center;\"><span style=\"font-family: Montserrat; font-weight: normal; font-size: large;\">\u00a0<\/span><\/p>\n<p>[\/et_pb_text][et_pb_text admin_label=&#8221;T\u00edtulo&#8221; text_orientation=&#8221;center&#8221; max_width=&#8221;660px&#8221; _builder_version=&#8221;3.0.51&#8243; text_font=&#8221;PT Sans||||&#8221; text_font_size=&#8221;72&#8243; text_font_size_tablet=&#8221;52&#8243; text_font_size_last_edited=&#8221;on|desktop&#8221; text_text_color=&#8221;#1d1d1d&#8221; text_line_height=&#8221;1.1em&#8221; background_size=&#8221;initial&#8221; background_position=&#8221;top_left&#8221; background_repeat=&#8221;repeat&#8221; custom_margin=&#8221;18px||80px|&#8221; background_layout=&#8221;light&#8221; border_style=&#8221;solid&#8221;]<\/p>\n<h1 class=\"entry-title\"><span style=\"color: #000000;\"><strong>Filet de vedella &#8220;del Giron\u00e8s&#8221; al forn<\/strong><\/span><\/h1>\n<p>[\/et_pb_text][\/et_pb_column][\/et_pb_row][et_pb_row admin_label=&#8221;Fila&#8221; custom_padding=&#8221;0px|0px|0px|0px&#8221; background_position_1=&#8221;top_left&#8221; background_position_2=&#8221;top_left&#8221; background_repeat_1=&#8221;no-repeat&#8221; background_repeat_2=&#8221;no-repeat&#8221; _builder_version=&#8221;3.0.51&#8243; background_size=&#8221;initial&#8221; background_position=&#8221;top_left&#8221; background_repeat=&#8221;repeat&#8221;][et_pb_column type=&#8221;1_4&#8243;][et_pb_text admin_label=&#8221;Autor receta&#8221; _builder_version=&#8221;3.0.51&#8243; background_layout=&#8221;light&#8221; text_orientation=&#8221;left&#8221; border_style=&#8221;solid&#8221; saved_tabs=&#8221;all&#8221;]<\/p>\n<p><span style=\"color: #000000;\"><strong>Autor:<\/strong>\u00a0DISTECO<\/span><\/p>\n<p><span style=\"color: #000000;\"><strong>Tipus de plat:<\/strong>\u00a0SEGON PLAT<\/span><\/p>\n<p><span style=\"color: #000000;\"><strong>Tipus de cuina:<\/strong>\u00a0SANA<\/span><\/p>\n<p><span style=\"color: #000000;\"><strong>Temps de preparaci\u00f3:\u00a0<\/strong>2\u00a0hores + 30 minuts.<\/span><\/p>\n<p><span style=\"color: #000000;\"><strong>Dificultat:<\/strong>\u00a0MITJA<\/span><\/p>\n<p>[\/et_pb_text][\/et_pb_column][et_pb_column type=&#8221;3_4&#8243;][et_pb_image admin_label=&#8221;Image&#8221; src=&#8221;http:\/\/disteco.com\/wp-content\/uploads\/2017\/08\/Solomillo-de-ternera-\u201cdel-Giron\u00e9s\u201d-al-horno.jpg&#8221; animation=&#8221;fade_in&#8221; sticky=&#8221;on&#8221; _builder_version=&#8221;3.0.51&#8243; \/][et_pb_text admin_label=&#8221;T\u00edtulo imagen&#8221; max_width=&#8221;400px&#8221; _builder_version=&#8221;3.0.51&#8243; text_font=&#8221;PT Serif||on||&#8221; text_font_size=&#8221;12&#8243; text_text_color=&#8221;#363636&#8243; text_line_height=&#8221;1.2em&#8221; background_size=&#8221;initial&#8221; background_position=&#8221;top_left&#8221; background_repeat=&#8221;repeat&#8221; custom_margin=&#8221;6px|||&#8221; inline_fonts=&#8221;Comfortaa&#8221; background_layout=&#8221;light&#8221; text_orientation=&#8221;left&#8221; border_style=&#8221;solid&#8221;] <span style=\"color: #e02b20; font-family: Comfortaa;\">Filet de vedella &#8220;del Giron\u00e8s&#8221; al forn<\/span> [\/et_pb_text][et_pb_divider admin_label=&#8221;Separador&#8221; color=&#8221;#aeaeac&#8221; show_divider=&#8221;on&#8221; divider_style=&#8221;solid&#8221; divider_position=&#8221;top&#8221; hide_on_mobile=&#8221;off&#8221; _builder_version=&#8221;3.0.51&#8243; custom_css_main_element=&#8221;width:130px;&#8221; \/][\/et_pb_column][\/et_pb_row][\/et_pb_section][et_pb_section bb_built=&#8221;1&#8243; admin_label=&#8221;Section&#8221; background_color=&#8221;#f7f7f4&#8243; custom_padding=&#8221;0px|||&#8221; padding_mobile=&#8221;on&#8221; _builder_version=&#8221;3.0.51&#8243; transparent_background=&#8221;on&#8221;][et_pb_row admin_label=&#8221;Fila&#8221; custom_padding=&#8221;0px|0px|55px|0px&#8221; background_position_1=&#8221;top_left&#8221; background_position_2=&#8221;top_left&#8221; background_repeat_1=&#8221;no-repeat&#8221; background_repeat_2=&#8221;no-repeat&#8221; _builder_version=&#8221;3.0.51&#8243; background_size=&#8221;initial&#8221; background_position=&#8221;top_left&#8221; background_repeat=&#8221;repeat&#8221;][et_pb_column type=&#8221;4_4&#8243;][et_pb_text admin_label=&#8221;Ingredientes&#8221; max_width=&#8221;800px&#8221; _builder_version=&#8221;3.0.51&#8243; text_font_size_last_edited=&#8221;on|desktop&#8221; text_text_color=&#8221;#363636&#8243; text_line_height=&#8221;1.5em&#8221; background_size=&#8221;initial&#8221; background_position=&#8221;top_left&#8221; background_repeat=&#8221;repeat&#8221; custom_margin=&#8221;30px||0px|&#8221; inline_fonts=&#8221;Comfortaa&#8221; background_layout=&#8221;light&#8221; text_orientation=&#8221;left&#8221; border_style=&#8221;solid&#8221; saved_tabs=&#8221;all&#8221;]<\/p>\n<h1><strong>Ingredients<\/strong><\/h1>\n<p>La recepta de filet de vedella al forn requereix per a la seva elaboraci\u00f3 els seg\u00fcents ingredients:<\/p>\n<ul>\n<li>Un filet de vedella.<\/li>\n<li>Pebre.<\/li>\n<li>Sal.<\/li>\n<li>Oli.<\/li>\n<\/ul>\n<p>[\/et_pb_text][et_pb_text admin_label=&#8221;Receta&#8221; max_width=&#8221;1400px&#8221; _builder_version=&#8221;3.0.51&#8243; text_font_size_last_edited=&#8221;on|desktop&#8221; text_text_color=&#8221;#363636&#8243; text_line_height=&#8221;1.5em&#8221; background_size=&#8221;initial&#8221; background_position=&#8221;top_left&#8221; background_repeat=&#8221;repeat&#8221; custom_margin=&#8221;30px||0px|&#8221; inline_fonts=&#8221;Comfortaa&#8221; background_layout=&#8221;light&#8221; text_orientation=&#8221;left&#8221; border_style=&#8221;solid&#8221; saved_tabs=&#8221;all&#8221;]<\/p>\n<h1><strong>Recepta del filet de vedella del &#8220;Giron\u00e8s&#8221;<\/strong><\/h1>\n<p><strong>La millor manera de fer la vedella i qualsevol tipus de carn \u00e9s no sotmetre-la a canvis bruscos de temperatura, per aix\u00f2 abans de comen\u00e7ar a cuinar \u00e9s recomanable que el filet hagi estat fora de la nevera unes dues hores.<\/strong><\/p>\n<ul>\n<li>El m\u00e9s recomanable \u00e9s fer la pe\u00e7a de filet sencera, per\u00f2 tamb\u00e9 pot filetearse abans de cuinar-la.<\/li>\n<li>Cal daurar la pe\u00e7a de filet en una paella amb poc oli i el foc fort.<\/li>\n<li>Una vegada que la pe\u00e7a s&#8217;ha daurat per totes bandes la salpebrem i la introdu\u00efm al forn a 85\u00ba C durant dues hores.<\/li>\n<li>Perqu\u00e8 la carn quedi millor \u00e9s recomanable donar-li la volta al filet a la meitat de cocci\u00f3. Passades les dues hores es treu la pe\u00e7a del forn i es deixa reposar de 15 a 20 minuts.<\/li>\n<li>Despr\u00e9s d&#8217;aquest temps tornem a introduir el filet al forn amb la pot\u00e8ncia al m\u00e0xim i es deixa uns minuts fins que la carn est\u00e0 en el punt desitjat.<\/li>\n<\/ul>\n<p><strong>El filet de vedella al forn pot acompanyar-se d&#8217;unes patates rostides, una amanida o salsa al gust.<\/strong><\/p>\n<p>[\/et_pb_text][\/et_pb_column][\/et_pb_row][\/et_pb_section][et_pb_section bb_built=&#8221;1&#8243; admin_label=&#8221;Section&#8221; transparent_background=&#8221;on&#8221; custom_padding=&#8221;0px|||&#8221; padding_mobile=&#8221;on&#8221; _builder_version=&#8221;3.0.51&#8243;][et_pb_row admin_label=&#8221;Fila&#8221; custom_padding=&#8221;0px|0px|55px|0px&#8221; background_position_1=&#8221;top_left&#8221; background_position_2=&#8221;top_left&#8221; background_repeat_1=&#8221;no-repeat&#8221; background_repeat_2=&#8221;no-repeat&#8221; _builder_version=&#8221;3.0.51&#8243; background_size=&#8221;initial&#8221; background_position=&#8221;top_left&#8221; background_repeat=&#8221;repeat&#8221;][et_pb_column type=&#8221;4_4&#8243;][et_pb_text admin_label=&#8221;Valor nutricional &#8221; max_width=&#8221;800px&#8221; _builder_version=&#8221;3.0.51&#8243; text_font_size_last_edited=&#8221;on|desktop&#8221; text_text_color=&#8221;#363636&#8243; text_line_height=&#8221;1.5em&#8221; background_size=&#8221;initial&#8221; background_position=&#8221;top_left&#8221; background_repeat=&#8221;repeat&#8221; custom_margin=&#8221;30px||0px|&#8221; inline_fonts=&#8221;Comfortaa&#8221; background_layout=&#8221;light&#8221; text_orientation=&#8221;left&#8221; border_style=&#8221;solid&#8221;]<\/p>\n<h2><strong>Informaci\u00f3 nutricional per 100 grams \u00a0de filet de vedella del Giron\u00e8s\u00a0<\/strong><\/h2>\n<table style=\"height: 347px;\" width=\"446\">\n<tbody>\n<tr>\n<td colspan=\"2\" width=\"173\">Calories<\/td>\n<td colspan=\"2\" width=\"166\">103 kcal.<\/td>\n<\/tr>\n<tr>\n<td colspan=\"2\" width=\"173\">Greix<\/td>\n<td colspan=\"2\" width=\"166\">2,50 g.<\/td>\n<\/tr>\n<tr>\n<td colspan=\"2\" width=\"173\">Colesterol<\/td>\n<td colspan=\"2\" width=\"166\">67 mg.<\/td>\n<\/tr>\n<tr>\n<td colspan=\"2\" width=\"173\">Sodi<\/td>\n<td colspan=\"2\" width=\"166\">55 mg.<\/td>\n<\/tr>\n<tr>\n<td colspan=\"2\" width=\"173\">Carbohidrats<\/td>\n<td colspan=\"2\" width=\"166\">0,00 g.<\/td>\n<\/tr>\n<tr>\n<td colspan=\"2\" width=\"173\">Fibra<\/td>\n<td colspan=\"2\" width=\"166\">0 g.<\/td>\n<\/tr>\n<tr>\n<td colspan=\"2\" width=\"173\">Sucres<\/td>\n<td colspan=\"2\" width=\"166\">0 g.<\/td>\n<\/tr>\n<tr>\n<td colspan=\"2\" width=\"173\">Prote\u00efnes<\/td>\n<td colspan=\"2\" width=\"166\">20,18 g.<\/td>\n<\/tr>\n<tr>\n<td width=\"96\">Calci<\/td>\n<td width=\"77\">9,20 mg.<\/td>\n<td width=\"86\">Vitamina B12<\/td>\n<td width=\"80\">2 ug.<\/td>\n<\/tr>\n<tr>\n<td width=\"96\">Ferro<\/td>\n<td width=\"77\">2,60 mg.<\/td>\n<td width=\"86\">Vitamina B3<\/td>\n<td>10,55 mg.<\/td>\n<\/tr>\n<\/tbody>\n<\/table>\n<p>[\/et_pb_text][et_pb_text admin_label=&#8221;Comentarios a la receta&#8221; text_orientation=&#8221;justified&#8221; max_width=&#8221;1400px&#8221; _builder_version=&#8221;3.0.51&#8243; text_font_size_last_edited=&#8221;on|desktop&#8221; text_text_color=&#8221;#363636&#8243; text_line_height=&#8221;1.5em&#8221; background_size=&#8221;initial&#8221; background_position=&#8221;top_left&#8221; background_repeat=&#8221;repeat&#8221; custom_margin=&#8221;30px||0px|&#8221; inline_fonts=&#8221;Comfortaa&#8221; background_layout=&#8221;light&#8221; border_style=&#8221;solid&#8221;]<\/p>\n<div class=\"ERSNotesDiv\">\n<p>&nbsp;<\/p>\n<h2><strong>Una recepta f\u00e0cil per a les celebracions especials<\/strong><\/h2>\n<p>En una altra recepta ja vam comentar els beneficis del consum del filet de porc ib\u00e8ric. Ara us recomanem la recepta de porc ib\u00e8ric amb salsa de Pedro Xim\u00e9nez ja que \u00e9s una recepta molt senzilla de fer i m\u00e9s de deliciosa. Ideal per preparar per Nadal a causa del poc temps de preparaci\u00f3 que necessita o per a un dia que tinguis visita a casa, ja que pots preparar-la amb antelaci\u00f3.<\/p>\n<\/div>\n<p>[\/et_pb_text][\/et_pb_column][\/et_pb_row][\/et_pb_section]<\/p>\n","protected":false},"excerpt":{"rendered":"<p>\u00a0 Filet de vedella &#8220;del Giron\u00e8s&#8221; al forn Autor:\u00a0DISTECO Tipus de plat:\u00a0SEGON PLAT Tipus de cuina:\u00a0SANA Temps de preparaci\u00f3:\u00a02\u00a0hores + 30 minuts. Dificultat:\u00a0MITJA Filet de vedella &#8220;del Giron\u00e8s&#8221; al forn Ingredients La recepta de filet de vedella al forn requereix per a la seva elaboraci\u00f3 els seg\u00fcents ingredients: Un filet de vedella. Pebre. Sal. Oli. [&hellip;]<\/p>\n","protected":false},"author":1,"featured_media":205770,"parent":0,"menu_order":0,"comment_status":"closed","ping_status":"closed","template":"","meta":{"_et_pb_use_builder":"on","_et_pb_old_content":"","_et_gb_content_width":"","footnotes":""},"class_list":["post-206898","page","type-page","status-publish","has-post-thumbnail","hentry"],"yoast_head":"<!-- This site is optimized with the Yoast SEO plugin v26.9 - https:\/\/yoast.com\/product\/yoast-seo-wordpress\/ -->\n<title>Filet de vedella &quot;del Giron\u00e8s&quot; al forn<\/title>\n<meta name=\"description\" content=\"Beneficis del consum del filet de vedella del &quot;Giron\u00e8s&quot;, \u00e9s una carn molt apreciada pel seu sabor, la seva qualitat i la seva textura. Es tracta d&#039;una carn magra\" \/>\n<meta name=\"robots\" content=\"index, follow, max-snippet:-1, max-image-preview:large, max-video-preview:-1\" \/>\n<link rel=\"canonical\" href=\"https:\/\/disteco.com\/ca\/filet-de-vedella-del-girones-al-forn\/\" \/>\n<meta property=\"og:locale\" content=\"ca_ES\" \/>\n<meta property=\"og:type\" content=\"article\" \/>\n<meta property=\"og:title\" content=\"Filet de vedella &quot;del Giron\u00e8s&quot; al forn\" \/>\n<meta property=\"og:description\" content=\"Beneficis del consum del filet de vedella del &quot;Giron\u00e8s&quot;, \u00e9s una carn molt apreciada pel seu sabor, la seva qualitat i la seva textura. Es tracta d&#039;una carn magra\" \/>\n<meta property=\"og:url\" content=\"https:\/\/disteco.com\/ca\/filet-de-vedella-del-girones-al-forn\/\" \/>\n<meta property=\"og:site_name\" content=\"GRUP ALIMENTARI DISTECO\" \/>\n<meta property=\"article:publisher\" content=\"https:\/\/www.facebook.com\/grupalimentaridisteco\/\" \/>\n<meta property=\"article:modified_time\" content=\"2017-09-18T10:21:17+00:00\" \/>\n<meta property=\"og:image\" content=\"https:\/\/disteco.com\/wp-content\/uploads\/2017\/08\/Solomillo-de-ternera-\u201cdel-Giron\u00e9s\u201d-al-horno.jpg\" \/>\n\t<meta property=\"og:image:width\" content=\"1024\" \/>\n\t<meta property=\"og:image:height\" content=\"683\" \/>\n\t<meta property=\"og:image:type\" content=\"image\/jpeg\" \/>\n<meta name=\"twitter:card\" content=\"summary_large_image\" \/>\n<meta name=\"twitter:site\" content=\"@DistecoGrup\" \/>\n<meta name=\"twitter:label1\" content=\"Temps estimat de lectura\" \/>\n\t<meta name=\"twitter:data1\" content=\"6 minut\" \/>\n<script type=\"application\/ld+json\" class=\"yoast-schema-graph\">{\"@context\":\"https:\/\/schema.org\",\"@graph\":[{\"@type\":\"WebPage\",\"@id\":\"https:\/\/disteco.com\/ca\/filet-de-vedella-del-girones-al-forn\/\",\"url\":\"https:\/\/disteco.com\/ca\/filet-de-vedella-del-girones-al-forn\/\",\"name\":\"Filet de vedella \\\"del Giron\u00e8s\\\" al forn\",\"isPartOf\":{\"@id\":\"https:\/\/disteco.com\/ca\/#website\"},\"primaryImageOfPage\":{\"@id\":\"https:\/\/disteco.com\/ca\/filet-de-vedella-del-girones-al-forn\/#primaryimage\"},\"image\":{\"@id\":\"https:\/\/disteco.com\/ca\/filet-de-vedella-del-girones-al-forn\/#primaryimage\"},\"thumbnailUrl\":\"https:\/\/disteco.com\/wp-content\/uploads\/2017\/08\/Solomillo-de-ternera-\u201cdel-Giron\u00e9s\u201d-al-horno.jpg\",\"datePublished\":\"2017-08-25T15:43:37+00:00\",\"dateModified\":\"2017-09-18T10:21:17+00:00\",\"description\":\"Beneficis del consum del filet de vedella del \\\"Giron\u00e8s\\\", \u00e9s una carn molt apreciada pel seu sabor, la seva qualitat i la seva textura. Es tracta d'una carn magra\",\"breadcrumb\":{\"@id\":\"https:\/\/disteco.com\/ca\/filet-de-vedella-del-girones-al-forn\/#breadcrumb\"},\"inLanguage\":\"ca\",\"potentialAction\":[{\"@type\":\"ReadAction\",\"target\":[\"https:\/\/disteco.com\/ca\/filet-de-vedella-del-girones-al-forn\/\"]}]},{\"@type\":\"ImageObject\",\"inLanguage\":\"ca\",\"@id\":\"https:\/\/disteco.com\/ca\/filet-de-vedella-del-girones-al-forn\/#primaryimage\",\"url\":\"https:\/\/disteco.com\/wp-content\/uploads\/2017\/08\/Solomillo-de-ternera-\u201cdel-Giron\u00e9s\u201d-al-horno.jpg\",\"contentUrl\":\"https:\/\/disteco.com\/wp-content\/uploads\/2017\/08\/Solomillo-de-ternera-\u201cdel-Giron\u00e9s\u201d-al-horno.jpg\",\"width\":1024,\"height\":683},{\"@type\":\"BreadcrumbList\",\"@id\":\"https:\/\/disteco.com\/ca\/filet-de-vedella-del-girones-al-forn\/#breadcrumb\",\"itemListElement\":[{\"@type\":\"ListItem\",\"position\":1,\"name\":\"Portada\",\"item\":\"https:\/\/disteco.com\/ca\/\"},{\"@type\":\"ListItem\",\"position\":2,\"name\":\"Filet de vedella &#8220;del Giron\u00e8s&#8221; al forn\"}]},{\"@type\":\"WebSite\",\"@id\":\"https:\/\/disteco.com\/ca\/#website\",\"url\":\"https:\/\/disteco.com\/ca\/\",\"name\":\"GRUP ALIMENTARI DISTECO\",\"description\":\"Distribuci\u00f3 aliment\u00e0ria de productes d'alta qualitat\",\"publisher\":{\"@id\":\"https:\/\/disteco.com\/ca\/#organization\"},\"potentialAction\":[{\"@type\":\"SearchAction\",\"target\":{\"@type\":\"EntryPoint\",\"urlTemplate\":\"https:\/\/disteco.com\/ca\/?s={search_term_string}\"},\"query-input\":{\"@type\":\"PropertyValueSpecification\",\"valueRequired\":true,\"valueName\":\"search_term_string\"}}],\"inLanguage\":\"ca\"},{\"@type\":\"Organization\",\"@id\":\"https:\/\/disteco.com\/ca\/#organization\",\"name\":\"GRUP ALIMENTARI DISTECO\",\"url\":\"https:\/\/disteco.com\/ca\/\",\"logo\":{\"@type\":\"ImageObject\",\"inLanguage\":\"ca\",\"@id\":\"https:\/\/disteco.com\/ca\/#\/schema\/logo\/image\/\",\"url\":\"https:\/\/disteco.com\/wp-content\/uploads\/2017\/03\/logo-grup-alimentari-disteco.png\",\"contentUrl\":\"https:\/\/disteco.com\/wp-content\/uploads\/2017\/03\/logo-grup-alimentari-disteco.png\",\"width\":600,\"height\":61,\"caption\":\"GRUP ALIMENTARI DISTECO\"},\"image\":{\"@id\":\"https:\/\/disteco.com\/ca\/#\/schema\/logo\/image\/\"},\"sameAs\":[\"https:\/\/www.facebook.com\/grupalimentaridisteco\/\",\"https:\/\/x.com\/DistecoGrup\",\"https:\/\/www.instagram.com\/gadisteco\/\",\"https:\/\/www.linkedin.com\/company\/grup-alimentari-disteco\/\",\"https:\/\/www.youtube.com\/@grupalimentaridisteco572\"]}]}<\/script>\n<!-- \/ Yoast SEO plugin. -->","yoast_head_json":{"title":"Filet de vedella \"del Giron\u00e8s\" al forn","description":"Beneficis del consum del filet de vedella del \"Giron\u00e8s\", \u00e9s una carn molt apreciada pel seu sabor, la seva qualitat i la seva textura. Es tracta d'una carn magra","robots":{"index":"index","follow":"follow","max-snippet":"max-snippet:-1","max-image-preview":"max-image-preview:large","max-video-preview":"max-video-preview:-1"},"canonical":"https:\/\/disteco.com\/ca\/filet-de-vedella-del-girones-al-forn\/","og_locale":"ca_ES","og_type":"article","og_title":"Filet de vedella \"del Giron\u00e8s\" al forn","og_description":"Beneficis del consum del filet de vedella del \"Giron\u00e8s\", \u00e9s una carn molt apreciada pel seu sabor, la seva qualitat i la seva textura. Es tracta d'una carn magra","og_url":"https:\/\/disteco.com\/ca\/filet-de-vedella-del-girones-al-forn\/","og_site_name":"GRUP ALIMENTARI DISTECO","article_publisher":"https:\/\/www.facebook.com\/grupalimentaridisteco\/","article_modified_time":"2017-09-18T10:21:17+00:00","og_image":[{"width":1024,"height":683,"url":"https:\/\/disteco.com\/wp-content\/uploads\/2017\/08\/Solomillo-de-ternera-\u201cdel-Giron\u00e9s\u201d-al-horno.jpg","type":"image\/jpeg"}],"twitter_card":"summary_large_image","twitter_site":"@DistecoGrup","twitter_misc":{"Temps estimat de lectura":"6 minut"},"schema":{"@context":"https:\/\/schema.org","@graph":[{"@type":"WebPage","@id":"https:\/\/disteco.com\/ca\/filet-de-vedella-del-girones-al-forn\/","url":"https:\/\/disteco.com\/ca\/filet-de-vedella-del-girones-al-forn\/","name":"Filet de vedella \"del Giron\u00e8s\" al forn","isPartOf":{"@id":"https:\/\/disteco.com\/ca\/#website"},"primaryImageOfPage":{"@id":"https:\/\/disteco.com\/ca\/filet-de-vedella-del-girones-al-forn\/#primaryimage"},"image":{"@id":"https:\/\/disteco.com\/ca\/filet-de-vedella-del-girones-al-forn\/#primaryimage"},"thumbnailUrl":"https:\/\/disteco.com\/wp-content\/uploads\/2017\/08\/Solomillo-de-ternera-\u201cdel-Giron\u00e9s\u201d-al-horno.jpg","datePublished":"2017-08-25T15:43:37+00:00","dateModified":"2017-09-18T10:21:17+00:00","description":"Beneficis del consum del filet de vedella del \"Giron\u00e8s\", \u00e9s una carn molt apreciada pel seu sabor, la seva qualitat i la seva textura. Es tracta d'una carn magra","breadcrumb":{"@id":"https:\/\/disteco.com\/ca\/filet-de-vedella-del-girones-al-forn\/#breadcrumb"},"inLanguage":"ca","potentialAction":[{"@type":"ReadAction","target":["https:\/\/disteco.com\/ca\/filet-de-vedella-del-girones-al-forn\/"]}]},{"@type":"ImageObject","inLanguage":"ca","@id":"https:\/\/disteco.com\/ca\/filet-de-vedella-del-girones-al-forn\/#primaryimage","url":"https:\/\/disteco.com\/wp-content\/uploads\/2017\/08\/Solomillo-de-ternera-\u201cdel-Giron\u00e9s\u201d-al-horno.jpg","contentUrl":"https:\/\/disteco.com\/wp-content\/uploads\/2017\/08\/Solomillo-de-ternera-\u201cdel-Giron\u00e9s\u201d-al-horno.jpg","width":1024,"height":683},{"@type":"BreadcrumbList","@id":"https:\/\/disteco.com\/ca\/filet-de-vedella-del-girones-al-forn\/#breadcrumb","itemListElement":[{"@type":"ListItem","position":1,"name":"Portada","item":"https:\/\/disteco.com\/ca\/"},{"@type":"ListItem","position":2,"name":"Filet de vedella &#8220;del Giron\u00e8s&#8221; al forn"}]},{"@type":"WebSite","@id":"https:\/\/disteco.com\/ca\/#website","url":"https:\/\/disteco.com\/ca\/","name":"GRUP ALIMENTARI DISTECO","description":"Distribuci\u00f3 aliment\u00e0ria de productes d'alta qualitat","publisher":{"@id":"https:\/\/disteco.com\/ca\/#organization"},"potentialAction":[{"@type":"SearchAction","target":{"@type":"EntryPoint","urlTemplate":"https:\/\/disteco.com\/ca\/?s={search_term_string}"},"query-input":{"@type":"PropertyValueSpecification","valueRequired":true,"valueName":"search_term_string"}}],"inLanguage":"ca"},{"@type":"Organization","@id":"https:\/\/disteco.com\/ca\/#organization","name":"GRUP ALIMENTARI DISTECO","url":"https:\/\/disteco.com\/ca\/","logo":{"@type":"ImageObject","inLanguage":"ca","@id":"https:\/\/disteco.com\/ca\/#\/schema\/logo\/image\/","url":"https:\/\/disteco.com\/wp-content\/uploads\/2017\/03\/logo-grup-alimentari-disteco.png","contentUrl":"https:\/\/disteco.com\/wp-content\/uploads\/2017\/03\/logo-grup-alimentari-disteco.png","width":600,"height":61,"caption":"GRUP ALIMENTARI DISTECO"},"image":{"@id":"https:\/\/disteco.com\/ca\/#\/schema\/logo\/image\/"},"sameAs":["https:\/\/www.facebook.com\/grupalimentaridisteco\/","https:\/\/x.com\/DistecoGrup","https:\/\/www.instagram.com\/gadisteco\/","https:\/\/www.linkedin.com\/company\/grup-alimentari-disteco\/","https:\/\/www.youtube.com\/@grupalimentaridisteco572"]}]}},"_links":{"self":[{"href":"https:\/\/disteco.com\/ca\/wp-json\/wp\/v2\/pages\/206898","targetHints":{"allow":["GET"]}}],"collection":[{"href":"https:\/\/disteco.com\/ca\/wp-json\/wp\/v2\/pages"}],"about":[{"href":"https:\/\/disteco.com\/ca\/wp-json\/wp\/v2\/types\/page"}],"author":[{"embeddable":true,"href":"https:\/\/disteco.com\/ca\/wp-json\/wp\/v2\/users\/1"}],"replies":[{"embeddable":true,"href":"https:\/\/disteco.com\/ca\/wp-json\/wp\/v2\/comments?post=206898"}],"version-history":[{"count":5,"href":"https:\/\/disteco.com\/ca\/wp-json\/wp\/v2\/pages\/206898\/revisions"}],"predecessor-version":[{"id":207237,"href":"https:\/\/disteco.com\/ca\/wp-json\/wp\/v2\/pages\/206898\/revisions\/207237"}],"wp:featuredmedia":[{"embeddable":true,"href":"https:\/\/disteco.com\/ca\/wp-json\/wp\/v2\/media\/205770"}],"wp:attachment":[{"href":"https:\/\/disteco.com\/ca\/wp-json\/wp\/v2\/media?parent=206898"}],"curies":[{"name":"wp","href":"https:\/\/api.w.org\/{rel}","templated":true}]}}