{"id":206873,"date":"2017-08-24T16:59:14","date_gmt":"2017-08-24T16:59:14","guid":{"rendered":"http:\/\/disteco.com\/receptes-de-cuina\/medallones-de-ternera-del-girones-con-calabacin\/"},"modified":"2017-09-08T03:37:12","modified_gmt":"2017-09-08T03:37:12","slug":"medallons-de-vedella-del-girones-amb-carbasso","status":"publish","type":"page","link":"https:\/\/disteco.com\/ca\/medallons-de-vedella-del-girones-amb-carbasso\/","title":{"rendered":"Medallons de vedella del &#8220;Giron\u00e8s&#8221; amb carbass\u00f3"},"content":{"rendered":"<p>[et_pb_section bb_built=&#8221;1&#8243; admin_label=&#8221;section&#8221; background_color=&#8221;rgba(255,255,255,0.02)&#8221; custom_padding=&#8221;||0px|&#8221; padding_mobile=&#8221;on&#8221; _builder_version=&#8221;3.0.51&#8243; background_image=&#8221;http:\/\/disteco.com\/wp-content\/uploads\/2017\/08\/medallones-de-ternera-con-calabac\u00edn-receta.jpg&#8221; parallax=&#8221;on&#8221; parallax_method=&#8221;off&#8221;][et_pb_row admin_label=&#8221;row&#8221; custom_padding=&#8221;||0px|&#8221; padding_mobile=&#8221;on&#8221; column_padding_mobile=&#8221;on&#8221; parallax_method_1=&#8221;off&#8221; _builder_version=&#8221;3.0.51&#8243; background_size=&#8221;initial&#8221; background_position=&#8221;top_left&#8221; background_repeat=&#8221;repeat&#8221;][et_pb_column type=&#8221;4_4&#8243;][et_pb_divider admin_label=&#8221;Divider&#8221; height=&#8221;110&#8243; _builder_version=&#8221;3.0.51&#8243; \/][\/et_pb_column][\/et_pb_row][\/et_pb_section][et_pb_section bb_built=&#8221;1&#8243; admin_label=&#8221;Section&#8221; background_color=&#8221;#f7f7f4&#8243; custom_padding=&#8221;0px||0px|&#8221; _builder_version=&#8221;3.0.51&#8243;][et_pb_row admin_label=&#8221;row&#8221; use_custom_width=&#8221;on&#8221; custom_width_px=&#8221;620px&#8221; custom_padding=&#8221;0px||0px|&#8221; column_padding_mobile=&#8221;on&#8221; parallax_method_1=&#8221;off&#8221; parallax_method_2=&#8221;off&#8221; _builder_version=&#8221;3.0.51&#8243; background_size=&#8221;initial&#8221; background_position=&#8221;top_left&#8221; background_repeat=&#8221;repeat&#8221;][et_pb_column type=&#8221;4_4&#8243;][et_pb_image admin_label=&#8221;logo GAD&#8221; src=&#8221;http:\/\/disteco.com\/wp-content\/uploads\/2017\/03\/gad-grup-alimentari-disteco.png&#8221; animation=&#8221;off&#8221; sticky=&#8221;on&#8221; align=&#8221;center&#8221; _builder_version=&#8221;3.0.51&#8243; custom_margin=&#8221;-48px|||&#8221; \/][et_pb_text admin_label=&#8221;Familia de recetas&#8221; text_orientation=&#8221;center&#8221; _builder_version=&#8221;3.0.51&#8243; text_font=&#8221;PT Sans|on|||&#8221; text_text_color=&#8221;#bcbcbc&#8221; text_letter_spacing=&#8221;2px&#8221; background_size=&#8221;initial&#8221; background_position=&#8221;top_left&#8221; background_repeat=&#8221;repeat&#8221; custom_margin=&#8221;||0px|&#8221; custom_padding=&#8221;||0px|&#8221; inline_fonts=&#8221;Montserrat&#8221;]<\/p>\n<p class=\"\" style=\"text-align: center;\"><span style=\"font-family: Montserrat; font-weight: normal; font-size: large;\">\u00a0<\/span><\/p>\n<p>[\/et_pb_text][et_pb_text admin_label=&#8221;T\u00edtulo&#8221; text_orientation=&#8221;center&#8221; max_width=&#8221;660px&#8221; _builder_version=&#8221;3.0.51&#8243; text_font=&#8221;PT Sans||||&#8221; text_font_size=&#8221;72&#8243; text_font_size_tablet=&#8221;52&#8243; text_font_size_last_edited=&#8221;on|desktop&#8221; text_text_color=&#8221;#1d1d1d&#8221; text_line_height=&#8221;1.1em&#8221; background_size=&#8221;initial&#8221; background_position=&#8221;top_left&#8221; background_repeat=&#8221;repeat&#8221; custom_margin=&#8221;18px||80px|&#8221; background_layout=&#8221;light&#8221; border_style=&#8221;solid&#8221;]<\/p>\n<h1 class=\"entry-title\"><span style=\"color: #000000;\"><strong>Medallons de vedella del &#8220;Giron\u00e8s&#8221; amb carbass\u00f3<\/strong><\/span><\/h1>\n<p>[\/et_pb_text][\/et_pb_column][\/et_pb_row][et_pb_row admin_label=&#8221;Fila&#8221; custom_padding=&#8221;0px|0px|0px|0px&#8221; background_position_1=&#8221;top_left&#8221; background_position_2=&#8221;top_left&#8221; background_repeat_1=&#8221;no-repeat&#8221; background_repeat_2=&#8221;no-repeat&#8221; _builder_version=&#8221;3.0.51&#8243; background_size=&#8221;initial&#8221; background_position=&#8221;top_left&#8221; background_repeat=&#8221;repeat&#8221;][et_pb_column type=&#8221;1_4&#8243;][et_pb_text admin_label=&#8221;Autor receta&#8221; _builder_version=&#8221;3.0.51&#8243; background_layout=&#8221;light&#8221; text_orientation=&#8221;left&#8221; border_style=&#8221;solid&#8221;]<\/p>\n<p><span style=\"color: #000000;\"><strong>Autor:<\/strong>\u00a0DISTECO<\/span><\/p>\n<p><strong style=\"font-size: 14px; color: #000000;\">Tipus de plat:<\/strong><span style=\"font-size: 14px; color: #000000;\">\u00a0SEGON PLAT<\/span><\/p>\n<p><span style=\"color: #000000;\"><strong>Tipus de cuina:<\/strong>\u00a0SANA<\/span><\/p>\n<p><span style=\"color: #000000;\"><strong>Temps de preparaci\u00f3:\u00a0<\/strong>1 hora<\/span><\/p>\n<p><span style=\"color: #000000;\"><strong>Dificultat:<\/strong>\u00a0F\u00c0CIL<\/span><\/p>\n<p>[\/et_pb_text][\/et_pb_column][et_pb_column type=&#8221;3_4&#8243;][et_pb_image admin_label=&#8221;Image&#8221; src=&#8221;http:\/\/disteco.com\/wp-content\/uploads\/2017\/08\/medallones-de-ternera-con-calabac\u00edn-receta.jpg&#8221; animation=&#8221;fade_in&#8221; sticky=&#8221;on&#8221; _builder_version=&#8221;3.0.51&#8243; \/][et_pb_text admin_label=&#8221;T\u00edtulo imagen&#8221; max_width=&#8221;400px&#8221; _builder_version=&#8221;3.0.51&#8243; text_font=&#8221;PT Serif||on||&#8221; text_font_size=&#8221;12&#8243; text_text_color=&#8221;#363636&#8243; text_line_height=&#8221;1.2em&#8221; background_size=&#8221;initial&#8221; background_position=&#8221;top_left&#8221; background_repeat=&#8221;repeat&#8221; custom_margin=&#8221;6px|||&#8221; inline_fonts=&#8221;Comfortaa&#8221; background_layout=&#8221;light&#8221; text_orientation=&#8221;left&#8221; border_style=&#8221;solid&#8221;] <span style=\"color: #e02b20; font-family: Comfortaa;\">Medallons de vedella del &#8220;Giron\u00e8s&#8221; amb carbass\u00f3<\/span> [\/et_pb_text][et_pb_divider admin_label=&#8221;Separador&#8221; color=&#8221;#aeaeac&#8221; show_divider=&#8221;on&#8221; divider_style=&#8221;solid&#8221; divider_position=&#8221;top&#8221; hide_on_mobile=&#8221;off&#8221; _builder_version=&#8221;3.0.51&#8243; custom_css_main_element=&#8221;width:130px;&#8221; \/][\/et_pb_column][\/et_pb_row][\/et_pb_section][et_pb_section bb_built=&#8221;1&#8243; admin_label=&#8221;Section&#8221; transparent_background=&#8221;on&#8221; custom_padding=&#8221;0px|||&#8221; padding_mobile=&#8221;on&#8221; _builder_version=&#8221;3.0.51&#8243;][et_pb_row admin_label=&#8221;Fila&#8221; custom_padding=&#8221;0px|0px|55px|0px&#8221; background_position_1=&#8221;top_left&#8221; background_position_2=&#8221;top_left&#8221; background_repeat_1=&#8221;no-repeat&#8221; background_repeat_2=&#8221;no-repeat&#8221; _builder_version=&#8221;3.0.51&#8243; background_size=&#8221;initial&#8221; background_position=&#8221;top_left&#8221; background_repeat=&#8221;repeat&#8221;][et_pb_column type=&#8221;4_4&#8243;][et_pb_text admin_label=&#8221;Ingredientes&#8221; max_width=&#8221;800px&#8221; _builder_version=&#8221;3.0.51&#8243; text_font_size_last_edited=&#8221;on|desktop&#8221; text_text_color=&#8221;#363636&#8243; text_line_height=&#8221;1.5em&#8221; background_size=&#8221;initial&#8221; background_position=&#8221;top_left&#8221; background_repeat=&#8221;repeat&#8221; custom_margin=&#8221;30px||0px|&#8221; inline_fonts=&#8221;Comfortaa&#8221; background_layout=&#8221;light&#8221; text_orientation=&#8221;left&#8221; border_style=&#8221;solid&#8221;]<\/p>\n<h1><strong>Ingredients<\/strong><\/h1>\n<p>La nostra proposta s\u00f3n els medallons de vedella amb carbass\u00f3. Per elaborar aquesta recepta per a quatre persones necessitarem:<\/p>\n<ul>\n<li>4 medallons de vedella.<\/li>\n<li>3 carbassons mitjans.<\/li>\n<li>2 alls.<\/li>\n<li>Caldo vegetal.<\/li>\n<li>50 cl. de nata per cuinar.<\/li>\n<li>80 gr. de formatge al gust, per\u00f2 que sigui f\u00e0cil de fondre.<\/li>\n<li>Alf\u00e0brega.<\/li>\n<li>Sal.<\/li>\n<li>Pebre negre.<\/li>\n<li>Oli d&#8217;oliva.<\/li>\n<\/ul>\n<p>[\/et_pb_text][et_pb_text admin_label=&#8221;Receta&#8221; max_width=&#8221;1400px&#8221; _builder_version=&#8221;3.0.51&#8243; text_font_size_last_edited=&#8221;on|desktop&#8221; text_text_color=&#8221;#363636&#8243; text_line_height=&#8221;1.5em&#8221; background_size=&#8221;initial&#8221; background_position=&#8221;top_left&#8221; background_repeat=&#8221;repeat&#8221; custom_margin=&#8221;30px||0px|&#8221; inline_fonts=&#8221;Comfortaa&#8221; background_layout=&#8221;light&#8221; text_orientation=&#8221;left&#8221; border_style=&#8221;solid&#8221;]<\/p>\n<h1 class=\"ERSInstructionsHeader ERSHeading\"><strong>Recepta de medallons de vedella del &#8220;Giron\u00e8s&#8221; amb carbass\u00f3<\/strong><\/h1>\n<ul>\n<li>A l&#8217;hora d&#8217;elaborar aquesta recepta el m\u00e9s recomanable \u00e9s fer primer la salsa. Aix\u00ed a \u00faltima hora l&#8217;\u00fanic que cal fer \u00e9s fregir la carn.<\/li>\n<li>Per elaborar la salsa es netegen i pelen els carbassons i els alls i es tallen a quadres.<\/li>\n<li>Podem guardar unes rodanxes petites de carbass\u00f3 per decorar el plat.<\/li>\n<li>Els carbassons i els alls picats es sofregeixen en una paella i s&#8217;afegeixen un parell de cullerades de brou vegetal.<\/li>\n<li>Es deixa tot bullir durant 10 minuts.<\/li>\n<li>Passat el temps es passa la barreja per la batedora i es torna a posar a la paella.<\/li>\n<li>S&#8217;afegeix el formatge tallat a dauets, la sal, el pebre i una mica d&#8217;alf\u00e0brega.<\/li>\n<li>A continuaci\u00f3 s&#8217;afegeix la nata i es deixa que el formatge es fongui i es barregin b\u00e9 tots els ingredients.<\/li>\n<li>Ja est\u00e0 a punt la salsa.<\/li>\n<li>A l&#8217;fregir la vedella no cal oblidar-se de treure-la de la nevera una hora abans de cuinar-la.<\/li>\n<li>Es salpebra i es fregeix a la planxa al punt desitjat.<\/li>\n<li>Es emplata la vedella i es decora amb una mica de la salsa de carbass\u00f3, uns trossos de carbass\u00f3 que pr\u00e8viament h\u00e0gim reservat i una mica d&#8217;alf\u00e0brega.<\/li>\n<li>La resta de la salsa es porta a la taula en una salsera.<\/li>\n<\/ul>\n<p>[\/et_pb_text][\/et_pb_column][\/et_pb_row][\/et_pb_section][et_pb_section bb_built=&#8221;1&#8243; admin_label=&#8221;Section&#8221; transparent_background=&#8221;on&#8221; custom_padding=&#8221;0px|||&#8221; padding_mobile=&#8221;on&#8221; _builder_version=&#8221;3.0.51&#8243;][et_pb_row admin_label=&#8221;Fila&#8221; custom_padding=&#8221;0px|0px|55px|0px&#8221; background_position_1=&#8221;top_left&#8221; background_position_2=&#8221;top_left&#8221; background_repeat_1=&#8221;no-repeat&#8221; background_repeat_2=&#8221;no-repeat&#8221; _builder_version=&#8221;3.0.51&#8243; background_size=&#8221;initial&#8221; background_position=&#8221;top_left&#8221; background_repeat=&#8221;repeat&#8221;][et_pb_column type=&#8221;4_4&#8243;][et_pb_text admin_label=&#8221;Valor nutricional &#8221; max_width=&#8221;800px&#8221; _builder_version=&#8221;3.0.51&#8243; text_font_size_last_edited=&#8221;on|desktop&#8221; text_text_color=&#8221;#363636&#8243; text_line_height=&#8221;1.5em&#8221; background_size=&#8221;initial&#8221; background_position=&#8221;top_left&#8221; background_repeat=&#8221;repeat&#8221; custom_margin=&#8221;30px||0px|&#8221; inline_fonts=&#8221;Comfortaa&#8221; background_layout=&#8221;light&#8221; text_orientation=&#8221;left&#8221; border_style=&#8221;solid&#8221;]<\/p>\n<h2><strong>Informaci\u00f3 nutricional del rod\u00f3 de vedella del Giron\u00e8s per 100 grams<\/strong><\/h2>\n<table style=\"height: 335px;\" width=\"413\">\n<tbody>\n<tr>\n<td colspan=\"2\" width=\"160\"><strong>Calories<\/strong><\/td>\n<td colspan=\"2\" width=\"171\">132 kcal<\/td>\n<\/tr>\n<tr>\n<td colspan=\"2\"><strong>Greix<\/strong><\/td>\n<td colspan=\"2\">4,3 gr.<\/td>\n<\/tr>\n<tr>\n<td colspan=\"2\"><strong>Colesterol<\/strong><\/td>\n<td colspan=\"2\">103mg<\/td>\n<\/tr>\n<tr>\n<td colspan=\"2\"><strong>Carbohidrats<\/strong><\/td>\n<td colspan=\"2\">0,0 g.<\/td>\n<\/tr>\n<tr>\n<td colspan=\"2\"><strong>Fibra<\/strong><\/td>\n<td colspan=\"2\">0 g.<\/td>\n<\/tr>\n<tr>\n<td colspan=\"2\"><strong>Sucres<\/strong><\/td>\n<td colspan=\"2\">0 g.<\/td>\n<\/tr>\n<tr>\n<td colspan=\"2\"><strong>Proteines<\/strong><\/td>\n<td colspan=\"2\">27,7 g.<\/td>\n<\/tr>\n<tr>\n<td><strong>F\u00f2sfor<\/strong><\/td>\n<td>234 mg.<\/td>\n<td width=\"107\"><strong>Vit. B1<\/strong><\/td>\n<td width=\"64\">0.06mg<\/td>\n<\/tr>\n<tr>\n<td><strong>Potassi<\/strong><\/td>\n<td>389 mg.<\/td>\n<td width=\"107\"><strong>Vit. B2<\/strong><\/td>\n<td width=\"64\">0.32mg<\/td>\n<\/tr>\n<tr>\n<td><strong>Sodi<\/strong><\/td>\n<td>68 mg.<\/td>\n<td width=\"107\"><strong>Vit. B3<\/strong><\/td>\n<td width=\"64\">9.93mg<\/td>\n<\/tr>\n<tr>\n<td><strong>Calci<\/strong><\/td>\n<td>6 mg.<\/td>\n<td width=\"107\"><strong>Vit. B5<\/strong><\/td>\n<td width=\"64\">0.99mg<\/td>\n<\/tr>\n<tr>\n<td><strong>Ferro<\/strong><\/td>\n<td>0,91 mg.<\/td>\n<td width=\"107\"><strong>Vit. B7<\/strong><\/td>\n<td width=\"64\">108.2mg<\/td>\n<\/tr>\n<\/tbody>\n<\/table>\n<p>[\/et_pb_text][et_pb_text admin_label=&#8221;Comentarios a la receta&#8221; text_orientation=&#8221;justified&#8221; max_width=&#8221;1400px&#8221; _builder_version=&#8221;3.0.51&#8243; text_font_size_last_edited=&#8221;on|desktop&#8221; text_text_color=&#8221;#363636&#8243; text_line_height=&#8221;1.5em&#8221; background_size=&#8221;initial&#8221; background_position=&#8221;top_left&#8221; background_repeat=&#8221;repeat&#8221; custom_margin=&#8221;30px||0px|&#8221; inline_fonts=&#8221;Comfortaa&#8221; background_layout=&#8221;light&#8221; border_style=&#8221;solid&#8221;]<\/p>\n<h2><strong>Amb d&#8217;acompanyar els medallons de vedella del &#8220;Giron\u00e8s&#8221;\u00a0<\/strong><\/h2>\n<p>Quan fem vedella del &#8220;Giron\u00e8s&#8221; solem acompanyar la carn de patates, amanida, pebrots o alguna salsa com la salses rocafort o la salsa de pebre. No obstant aix\u00f2 \u00e9s possible donar-li la volta a un plat de vedella acompanyant-la d&#8217;una salsa diferent i deliciosa.<\/p>\n<p>[\/et_pb_text][\/et_pb_column][\/et_pb_row][\/et_pb_section]<\/p>\n","protected":false},"excerpt":{"rendered":"<p>\u00a0 Medallons de vedella del &#8220;Giron\u00e8s&#8221; amb carbass\u00f3 Autor:\u00a0DISTECO Tipus de plat:\u00a0SEGON PLAT Tipus de cuina:\u00a0SANA Temps de preparaci\u00f3:\u00a01 hora Dificultat:\u00a0F\u00c0CIL Medallons de vedella del &#8220;Giron\u00e8s&#8221; amb carbass\u00f3 Ingredients La nostra proposta s\u00f3n els medallons de vedella amb carbass\u00f3. Per elaborar aquesta recepta per a quatre persones necessitarem: 4 medallons de vedella. 3 carbassons mitjans. [&hellip;]<\/p>\n","protected":false},"author":1,"featured_media":205764,"parent":0,"menu_order":0,"comment_status":"closed","ping_status":"closed","template":"","meta":{"_et_pb_use_builder":"on","_et_pb_old_content":"","_et_gb_content_width":"","footnotes":""},"class_list":["post-206873","page","type-page","status-publish","has-post-thumbnail","hentry"],"yoast_head":"<!-- This site is optimized with the Yoast SEO plugin v26.9 - https:\/\/yoast.com\/product\/yoast-seo-wordpress\/ -->\n<title>Medallons de vedella del &quot;Giron\u00e8s&quot; amb carbass\u00f3<\/title>\n<meta name=\"description\" content=\"Amb d&#039;acompanyar els medallons de vedella del &quot;Giron\u00e8s&quot;, solem acompanyar la carn de patates, pebrots o alguna salsa. Provar amb verdures \u00e9s delici\u00f3s\" \/>\n<meta name=\"robots\" content=\"index, follow, max-snippet:-1, max-image-preview:large, max-video-preview:-1\" \/>\n<link rel=\"canonical\" href=\"https:\/\/disteco.com\/ca\/medallons-de-vedella-del-girones-amb-carbasso\/\" \/>\n<meta property=\"og:locale\" content=\"ca_ES\" \/>\n<meta property=\"og:type\" content=\"article\" \/>\n<meta property=\"og:title\" content=\"Medallons de vedella del &quot;Giron\u00e8s&quot; amb carbass\u00f3\" \/>\n<meta property=\"og:description\" content=\"Amb d&#039;acompanyar els medallons de vedella del &quot;Giron\u00e8s&quot;, solem acompanyar la carn de patates, pebrots o alguna salsa. Provar amb verdures \u00e9s delici\u00f3s\" \/>\n<meta property=\"og:url\" content=\"https:\/\/disteco.com\/ca\/medallons-de-vedella-del-girones-amb-carbasso\/\" \/>\n<meta property=\"og:site_name\" content=\"GRUP ALIMENTARI DISTECO\" \/>\n<meta property=\"article:publisher\" content=\"https:\/\/www.facebook.com\/grupalimentaridisteco\/\" \/>\n<meta property=\"article:modified_time\" content=\"2017-09-08T03:37:12+00:00\" \/>\n<meta property=\"og:image\" content=\"https:\/\/disteco.com\/wp-content\/uploads\/2017\/08\/medallones-de-ternera-con-calabac\u00edn-receta.jpg\" \/>\n\t<meta property=\"og:image:width\" content=\"1024\" \/>\n\t<meta property=\"og:image:height\" content=\"683\" \/>\n\t<meta property=\"og:image:type\" content=\"image\/jpeg\" \/>\n<meta name=\"twitter:card\" content=\"summary_large_image\" \/>\n<meta name=\"twitter:site\" content=\"@DistecoGrup\" \/>\n<meta name=\"twitter:label1\" content=\"Temps estimat de lectura\" \/>\n\t<meta name=\"twitter:data1\" content=\"6 minut\" \/>\n<script type=\"application\/ld+json\" class=\"yoast-schema-graph\">{\"@context\":\"https:\/\/schema.org\",\"@graph\":[{\"@type\":\"WebPage\",\"@id\":\"https:\/\/disteco.com\/ca\/medallons-de-vedella-del-girones-amb-carbasso\/\",\"url\":\"https:\/\/disteco.com\/ca\/medallons-de-vedella-del-girones-amb-carbasso\/\",\"name\":\"Medallons de vedella del \\\"Giron\u00e8s\\\" amb carbass\u00f3\",\"isPartOf\":{\"@id\":\"https:\/\/disteco.com\/ca\/#website\"},\"primaryImageOfPage\":{\"@id\":\"https:\/\/disteco.com\/ca\/medallons-de-vedella-del-girones-amb-carbasso\/#primaryimage\"},\"image\":{\"@id\":\"https:\/\/disteco.com\/ca\/medallons-de-vedella-del-girones-amb-carbasso\/#primaryimage\"},\"thumbnailUrl\":\"https:\/\/disteco.com\/wp-content\/uploads\/2017\/08\/medallones-de-ternera-con-calabac\u00edn-receta.jpg\",\"datePublished\":\"2017-08-24T16:59:14+00:00\",\"dateModified\":\"2017-09-08T03:37:12+00:00\",\"description\":\"Amb d'acompanyar els medallons de vedella del \\\"Giron\u00e8s\\\", solem acompanyar la carn de patates, pebrots o alguna salsa. Provar amb verdures \u00e9s delici\u00f3s\",\"breadcrumb\":{\"@id\":\"https:\/\/disteco.com\/ca\/medallons-de-vedella-del-girones-amb-carbasso\/#breadcrumb\"},\"inLanguage\":\"ca\",\"potentialAction\":[{\"@type\":\"ReadAction\",\"target\":[\"https:\/\/disteco.com\/ca\/medallons-de-vedella-del-girones-amb-carbasso\/\"]}]},{\"@type\":\"ImageObject\",\"inLanguage\":\"ca\",\"@id\":\"https:\/\/disteco.com\/ca\/medallons-de-vedella-del-girones-amb-carbasso\/#primaryimage\",\"url\":\"https:\/\/disteco.com\/wp-content\/uploads\/2017\/08\/medallones-de-ternera-con-calabac\u00edn-receta.jpg\",\"contentUrl\":\"https:\/\/disteco.com\/wp-content\/uploads\/2017\/08\/medallones-de-ternera-con-calabac\u00edn-receta.jpg\",\"width\":1024,\"height\":683},{\"@type\":\"BreadcrumbList\",\"@id\":\"https:\/\/disteco.com\/ca\/medallons-de-vedella-del-girones-amb-carbasso\/#breadcrumb\",\"itemListElement\":[{\"@type\":\"ListItem\",\"position\":1,\"name\":\"Portada\",\"item\":\"https:\/\/disteco.com\/ca\/\"},{\"@type\":\"ListItem\",\"position\":2,\"name\":\"Medallons de vedella del &#8220;Giron\u00e8s&#8221; amb carbass\u00f3\"}]},{\"@type\":\"WebSite\",\"@id\":\"https:\/\/disteco.com\/ca\/#website\",\"url\":\"https:\/\/disteco.com\/ca\/\",\"name\":\"GRUP ALIMENTARI DISTECO\",\"description\":\"Distribuci\u00f3 aliment\u00e0ria de productes d'alta qualitat\",\"publisher\":{\"@id\":\"https:\/\/disteco.com\/ca\/#organization\"},\"potentialAction\":[{\"@type\":\"SearchAction\",\"target\":{\"@type\":\"EntryPoint\",\"urlTemplate\":\"https:\/\/disteco.com\/ca\/?s={search_term_string}\"},\"query-input\":{\"@type\":\"PropertyValueSpecification\",\"valueRequired\":true,\"valueName\":\"search_term_string\"}}],\"inLanguage\":\"ca\"},{\"@type\":\"Organization\",\"@id\":\"https:\/\/disteco.com\/ca\/#organization\",\"name\":\"GRUP ALIMENTARI DISTECO\",\"url\":\"https:\/\/disteco.com\/ca\/\",\"logo\":{\"@type\":\"ImageObject\",\"inLanguage\":\"ca\",\"@id\":\"https:\/\/disteco.com\/ca\/#\/schema\/logo\/image\/\",\"url\":\"https:\/\/disteco.com\/wp-content\/uploads\/2017\/03\/logo-grup-alimentari-disteco.png\",\"contentUrl\":\"https:\/\/disteco.com\/wp-content\/uploads\/2017\/03\/logo-grup-alimentari-disteco.png\",\"width\":600,\"height\":61,\"caption\":\"GRUP ALIMENTARI DISTECO\"},\"image\":{\"@id\":\"https:\/\/disteco.com\/ca\/#\/schema\/logo\/image\/\"},\"sameAs\":[\"https:\/\/www.facebook.com\/grupalimentaridisteco\/\",\"https:\/\/x.com\/DistecoGrup\",\"https:\/\/www.instagram.com\/gadisteco\/\",\"https:\/\/www.linkedin.com\/company\/grup-alimentari-disteco\/\",\"https:\/\/www.youtube.com\/@grupalimentaridisteco572\"]}]}<\/script>\n<!-- \/ Yoast SEO plugin. -->","yoast_head_json":{"title":"Medallons de vedella del \"Giron\u00e8s\" amb carbass\u00f3","description":"Amb d'acompanyar els medallons de vedella del \"Giron\u00e8s\", solem acompanyar la carn de patates, pebrots o alguna salsa. Provar amb verdures \u00e9s delici\u00f3s","robots":{"index":"index","follow":"follow","max-snippet":"max-snippet:-1","max-image-preview":"max-image-preview:large","max-video-preview":"max-video-preview:-1"},"canonical":"https:\/\/disteco.com\/ca\/medallons-de-vedella-del-girones-amb-carbasso\/","og_locale":"ca_ES","og_type":"article","og_title":"Medallons de vedella del \"Giron\u00e8s\" amb carbass\u00f3","og_description":"Amb d'acompanyar els medallons de vedella del \"Giron\u00e8s\", solem acompanyar la carn de patates, pebrots o alguna salsa. Provar amb verdures \u00e9s delici\u00f3s","og_url":"https:\/\/disteco.com\/ca\/medallons-de-vedella-del-girones-amb-carbasso\/","og_site_name":"GRUP ALIMENTARI DISTECO","article_publisher":"https:\/\/www.facebook.com\/grupalimentaridisteco\/","article_modified_time":"2017-09-08T03:37:12+00:00","og_image":[{"width":1024,"height":683,"url":"https:\/\/disteco.com\/wp-content\/uploads\/2017\/08\/medallones-de-ternera-con-calabac\u00edn-receta.jpg","type":"image\/jpeg"}],"twitter_card":"summary_large_image","twitter_site":"@DistecoGrup","twitter_misc":{"Temps estimat de lectura":"6 minut"},"schema":{"@context":"https:\/\/schema.org","@graph":[{"@type":"WebPage","@id":"https:\/\/disteco.com\/ca\/medallons-de-vedella-del-girones-amb-carbasso\/","url":"https:\/\/disteco.com\/ca\/medallons-de-vedella-del-girones-amb-carbasso\/","name":"Medallons de vedella del \"Giron\u00e8s\" amb carbass\u00f3","isPartOf":{"@id":"https:\/\/disteco.com\/ca\/#website"},"primaryImageOfPage":{"@id":"https:\/\/disteco.com\/ca\/medallons-de-vedella-del-girones-amb-carbasso\/#primaryimage"},"image":{"@id":"https:\/\/disteco.com\/ca\/medallons-de-vedella-del-girones-amb-carbasso\/#primaryimage"},"thumbnailUrl":"https:\/\/disteco.com\/wp-content\/uploads\/2017\/08\/medallones-de-ternera-con-calabac\u00edn-receta.jpg","datePublished":"2017-08-24T16:59:14+00:00","dateModified":"2017-09-08T03:37:12+00:00","description":"Amb d'acompanyar els medallons de vedella del \"Giron\u00e8s\", solem acompanyar la carn de patates, pebrots o alguna salsa. Provar amb verdures \u00e9s delici\u00f3s","breadcrumb":{"@id":"https:\/\/disteco.com\/ca\/medallons-de-vedella-del-girones-amb-carbasso\/#breadcrumb"},"inLanguage":"ca","potentialAction":[{"@type":"ReadAction","target":["https:\/\/disteco.com\/ca\/medallons-de-vedella-del-girones-amb-carbasso\/"]}]},{"@type":"ImageObject","inLanguage":"ca","@id":"https:\/\/disteco.com\/ca\/medallons-de-vedella-del-girones-amb-carbasso\/#primaryimage","url":"https:\/\/disteco.com\/wp-content\/uploads\/2017\/08\/medallones-de-ternera-con-calabac\u00edn-receta.jpg","contentUrl":"https:\/\/disteco.com\/wp-content\/uploads\/2017\/08\/medallones-de-ternera-con-calabac\u00edn-receta.jpg","width":1024,"height":683},{"@type":"BreadcrumbList","@id":"https:\/\/disteco.com\/ca\/medallons-de-vedella-del-girones-amb-carbasso\/#breadcrumb","itemListElement":[{"@type":"ListItem","position":1,"name":"Portada","item":"https:\/\/disteco.com\/ca\/"},{"@type":"ListItem","position":2,"name":"Medallons de vedella del &#8220;Giron\u00e8s&#8221; amb carbass\u00f3"}]},{"@type":"WebSite","@id":"https:\/\/disteco.com\/ca\/#website","url":"https:\/\/disteco.com\/ca\/","name":"GRUP ALIMENTARI DISTECO","description":"Distribuci\u00f3 aliment\u00e0ria de productes d'alta qualitat","publisher":{"@id":"https:\/\/disteco.com\/ca\/#organization"},"potentialAction":[{"@type":"SearchAction","target":{"@type":"EntryPoint","urlTemplate":"https:\/\/disteco.com\/ca\/?s={search_term_string}"},"query-input":{"@type":"PropertyValueSpecification","valueRequired":true,"valueName":"search_term_string"}}],"inLanguage":"ca"},{"@type":"Organization","@id":"https:\/\/disteco.com\/ca\/#organization","name":"GRUP ALIMENTARI DISTECO","url":"https:\/\/disteco.com\/ca\/","logo":{"@type":"ImageObject","inLanguage":"ca","@id":"https:\/\/disteco.com\/ca\/#\/schema\/logo\/image\/","url":"https:\/\/disteco.com\/wp-content\/uploads\/2017\/03\/logo-grup-alimentari-disteco.png","contentUrl":"https:\/\/disteco.com\/wp-content\/uploads\/2017\/03\/logo-grup-alimentari-disteco.png","width":600,"height":61,"caption":"GRUP ALIMENTARI DISTECO"},"image":{"@id":"https:\/\/disteco.com\/ca\/#\/schema\/logo\/image\/"},"sameAs":["https:\/\/www.facebook.com\/grupalimentaridisteco\/","https:\/\/x.com\/DistecoGrup","https:\/\/www.instagram.com\/gadisteco\/","https:\/\/www.linkedin.com\/company\/grup-alimentari-disteco\/","https:\/\/www.youtube.com\/@grupalimentaridisteco572"]}]}},"_links":{"self":[{"href":"https:\/\/disteco.com\/ca\/wp-json\/wp\/v2\/pages\/206873","targetHints":{"allow":["GET"]}}],"collection":[{"href":"https:\/\/disteco.com\/ca\/wp-json\/wp\/v2\/pages"}],"about":[{"href":"https:\/\/disteco.com\/ca\/wp-json\/wp\/v2\/types\/page"}],"author":[{"embeddable":true,"href":"https:\/\/disteco.com\/ca\/wp-json\/wp\/v2\/users\/1"}],"replies":[{"embeddable":true,"href":"https:\/\/disteco.com\/ca\/wp-json\/wp\/v2\/comments?post=206873"}],"version-history":[{"count":8,"href":"https:\/\/disteco.com\/ca\/wp-json\/wp\/v2\/pages\/206873\/revisions"}],"predecessor-version":[{"id":206887,"href":"https:\/\/disteco.com\/ca\/wp-json\/wp\/v2\/pages\/206873\/revisions\/206887"}],"wp:featuredmedia":[{"embeddable":true,"href":"https:\/\/disteco.com\/ca\/wp-json\/wp\/v2\/media\/205764"}],"wp:attachment":[{"href":"https:\/\/disteco.com\/ca\/wp-json\/wp\/v2\/media?parent=206873"}],"curies":[{"name":"wp","href":"https:\/\/api.w.org\/{rel}","templated":true}]}}