{"id":206846,"date":"2017-08-25T18:07:14","date_gmt":"2017-08-25T18:07:14","guid":{"rendered":"http:\/\/disteco.com\/tarta-de-queso\/"},"modified":"2017-09-07T18:48:48","modified_gmt":"2017-09-07T18:48:48","slug":"pastis-de-formatge","status":"publish","type":"page","link":"https:\/\/disteco.com\/ca\/pastis-de-formatge\/","title":{"rendered":"Past\u00eds de formatge"},"content":{"rendered":"<p>[et_pb_section bb_built=&#8221;1&#8243; admin_label=&#8221;section&#8221; background_color=&#8221;rgba(255,255,255,0.02)&#8221; custom_padding=&#8221;||0px|&#8221; padding_mobile=&#8221;on&#8221; _builder_version=&#8221;3.0.51&#8243; background_image=&#8221;http:\/\/disteco.com\/wp-content\/uploads\/2017\/08\/tarta-de-queso.jpg&#8221; parallax=&#8221;on&#8221; parallax_method=&#8221;off&#8221;][et_pb_row admin_label=&#8221;row&#8221; custom_padding=&#8221;||0px|&#8221; padding_mobile=&#8221;on&#8221; column_padding_mobile=&#8221;on&#8221; parallax_method_1=&#8221;off&#8221; _builder_version=&#8221;3.0.51&#8243; background_size=&#8221;initial&#8221; background_position=&#8221;top_left&#8221; background_repeat=&#8221;repeat&#8221;][et_pb_column type=&#8221;4_4&#8243;][et_pb_divider admin_label=&#8221;Divider&#8221; height=&#8221;110&#8243; _builder_version=&#8221;3.0.51&#8243; \/][\/et_pb_column][\/et_pb_row][\/et_pb_section][et_pb_section bb_built=&#8221;1&#8243; admin_label=&#8221;Section&#8221; background_color=&#8221;#f7f7f4&#8243; custom_padding=&#8221;0px||0px|&#8221; _builder_version=&#8221;3.0.51&#8243;][et_pb_row admin_label=&#8221;row&#8221; use_custom_width=&#8221;on&#8221; custom_width_px=&#8221;620px&#8221; custom_padding=&#8221;0px||0px|&#8221; column_padding_mobile=&#8221;on&#8221; parallax_method_1=&#8221;off&#8221; parallax_method_2=&#8221;off&#8221; _builder_version=&#8221;3.0.51&#8243; background_size=&#8221;initial&#8221; background_position=&#8221;top_left&#8221; background_repeat=&#8221;repeat&#8221;][et_pb_column type=&#8221;4_4&#8243;][et_pb_image admin_label=&#8221;logo GAD&#8221; src=&#8221;http:\/\/disteco.com\/wp-content\/uploads\/2017\/03\/gad-grup-alimentari-disteco.png&#8221; animation=&#8221;off&#8221; sticky=&#8221;on&#8221; align=&#8221;center&#8221; _builder_version=&#8221;3.0.51&#8243; custom_margin=&#8221;-48px|||&#8221; \/][et_pb_text admin_label=&#8221;Familia de recetas&#8221; text_orientation=&#8221;center&#8221; _builder_version=&#8221;3.0.51&#8243; text_font=&#8221;PT Sans|on|||&#8221; text_text_color=&#8221;#bcbcbc&#8221; text_letter_spacing=&#8221;2px&#8221; background_size=&#8221;initial&#8221; background_position=&#8221;top_left&#8221; background_repeat=&#8221;repeat&#8221; custom_margin=&#8221;||0px|&#8221; custom_padding=&#8221;||0px|&#8221; inline_fonts=&#8221;Montserrat&#8221;]<\/p>\n<p class=\"\" style=\"text-align: center;\"><span style=\"font-family: Montserrat; font-weight: normal; font-size: large;\">\u00a0<\/span><\/p>\n<p>[\/et_pb_text][et_pb_text admin_label=&#8221;T\u00edtulo&#8221; text_orientation=&#8221;center&#8221; max_width=&#8221;660px&#8221; _builder_version=&#8221;3.0.51&#8243; text_font=&#8221;PT Sans||||&#8221; text_font_size=&#8221;72&#8243; text_font_size_tablet=&#8221;52&#8243; text_font_size_last_edited=&#8221;on|desktop&#8221; text_text_color=&#8221;#1d1d1d&#8221; text_line_height=&#8221;1.1em&#8221; background_size=&#8221;initial&#8221; background_position=&#8221;top_left&#8221; background_repeat=&#8221;repeat&#8221; custom_margin=&#8221;18px||80px|&#8221; background_layout=&#8221;light&#8221; border_style=&#8221;solid&#8221;]<\/p>\n<h1 class=\"entry-title\"><span style=\"color: #000000;\"><strong>Past\u00eds de formatge<\/strong><\/span><\/h1>\n<p>[\/et_pb_text][\/et_pb_column][\/et_pb_row][et_pb_row admin_label=&#8221;Fila&#8221; custom_padding=&#8221;0px|0px|0px|0px&#8221; background_position_1=&#8221;top_left&#8221; background_position_2=&#8221;top_left&#8221; background_repeat_1=&#8221;no-repeat&#8221; background_repeat_2=&#8221;no-repeat&#8221; _builder_version=&#8221;3.0.51&#8243; background_size=&#8221;initial&#8221; background_position=&#8221;top_left&#8221; background_repeat=&#8221;repeat&#8221;][et_pb_column type=&#8221;1_4&#8243;][et_pb_text admin_label=&#8221;Autor receta&#8221; _builder_version=&#8221;3.0.51&#8243; background_layout=&#8221;light&#8221; text_orientation=&#8221;left&#8221; border_style=&#8221;solid&#8221;]<\/p>\n<p><span style=\"color: #000000;\"><strong>Autor:<\/strong>\u00a0DISTECO<\/span><\/p>\n<p><span style=\"color: #000000;\"><strong>Tipus de plat:<\/strong>\u00a0POSTRE<\/span><\/p>\n<p><span style=\"color: #000000;\"><strong>Tipus de cuina:<\/strong>\u00a0SANA<\/span><\/p>\n<p><span style=\"color: #000000;\"><strong>Temps de preparaci\u00f3:\u00a0<\/strong>45 minuts<\/span><\/p>\n<p><span style=\"color: #000000;\"><strong>Dificultat:<\/strong>\u00a0F\u00c0CIL<\/span><\/p>\n<p>[\/et_pb_text][\/et_pb_column][et_pb_column type=&#8221;3_4&#8243;][et_pb_image admin_label=&#8221;Image&#8221; src=&#8221;http:\/\/disteco.com\/wp-content\/uploads\/2017\/08\/tarta-de-queso.jpg&#8221; animation=&#8221;fade_in&#8221; sticky=&#8221;on&#8221; _builder_version=&#8221;3.0.51&#8243; \/][et_pb_text admin_label=&#8221;T\u00edtulo imagen&#8221; max_width=&#8221;400px&#8221; _builder_version=&#8221;3.0.51&#8243; text_font=&#8221;PT Serif||on||&#8221; text_font_size=&#8221;12&#8243; text_text_color=&#8221;#363636&#8243; text_line_height=&#8221;1.2em&#8221; background_size=&#8221;initial&#8221; background_position=&#8221;top_left&#8221; background_repeat=&#8221;repeat&#8221; custom_margin=&#8221;6px|||&#8221; inline_fonts=&#8221;Comfortaa&#8221; background_layout=&#8221;light&#8221; text_orientation=&#8221;left&#8221; border_style=&#8221;solid&#8221;] <span style=\"color: #e02b20; font-family: Comfortaa;\">Past\u00eds de formatge<\/span> [\/et_pb_text][et_pb_divider admin_label=&#8221;Separador&#8221; color=&#8221;#aeaeac&#8221; show_divider=&#8221;on&#8221; divider_style=&#8221;solid&#8221; divider_position=&#8221;top&#8221; hide_on_mobile=&#8221;off&#8221; _builder_version=&#8221;3.0.51&#8243; custom_css_main_element=&#8221;width:130px;&#8221; \/][\/et_pb_column][\/et_pb_row][\/et_pb_section][et_pb_section bb_built=&#8221;1&#8243; admin_label=&#8221;Section&#8221; background_color=&#8221;#f7f7f4&#8243; custom_padding=&#8221;0px|||&#8221; padding_mobile=&#8221;on&#8221; _builder_version=&#8221;3.0.51&#8243; transparent_background=&#8221;on&#8221;][et_pb_row admin_label=&#8221;Fila&#8221; custom_padding=&#8221;0px|0px|55px|0px&#8221; background_position_1=&#8221;top_left&#8221; background_position_2=&#8221;top_left&#8221; background_repeat_1=&#8221;no-repeat&#8221; background_repeat_2=&#8221;no-repeat&#8221; _builder_version=&#8221;3.0.51&#8243; background_size=&#8221;initial&#8221; background_position=&#8221;top_left&#8221; background_repeat=&#8221;repeat&#8221;][et_pb_column type=&#8221;4_4&#8243;][et_pb_text admin_label=&#8221;Ingredientes&#8221; max_width=&#8221;800px&#8221; _builder_version=&#8221;3.0.51&#8243; text_font_size_last_edited=&#8221;on|desktop&#8221; text_text_color=&#8221;#363636&#8243; text_line_height=&#8221;1.5em&#8221; background_size=&#8221;initial&#8221; background_position=&#8221;top_left&#8221; background_repeat=&#8221;repeat&#8221; custom_margin=&#8221;30px||0px|&#8221; inline_fonts=&#8221;Comfortaa&#8221; background_layout=&#8221;light&#8221; text_orientation=&#8221;left&#8221; border_style=&#8221;solid&#8221;]<\/p>\n<h1><strong>Ingredients<\/strong><\/h1>\n<p class=\"Cuerpo\">Per fer un past\u00eds de formatge tradicional sense forn es necessiten els seg\u00fcents ingredients:<\/p>\n<ul>\n<li>1 paquet de galetes al gust.<\/li>\n<li>220 grams de formatge per untar.<\/li>\n<li>220 mil\u00b7ligrams de nata l\u00edquida.<\/li>\n<li>120 grams de mantega.<\/li>\n<li>3 l\u00e0mines de gelatina.<\/li>\n<li>Edulcorant l\u00edquid o sucre (3 cullerades).<\/li>\n<li>Melmelada de fruites al gust.<\/li>\n<\/ul>\n<div class=\"ERSIngredientsHeader ERSHeading\"><\/div>\n<p>[\/et_pb_text][et_pb_text admin_label=&#8221;Receta&#8221; max_width=&#8221;1400px&#8221; _builder_version=&#8221;3.0.51&#8243; text_font_size_last_edited=&#8221;on|desktop&#8221; text_text_color=&#8221;#363636&#8243; text_line_height=&#8221;1.5em&#8221; background_size=&#8221;initial&#8221; background_position=&#8221;top_left&#8221; background_repeat=&#8221;repeat&#8221; custom_margin=&#8221;30px||0px|&#8221; inline_fonts=&#8221;Comfortaa&#8221; background_layout=&#8221;light&#8221; text_orientation=&#8221;left&#8221; border_style=&#8221;solid&#8221;]<\/p>\n<h1><strong>RRecepta de past\u00eds de formatge<\/strong><\/h1>\n<ul>\n<li>Per comen\u00e7ar cal triturar les galetes fins a fer molles, ja sigui amb ajuda d&#8217;un morter o directament amb la batedora.<\/li>\n<li>Es posen les galetes triturades en un bol i es barregen amb la mantega (millor si est\u00e0 a temperatura ambient) fins a formar una massa.<\/li>\n<li>Amb la massa resultant es cobreix el motlle que es vagi a utilitzar per fer el past\u00eds.<\/li>\n<li>En un altre bol barregem la nata amb les l\u00e0mines de gelatina pr\u00e8viament hidratades, ho barregem i hi afegim el formatge i tres cullerades de sucre o edulcorant l\u00edquid.<\/li>\n<li>Es bat tot amb la batedora fins que quedi una barreja tipus crema.<\/li>\n<li>Es tira la crema sobre de la base de galetes i s&#8217;est\u00e9n b\u00e9.<\/li>\n<li>Es fica a la nevera durant un parell d&#8217;hores i ja est\u00e0 a punt el past\u00eds per decorar amb melmelada.<\/li>\n<\/ul>\n<p>[\/et_pb_text][\/et_pb_column][\/et_pb_row][\/et_pb_section][et_pb_section bb_built=&#8221;1&#8243; admin_label=&#8221;Section&#8221; transparent_background=&#8221;on&#8221; custom_padding=&#8221;0px|||&#8221; padding_mobile=&#8221;on&#8221; _builder_version=&#8221;3.0.51&#8243;][et_pb_row admin_label=&#8221;Fila&#8221; custom_padding=&#8221;0px|0px|55px|0px&#8221; background_position_1=&#8221;top_left&#8221; background_position_2=&#8221;top_left&#8221; background_repeat_1=&#8221;no-repeat&#8221; background_repeat_2=&#8221;no-repeat&#8221; _builder_version=&#8221;3.0.51&#8243; background_size=&#8221;initial&#8221; background_position=&#8221;top_left&#8221; background_repeat=&#8221;repeat&#8221;][et_pb_column type=&#8221;4_4&#8243;][et_pb_text admin_label=&#8221;Valor nutricional &#8221; max_width=&#8221;800px&#8221; _builder_version=&#8221;3.0.51&#8243; text_font_size_last_edited=&#8221;on|desktop&#8221; text_text_color=&#8221;#363636&#8243; text_line_height=&#8221;1.5em&#8221; background_size=&#8221;initial&#8221; background_position=&#8221;top_left&#8221; background_repeat=&#8221;repeat&#8221; custom_margin=&#8221;30px||0px|&#8221; inline_fonts=&#8221;Comfortaa&#8221; background_layout=&#8221;light&#8221; text_orientation=&#8221;left&#8221; border_style=&#8221;solid&#8221;]<\/p>\n<h2><strong>Informaci\u00f3 nutricional de past\u00eds de formatge d&#8217;una porci\u00f3 (142 gr.)<\/strong><\/h2>\n<table style=\"height: 373px;\" width=\"447\">\n<tbody>\n<tr>\n<td colspan=\"2\" width=\"223\">EnergIa<\/td>\n<td colspan=\"2\" width=\"174\">1623 kj \/388 kcal.<\/td>\n<\/tr>\n<tr>\n<td colspan=\"2\">Colesterol<\/td>\n<td colspan=\"2\">67 mg.<\/td>\n<\/tr>\n<tr>\n<td colspan=\"2\">Sodi<\/td>\n<td colspan=\"2\">378 mg.<\/td>\n<\/tr>\n<tr>\n<td colspan=\"2\">Carbohidraos<\/td>\n<td colspan=\"2\">46,72 g.<\/td>\n<\/tr>\n<tr>\n<td colspan=\"2\">Fibra<\/td>\n<td colspan=\"2\">0,7 g.<\/td>\n<\/tr>\n<tr>\n<td colspan=\"2\">Sucres<\/td>\n<td colspan=\"2\">37,91 g<\/td>\n<\/tr>\n<tr>\n<td colspan=\"2\">Prote\u00efnes<\/td>\n<td colspan=\"2\">20,10\u00a0g.<\/td>\n<\/tr>\n<tr>\n<td colspan=\"2\">Greix<\/td>\n<td colspan=\"2\" width=\"174\">19,1 g<\/td>\n<\/tr>\n<tr>\n<td>Greix Saturada<\/td>\n<td>7,631 g<\/td>\n<td>Sodi<\/td>\n<td>378 mg.<\/td>\n<\/tr>\n<tr>\n<td>Greix Monoinsaturat<\/td>\n<td>7,15 g<\/td>\n<td>Potassi<\/td>\n<td>124 mg.<\/td>\n<\/tr>\n<tr>\n<td>Greix Poliinsaturat<\/td>\n<td>3,242 g<\/td>\n<td>Colesterol<\/td>\n<td>67 mg.<\/td>\n<\/tr>\n<\/tbody>\n<\/table>\n<p>[\/et_pb_text][et_pb_text admin_label=&#8221;Comentarios a la receta&#8221; text_orientation=&#8221;justified&#8221; max_width=&#8221;1400px&#8221; _builder_version=&#8221;3.0.51&#8243; text_font_size_last_edited=&#8221;on|desktop&#8221; text_text_color=&#8221;#363636&#8243; text_line_height=&#8221;1.5em&#8221; background_size=&#8221;initial&#8221; background_position=&#8221;top_left&#8221; background_repeat=&#8221;repeat&#8221; custom_margin=&#8221;30px||0px|&#8221; inline_fonts=&#8221;Comfortaa&#8221; background_layout=&#8221;light&#8221; border_style=&#8221;solid&#8221;]<\/p>\n<h2><strong>Beneficis del consum de past\u00eds de formatge<\/strong><\/h2>\n<p>Els productes lactis s\u00f3n essencials en una dieta equilibrada i el formatge \u00e9s una de les millors i m\u00e9s delicioses maneres d&#8217;aportar al nostre organisme la quantitat de lactis que necessita al dia.<\/p>\n<p>El formatge \u00e9s ric en vitamines que s\u00f3n imprescindibles per a l&#8217;organisme, com la vitamina A, la B2, la B12 i la D. Les seves prote\u00efnes d&#8217;origen animal permeten al nostre organisme fer-se m\u00e9s resistent, mentre que el calci i el f\u00f2sfor ajuden a enfortir els ossos i s\u00f3n grans aliats en el desenvolupament i el creixement dels nens.<\/p>\n<p>Hi ha moltes maneres de prendre formatge, per\u00f2 sens dubte una de les m\u00e9s populars i tamb\u00e9 de les m\u00e9s riques \u00e9s a trav\u00e9s del past\u00eds de formatge.<\/p>\n<p>El past\u00eds de formatge \u00e9s unes postres que s&#8217;elabora de forma r\u00e0pida i senzilla, sense necessitat de tenir grans coneixements de rebosteria, pel que est\u00e0 a l&#8217;abast de tothom. \u00c9s a m\u00e9s unes postres delici\u00f3s al que ning\u00fa es resisteix.<\/p>\n<p>[\/et_pb_text][\/et_pb_column][\/et_pb_row][\/et_pb_section]<\/p>\n","protected":false},"excerpt":{"rendered":"<p>\u00a0 Past\u00eds de formatge Autor:\u00a0DISTECO Tipus de plat:\u00a0POSTRE Tipus de cuina:\u00a0SANA Temps de preparaci\u00f3:\u00a045 minuts Dificultat:\u00a0F\u00c0CIL Past\u00eds de formatge Ingredients Per fer un past\u00eds de formatge tradicional sense forn es necessiten els seg\u00fcents ingredients: 1 paquet de galetes al gust. 220 grams de formatge per untar. 220 mil\u00b7ligrams de nata l\u00edquida. 120 grams de mantega. [&hellip;]<\/p>\n","protected":false},"author":1,"featured_media":205792,"parent":0,"menu_order":0,"comment_status":"closed","ping_status":"closed","template":"","meta":{"_et_pb_use_builder":"on","_et_pb_old_content":"","_et_gb_content_width":"","footnotes":""},"class_list":["post-206846","page","type-page","status-publish","has-post-thumbnail","hentry"],"yoast_head":"<!-- This site is optimized with the Yoast SEO plugin v26.9 - https:\/\/yoast.com\/product\/yoast-seo-wordpress\/ -->\n<title>Past\u00eds de formatge<\/title>\n<meta name=\"description\" content=\"Recepta de past\u00eds de formatge. Autor: Disteco. Tipus de plat: POSTRES. Tipus de cuina: SANA. Temps de preparaci\u00f3: 45 minuts. Dificultat: F\u00c0CIL.\" \/>\n<meta name=\"robots\" content=\"index, follow, max-snippet:-1, max-image-preview:large, max-video-preview:-1\" \/>\n<link rel=\"canonical\" href=\"https:\/\/disteco.com\/ca\/pastis-de-formatge\/\" \/>\n<meta property=\"og:locale\" content=\"ca_ES\" \/>\n<meta property=\"og:type\" content=\"article\" \/>\n<meta property=\"og:title\" content=\"Past\u00eds de formatge\" \/>\n<meta property=\"og:description\" content=\"Recepta de past\u00eds de formatge. Autor: Disteco. Tipus de plat: POSTRES. Tipus de cuina: SANA. Temps de preparaci\u00f3: 45 minuts. Dificultat: F\u00c0CIL.\" \/>\n<meta property=\"og:url\" content=\"https:\/\/disteco.com\/ca\/pastis-de-formatge\/\" \/>\n<meta property=\"og:site_name\" content=\"GRUP ALIMENTARI DISTECO\" \/>\n<meta property=\"article:publisher\" content=\"https:\/\/www.facebook.com\/grupalimentaridisteco\/\" \/>\n<meta property=\"article:modified_time\" content=\"2017-09-07T18:48:48+00:00\" \/>\n<meta property=\"og:image\" content=\"https:\/\/disteco.com\/wp-content\/uploads\/2017\/08\/tarta-de-queso.jpg\" \/>\n\t<meta property=\"og:image:width\" content=\"1152\" \/>\n\t<meta property=\"og:image:height\" content=\"768\" \/>\n\t<meta property=\"og:image:type\" content=\"image\/jpeg\" \/>\n<meta name=\"twitter:card\" content=\"summary_large_image\" \/>\n<meta name=\"twitter:site\" content=\"@DistecoGrup\" \/>\n<meta name=\"twitter:label1\" content=\"Temps estimat de lectura\" \/>\n\t<meta name=\"twitter:data1\" content=\"6 minut\" \/>\n<script type=\"application\/ld+json\" class=\"yoast-schema-graph\">{\"@context\":\"https:\/\/schema.org\",\"@graph\":[{\"@type\":\"WebPage\",\"@id\":\"https:\/\/disteco.com\/ca\/pastis-de-formatge\/\",\"url\":\"https:\/\/disteco.com\/ca\/pastis-de-formatge\/\",\"name\":\"Past\u00eds de formatge\",\"isPartOf\":{\"@id\":\"https:\/\/disteco.com\/ca\/#website\"},\"primaryImageOfPage\":{\"@id\":\"https:\/\/disteco.com\/ca\/pastis-de-formatge\/#primaryimage\"},\"image\":{\"@id\":\"https:\/\/disteco.com\/ca\/pastis-de-formatge\/#primaryimage\"},\"thumbnailUrl\":\"https:\/\/disteco.com\/wp-content\/uploads\/2017\/08\/tarta-de-queso.jpg\",\"datePublished\":\"2017-08-25T18:07:14+00:00\",\"dateModified\":\"2017-09-07T18:48:48+00:00\",\"description\":\"Recepta de past\u00eds de formatge. Autor: Disteco. Tipus de plat: POSTRES. Tipus de cuina: SANA. Temps de preparaci\u00f3: 45 minuts. Dificultat: F\u00c0CIL.\",\"breadcrumb\":{\"@id\":\"https:\/\/disteco.com\/ca\/pastis-de-formatge\/#breadcrumb\"},\"inLanguage\":\"ca\",\"potentialAction\":[{\"@type\":\"ReadAction\",\"target\":[\"https:\/\/disteco.com\/ca\/pastis-de-formatge\/\"]}]},{\"@type\":\"ImageObject\",\"inLanguage\":\"ca\",\"@id\":\"https:\/\/disteco.com\/ca\/pastis-de-formatge\/#primaryimage\",\"url\":\"https:\/\/disteco.com\/wp-content\/uploads\/2017\/08\/tarta-de-queso.jpg\",\"contentUrl\":\"https:\/\/disteco.com\/wp-content\/uploads\/2017\/08\/tarta-de-queso.jpg\",\"width\":1152,\"height\":768},{\"@type\":\"BreadcrumbList\",\"@id\":\"https:\/\/disteco.com\/ca\/pastis-de-formatge\/#breadcrumb\",\"itemListElement\":[{\"@type\":\"ListItem\",\"position\":1,\"name\":\"Portada\",\"item\":\"https:\/\/disteco.com\/ca\/\"},{\"@type\":\"ListItem\",\"position\":2,\"name\":\"Past\u00eds de formatge\"}]},{\"@type\":\"WebSite\",\"@id\":\"https:\/\/disteco.com\/ca\/#website\",\"url\":\"https:\/\/disteco.com\/ca\/\",\"name\":\"GRUP ALIMENTARI DISTECO\",\"description\":\"Distribuci\u00f3 aliment\u00e0ria de productes d'alta qualitat\",\"publisher\":{\"@id\":\"https:\/\/disteco.com\/ca\/#organization\"},\"potentialAction\":[{\"@type\":\"SearchAction\",\"target\":{\"@type\":\"EntryPoint\",\"urlTemplate\":\"https:\/\/disteco.com\/ca\/?s={search_term_string}\"},\"query-input\":{\"@type\":\"PropertyValueSpecification\",\"valueRequired\":true,\"valueName\":\"search_term_string\"}}],\"inLanguage\":\"ca\"},{\"@type\":\"Organization\",\"@id\":\"https:\/\/disteco.com\/ca\/#organization\",\"name\":\"GRUP ALIMENTARI DISTECO\",\"url\":\"https:\/\/disteco.com\/ca\/\",\"logo\":{\"@type\":\"ImageObject\",\"inLanguage\":\"ca\",\"@id\":\"https:\/\/disteco.com\/ca\/#\/schema\/logo\/image\/\",\"url\":\"https:\/\/disteco.com\/wp-content\/uploads\/2017\/03\/logo-grup-alimentari-disteco.png\",\"contentUrl\":\"https:\/\/disteco.com\/wp-content\/uploads\/2017\/03\/logo-grup-alimentari-disteco.png\",\"width\":600,\"height\":61,\"caption\":\"GRUP ALIMENTARI DISTECO\"},\"image\":{\"@id\":\"https:\/\/disteco.com\/ca\/#\/schema\/logo\/image\/\"},\"sameAs\":[\"https:\/\/www.facebook.com\/grupalimentaridisteco\/\",\"https:\/\/x.com\/DistecoGrup\",\"https:\/\/www.instagram.com\/gadisteco\/\",\"https:\/\/www.linkedin.com\/company\/grup-alimentari-disteco\/\",\"https:\/\/www.youtube.com\/@grupalimentaridisteco572\"]}]}<\/script>\n<!-- \/ Yoast SEO plugin. -->","yoast_head_json":{"title":"Past\u00eds de formatge","description":"Recepta de past\u00eds de formatge. Autor: Disteco. Tipus de plat: POSTRES. Tipus de cuina: SANA. Temps de preparaci\u00f3: 45 minuts. Dificultat: F\u00c0CIL.","robots":{"index":"index","follow":"follow","max-snippet":"max-snippet:-1","max-image-preview":"max-image-preview:large","max-video-preview":"max-video-preview:-1"},"canonical":"https:\/\/disteco.com\/ca\/pastis-de-formatge\/","og_locale":"ca_ES","og_type":"article","og_title":"Past\u00eds de formatge","og_description":"Recepta de past\u00eds de formatge. Autor: Disteco. Tipus de plat: POSTRES. Tipus de cuina: SANA. Temps de preparaci\u00f3: 45 minuts. Dificultat: F\u00c0CIL.","og_url":"https:\/\/disteco.com\/ca\/pastis-de-formatge\/","og_site_name":"GRUP ALIMENTARI DISTECO","article_publisher":"https:\/\/www.facebook.com\/grupalimentaridisteco\/","article_modified_time":"2017-09-07T18:48:48+00:00","og_image":[{"width":1152,"height":768,"url":"https:\/\/disteco.com\/wp-content\/uploads\/2017\/08\/tarta-de-queso.jpg","type":"image\/jpeg"}],"twitter_card":"summary_large_image","twitter_site":"@DistecoGrup","twitter_misc":{"Temps estimat de lectura":"6 minut"},"schema":{"@context":"https:\/\/schema.org","@graph":[{"@type":"WebPage","@id":"https:\/\/disteco.com\/ca\/pastis-de-formatge\/","url":"https:\/\/disteco.com\/ca\/pastis-de-formatge\/","name":"Past\u00eds de formatge","isPartOf":{"@id":"https:\/\/disteco.com\/ca\/#website"},"primaryImageOfPage":{"@id":"https:\/\/disteco.com\/ca\/pastis-de-formatge\/#primaryimage"},"image":{"@id":"https:\/\/disteco.com\/ca\/pastis-de-formatge\/#primaryimage"},"thumbnailUrl":"https:\/\/disteco.com\/wp-content\/uploads\/2017\/08\/tarta-de-queso.jpg","datePublished":"2017-08-25T18:07:14+00:00","dateModified":"2017-09-07T18:48:48+00:00","description":"Recepta de past\u00eds de formatge. Autor: Disteco. Tipus de plat: POSTRES. Tipus de cuina: SANA. Temps de preparaci\u00f3: 45 minuts. Dificultat: F\u00c0CIL.","breadcrumb":{"@id":"https:\/\/disteco.com\/ca\/pastis-de-formatge\/#breadcrumb"},"inLanguage":"ca","potentialAction":[{"@type":"ReadAction","target":["https:\/\/disteco.com\/ca\/pastis-de-formatge\/"]}]},{"@type":"ImageObject","inLanguage":"ca","@id":"https:\/\/disteco.com\/ca\/pastis-de-formatge\/#primaryimage","url":"https:\/\/disteco.com\/wp-content\/uploads\/2017\/08\/tarta-de-queso.jpg","contentUrl":"https:\/\/disteco.com\/wp-content\/uploads\/2017\/08\/tarta-de-queso.jpg","width":1152,"height":768},{"@type":"BreadcrumbList","@id":"https:\/\/disteco.com\/ca\/pastis-de-formatge\/#breadcrumb","itemListElement":[{"@type":"ListItem","position":1,"name":"Portada","item":"https:\/\/disteco.com\/ca\/"},{"@type":"ListItem","position":2,"name":"Past\u00eds de formatge"}]},{"@type":"WebSite","@id":"https:\/\/disteco.com\/ca\/#website","url":"https:\/\/disteco.com\/ca\/","name":"GRUP ALIMENTARI DISTECO","description":"Distribuci\u00f3 aliment\u00e0ria de productes d'alta qualitat","publisher":{"@id":"https:\/\/disteco.com\/ca\/#organization"},"potentialAction":[{"@type":"SearchAction","target":{"@type":"EntryPoint","urlTemplate":"https:\/\/disteco.com\/ca\/?s={search_term_string}"},"query-input":{"@type":"PropertyValueSpecification","valueRequired":true,"valueName":"search_term_string"}}],"inLanguage":"ca"},{"@type":"Organization","@id":"https:\/\/disteco.com\/ca\/#organization","name":"GRUP ALIMENTARI DISTECO","url":"https:\/\/disteco.com\/ca\/","logo":{"@type":"ImageObject","inLanguage":"ca","@id":"https:\/\/disteco.com\/ca\/#\/schema\/logo\/image\/","url":"https:\/\/disteco.com\/wp-content\/uploads\/2017\/03\/logo-grup-alimentari-disteco.png","contentUrl":"https:\/\/disteco.com\/wp-content\/uploads\/2017\/03\/logo-grup-alimentari-disteco.png","width":600,"height":61,"caption":"GRUP ALIMENTARI DISTECO"},"image":{"@id":"https:\/\/disteco.com\/ca\/#\/schema\/logo\/image\/"},"sameAs":["https:\/\/www.facebook.com\/grupalimentaridisteco\/","https:\/\/x.com\/DistecoGrup","https:\/\/www.instagram.com\/gadisteco\/","https:\/\/www.linkedin.com\/company\/grup-alimentari-disteco\/","https:\/\/www.youtube.com\/@grupalimentaridisteco572"]}]}},"_links":{"self":[{"href":"https:\/\/disteco.com\/ca\/wp-json\/wp\/v2\/pages\/206846","targetHints":{"allow":["GET"]}}],"collection":[{"href":"https:\/\/disteco.com\/ca\/wp-json\/wp\/v2\/pages"}],"about":[{"href":"https:\/\/disteco.com\/ca\/wp-json\/wp\/v2\/types\/page"}],"author":[{"embeddable":true,"href":"https:\/\/disteco.com\/ca\/wp-json\/wp\/v2\/users\/1"}],"replies":[{"embeddable":true,"href":"https:\/\/disteco.com\/ca\/wp-json\/wp\/v2\/comments?post=206846"}],"version-history":[{"count":2,"href":"https:\/\/disteco.com\/ca\/wp-json\/wp\/v2\/pages\/206846\/revisions"}],"predecessor-version":[{"id":206848,"href":"https:\/\/disteco.com\/ca\/wp-json\/wp\/v2\/pages\/206846\/revisions\/206848"}],"wp:featuredmedia":[{"embeddable":true,"href":"https:\/\/disteco.com\/ca\/wp-json\/wp\/v2\/media\/205792"}],"wp:attachment":[{"href":"https:\/\/disteco.com\/ca\/wp-json\/wp\/v2\/media?parent=206846"}],"curies":[{"name":"wp","href":"https:\/\/api.w.org\/{rel}","templated":true}]}}