{"id":206379,"date":"2017-08-25T17:37:29","date_gmt":"2017-08-25T17:37:29","guid":{"rendered":"http:\/\/disteco.com\/peras-al-vino-version-mossen-homs\/"},"modified":"2022-11-25T12:40:05","modified_gmt":"2022-11-25T12:40:05","slug":"peres-al-vi-versio-mossen-homs","status":"publish","type":"page","link":"https:\/\/disteco.com\/ca\/peres-al-vi-versio-mossen-homs\/","title":{"rendered":"Peres al vi, versi\u00f3 Moss\u00e8n Homs"},"content":{"rendered":"<p>[et_pb_section fb_built=&#8221;1&#8243; admin_label=&#8221;section&#8221; _builder_version=&#8221;3.22&#8243; background_color=&#8221;rgba(255,255,255,0.02)&#8221; background_image=&#8221;https:\/\/disteco.com\/wp-content\/uploads\/2017\/08\/peras-al-vino-version-mossen-homs.jpg&#8221; parallax=&#8221;on&#8221; parallax_method=&#8221;off&#8221; custom_padding=&#8221;||0px|&#8221; custom_padding_tablet=&#8221;||0px|&#8221; padding_mobile=&#8221;on&#8221;][et_pb_row padding_mobile=&#8221;on&#8221; column_padding_mobile=&#8221;on&#8221; admin_label=&#8221;row&#8221; _builder_version=&#8221;3.25&#8243; background_size=&#8221;initial&#8221; background_position=&#8221;top_left&#8221; background_repeat=&#8221;repeat&#8221; custom_padding=&#8221;||0px|&#8221;][et_pb_column type=&#8221;4_4&#8243; _builder_version=&#8221;3.25&#8243; custom_padding=&#8221;|||&#8221; custom_padding__hover=&#8221;|||&#8221;][et_pb_divider show_divider=&#8221;off&#8221; disabled_on=&#8221;on|on|off&#8221; admin_label=&#8221;Divider&#8221; _builder_version=&#8221;3.23.4&#8243; height=&#8221;110px&#8221;][\/et_pb_divider][\/et_pb_column][\/et_pb_row][\/et_pb_section][et_pb_section fb_built=&#8221;1&#8243; admin_label=&#8221;Section&#8221; _builder_version=&#8221;3.22&#8243; background_color=&#8221;#f7f7f4&#8243; custom_padding=&#8221;0px||0px|&#8221;][et_pb_row column_padding_mobile=&#8221;on&#8221; admin_label=&#8221;row&#8221; _builder_version=&#8221;3.25&#8243; background_size=&#8221;initial&#8221; background_position=&#8221;top_left&#8221; background_repeat=&#8221;repeat&#8221; max_width=&#8221;620px&#8221; custom_padding=&#8221;0px||0px|&#8221; use_custom_width=&#8221;on&#8221; custom_width_px=&#8221;620px&#8221;][et_pb_column type=&#8221;4_4&#8243; _builder_version=&#8221;3.25&#8243; custom_padding=&#8221;|||&#8221; custom_padding__hover=&#8221;|||&#8221;][et_pb_image src=&#8221;https:\/\/disteco.com\/wp-content\/uploads\/2017\/03\/gad-grup-alimentari-disteco.png&#8221; show_bottom_space=&#8221;off&#8221; align=&#8221;center&#8221; align_tablet=&#8221;center&#8221; align_last_edited=&#8221;on|desktop&#8221; admin_label=&#8221;logo GAD&#8221; _builder_version=&#8221;3.23&#8243; custom_margin=&#8221;-48px|||&#8221; animation=&#8221;off&#8221; sticky=&#8221;on&#8221;][\/et_pb_image][et_pb_text admin_label=&#8221;Familia de recetas&#8221; _builder_version=&#8221;3.27.4&#8243; text_font=&#8221;PT Sans|on|||&#8221; text_text_color=&#8221;#bcbcbc&#8221; text_letter_spacing=&#8221;2px&#8221; background_size=&#8221;initial&#8221; background_position=&#8221;top_left&#8221; background_repeat=&#8221;repeat&#8221; text_orientation=&#8221;center&#8221; module_alignment=&#8221;center&#8221; custom_margin=&#8221;||0px|&#8221; custom_padding=&#8221;||0px|&#8221; inline_fonts=&#8221;Montserrat&#8221;]<\/p>\n<p class=\"\" style=\"text-align: center;\"><span style=\"font-family: Montserrat; font-weight: normal; font-size: large;\">\u00a0<\/span><\/p>\n<p>[\/et_pb_text][et_pb_text admin_label=&#8221;T\u00edtulo&#8221; _builder_version=&#8221;3.27.4&#8243; text_font=&#8221;PT Sans||||&#8221; text_text_color=&#8221;#1d1d1d&#8221; text_font_size=&#8221;72&#8243; text_line_height=&#8221;1.1em&#8221; background_size=&#8221;initial&#8221; background_position=&#8221;top_left&#8221; background_repeat=&#8221;repeat&#8221; text_orientation=&#8221;center&#8221; max_width=&#8221;660px&#8221; module_alignment=&#8221;center&#8221; custom_margin=&#8221;18px||80px|&#8221; text_font_size_tablet=&#8221;52&#8243; text_font_size_phone=&#8221;&#8221; text_font_size_last_edited=&#8221;on|desktop&#8221;]<\/p>\n<h1 class=\"entry-title\"><span style=\"color: #000000;\"><strong>Peres al vi, versi\u00f3 Moss\u00e8n Homs<\/strong><\/span><\/h1>\n<p>[\/et_pb_text][\/et_pb_column][\/et_pb_row][et_pb_row admin_label=&#8221;Fila&#8221; _builder_version=&#8221;3.25&#8243; background_size=&#8221;initial&#8221; background_position=&#8221;top_left&#8221; background_repeat=&#8221;repeat&#8221; custom_padding=&#8221;0px|0px|0px|0px&#8221; column_structure=&#8221;1_4,3_4&#8243;][et_pb_column type=&#8221;1_4&#8243; _builder_version=&#8221;3.25&#8243; background_position=&#8221;top_left&#8221; custom_padding=&#8221;|||&#8221; custom_padding__hover=&#8221;|||&#8221;][et_pb_text admin_label=&#8221;Autor receta&#8221; _builder_version=&#8221;4.9.4&#8243; hover_enabled=&#8221;0&#8243; sticky_enabled=&#8221;0&#8243;]<\/p>\n<p><span style=\"color: #000000;\"><strong>Autor:<\/strong> ALUMNES DEL SEGON CICLE FORMATIU DE CUINA DE L&#8217;INS CAVALL BERNAT DE TERRASSA.\u00a0<\/span><\/p>\n<p><span style=\"color: #000000;\"><strong>Tipus de plat:<\/strong>\u00a0POSTRE<\/span><\/p>\n<p><span style=\"color: #000000;\"><strong>Tipus de cuina:<\/strong>\u00a0SANA<\/span><\/p>\n<p><span style=\"color: #000000;\"><strong>Temps de preparaci\u00f3: \u00a0<\/strong>45 minuts\u00a0+ 2-3 hores de rep\u00f2s per al codony.<\/span><\/p>\n<p><span style=\"color: #000000;\"><strong>Dificultat:<\/strong>\u00a0MITJA<\/span><\/p>\n<p>[\/et_pb_text][\/et_pb_column][et_pb_column type=&#8221;3_4&#8243; _builder_version=&#8221;3.25&#8243; background_position=&#8221;top_left&#8221; custom_padding=&#8221;|||&#8221; custom_padding__hover=&#8221;|||&#8221;][et_pb_image src=&#8221;https:\/\/disteco.com\/wp-content\/uploads\/2017\/08\/peras-al-vino-version-mossen-homs.jpg&#8221; show_bottom_space=&#8221;off&#8221; align_tablet=&#8221;center&#8221; align_last_edited=&#8221;on|desktop&#8221; admin_label=&#8221;Image&#8221; _builder_version=&#8221;3.23&#8243; animation_style=&#8221;fade&#8221; animation_duration=&#8221;500ms&#8221; animation=&#8221;fade_in&#8221; sticky=&#8221;on&#8221;][\/et_pb_image][et_pb_text admin_label=&#8221;T\u00edtulo imagen&#8221; _builder_version=&#8221;3.27.4&#8243; text_font=&#8221;PT Serif||on||&#8221; text_text_color=&#8221;#363636&#8243; text_font_size=&#8221;12&#8243; background_size=&#8221;initial&#8221; background_position=&#8221;top_left&#8221; background_repeat=&#8221;repeat&#8221; max_width=&#8221;400px&#8221; custom_margin=&#8221;6px|||&#8221; inline_fonts=&#8221;Comfortaa&#8221;]<span style=\"color: #e02b20; font-family: Comfortaa;\">Peres al vi, versi\u00f3 Moss\u00e8n Homs<\/span><br \/>\n[\/et_pb_text][et_pb_divider color=&#8221;#aeaeac&#8221; admin_label=&#8221;Separador&#8221; _builder_version=&#8221;3.2&#8243; custom_css_main_element=&#8221;width:130px;&#8221; hide_on_mobile=&#8221;off&#8221;][\/et_pb_divider][\/et_pb_column][\/et_pb_row][\/et_pb_section][et_pb_section fb_built=&#8221;1&#8243; admin_label=&#8221;Section&#8221; _builder_version=&#8221;3.22&#8243; background_color=&#8221;#f7f7f4&#8243; custom_padding=&#8221;0px|||&#8221; custom_padding_tablet=&#8221;0px|||&#8221; padding_mobile=&#8221;on&#8221;][et_pb_row admin_label=&#8221;Fila&#8221; _builder_version=&#8221;3.25&#8243; background_size=&#8221;initial&#8221; background_position=&#8221;top_left&#8221; background_repeat=&#8221;repeat&#8221; custom_padding=&#8221;0px|0px|55px|0px&#8221;][et_pb_column type=&#8221;4_4&#8243; _builder_version=&#8221;3.25&#8243; background_position=&#8221;top_left&#8221; custom_padding=&#8221;|||&#8221; custom_padding__hover=&#8221;|||&#8221;][et_pb_text admin_label=&#8221;Titulo Ingredientes&#8221; _builder_version=&#8221;3.27.4&#8243; text_text_color=&#8221;#363636&#8243; text_line_height=&#8221;1.5em&#8221; background_size=&#8221;initial&#8221; background_position=&#8221;top_left&#8221; background_repeat=&#8221;repeat&#8221; max_width=&#8221;800px&#8221; custom_margin=&#8221;30px||0px|&#8221; text_font_size_tablet=&#8221;&#8221; text_font_size_phone=&#8221;&#8221; text_font_size_last_edited=&#8221;on|desktop&#8221; saved_tabs=&#8221;all&#8221; inline_fonts=&#8221;Comfortaa&#8221;]<\/p>\n<h1><strong>Ingredients<\/strong><\/h1>\n<p>Per preparar peres al vi negre es necessiten els seg\u00fcents ingredients:<br \/>\n[\/et_pb_text][et_pb_text admin_label=&#8221;Ingredientes&#8221; _builder_version=&#8221;3.27.4&#8243; text_text_color=&#8221;#363636&#8243; text_line_height=&#8221;1.5em&#8221; background_size=&#8221;initial&#8221; background_position=&#8221;top_left&#8221; background_repeat=&#8221;repeat&#8221; max_width=&#8221;800px&#8221; custom_margin=&#8221;30px||0px|&#8221; text_font_size_tablet=&#8221;&#8221; text_font_size_phone=&#8221;&#8221; text_font_size_last_edited=&#8221;on|desktop&#8221; inline_fonts=&#8221;Comfortaa&#8221;]<\/p>\n<h3><strong>Ingredients per a les peres al vi\u00a0<\/strong><\/h3>\n<ul>\n<li>Peres, 1 kg.<\/li>\n<li>Vi negre, 2 l.<\/li>\n<li>Sucre, 150 grams.<\/li>\n<\/ul>\n<h3><strong>Ingredients per a la reducci\u00f3<\/strong><\/h3>\n<ul>\n<li>Vi negre.<\/li>\n<li>Glucosa, 50 grams.<\/li>\n<\/ul>\n<h3><strong>Ingredients per a la nata de canyella<\/strong><\/h3>\n<ul>\n<li>Nata l\u00edquida 45% MG, 200 grams.<\/li>\n<li>Sucre, 20 grams.<\/li>\n<li>Canyella en pols.<\/li>\n<\/ul>\n<h3><strong>Ingredients per al codony de peres al vi<\/strong><\/h3>\n<ul>\n<li>Peres al vi.<\/li>\n<li>Agar-Agar.<\/li>\n<\/ul>\n<div class=\"ERSIngredients\"><\/div>\n<p>[\/et_pb_text][et_pb_text admin_label=&#8221;Titulo receta&#8221; _builder_version=&#8221;3.27.4&#8243; text_text_color=&#8221;#363636&#8243; text_line_height=&#8221;1.5em&#8221; background_size=&#8221;initial&#8221; background_position=&#8221;top_left&#8221; background_repeat=&#8221;repeat&#8221; max_width=&#8221;1400px&#8221; custom_margin=&#8221;30px||0px|&#8221; text_font_size_tablet=&#8221;&#8221; text_font_size_phone=&#8221;&#8221; text_font_size_last_edited=&#8221;on|desktop&#8221; saved_tabs=&#8221;all&#8221; inline_fonts=&#8221;Comfortaa&#8221;]<\/p>\n<h2><strong>Recepta de les peres al vi, versi\u00f3 Moss\u00e8n Homs<\/strong><\/h2>\n<p>[\/et_pb_text][et_pb_text admin_label=&#8221;Receta&#8221; _builder_version=&#8221;3.27.4&#8243; text_text_color=&#8221;#363636&#8243; text_line_height=&#8221;1.5em&#8221; background_size=&#8221;initial&#8221; background_position=&#8221;top_left&#8221; background_repeat=&#8221;repeat&#8221; max_width=&#8221;1400px&#8221; custom_margin=&#8221;30px||0px|&#8221; text_font_size_tablet=&#8221;&#8221; text_font_size_phone=&#8221;&#8221; text_font_size_last_edited=&#8221;on|desktop&#8221; inline_fonts=&#8221;Comfortaa&#8221;]<\/p>\n<h3><strong>Elaboraci\u00f3 de les peres al vi<\/strong><\/h3>\n<ul>\n<li>Peleu les peres i treure el cor.<\/li>\n<li>Posar a bullir amb el vi i el sucre aproximadament 45 minuts amb tapa.<\/li>\n<\/ul>\n<h3><strong>Elaboraci\u00f3 de reducci\u00f3 del vi negre<\/strong><\/h3>\n<ul>\n<li>Amb el vi sobrant de la cocci\u00f3 de les peres, colar-ho amb un colador xin\u00e8s per eliminar les impureses.<\/li>\n<li>Afegeix la glucosa.<\/li>\n<li>Reduir fins a la textura desitjada.<\/li>\n<\/ul>\n<h3><strong>Elaboraci\u00f3 de la nata de canyella<\/strong><\/h3>\n<ul>\n<li>Muntar la nata amb el sucre.<\/li>\n<li>Quan estigui muntada afegir la canyella en pols fins aromatizarla.<\/li>\n<\/ul>\n<h3><strong>Elaboraci\u00f3 del codony de pera al vi\u00a0<\/strong><strong>\u00a0<\/strong><\/h3>\n<ul>\n<li>Agafar les peres que anteriorment hem cuit amb el vi i treballar-les com un pur\u00e9.<\/li>\n<li>Passar-ho pel colador xin\u00e8s per retirar les impureses.<\/li>\n<li>Bullir amb l&#8217;agar fins a 80 graus.<\/li>\n<li>Posar en motlles de plum cake i deixar refredar fins que qualli.<\/li>\n<\/ul>\n<h3><strong>Per emplatar<\/strong><\/h3>\n<ul>\n<li>Quadrar el codony de peres al vi.<\/li>\n<li>Tallar en format lingot i disposar mar\u00e7 trossets al plat.<\/li>\n<li>Fer gotes de reducci\u00f3 de vi per tot el plat.<\/li>\n<li>Amb la nata fer &#8220;quenelles&#8221; amb culleretes de caf\u00e8 i disposar sobre dels trossos de codony de pera.<\/li>\n<\/ul>\n<p>[\/et_pb_text][et_pb_text admin_label=&#8221;Acceso al v\u00eddeo de la receta&#8221; _builder_version=&#8221;3.27.4&#8243; text_text_color=&#8221;#363636&#8243; text_line_height=&#8221;1.5em&#8221; background_size=&#8221;initial&#8221; background_position=&#8221;top_left&#8221; background_repeat=&#8221;repeat&#8221; max_width=&#8221;1400px&#8221; custom_margin=&#8221;30px||30px|&#8221; text_font_size_tablet=&#8221;&#8221; text_font_size_phone=&#8221;&#8221; text_font_size_last_edited=&#8221;on|desktop&#8221; saved_tabs=&#8221;all&#8221; inline_fonts=&#8221;Comfortaa&#8221;]<\/p>\n<h2><strong>Acc\u00e9s al v\u00eddeo de la recepta:<\/strong><\/h2>\n<p>[\/et_pb_text][et_pb_video src=&#8221;https:\/\/youtu.be\/fd9hdo7EhsM&#8221; image_src=&#8221;https:\/\/disteco.com\/wp-content\/uploads\/2017\/08\/peras-al-vino-version-mossen-homs.jpg&#8221; admin_label=&#8221;V\u00eddeo&#8221; _builder_version=&#8221;3.0.51&#8243;][\/et_pb_video][\/et_pb_column][\/et_pb_row][\/et_pb_section][et_pb_section fb_built=&#8221;1&#8243; admin_label=&#8221;Section&#8221; _builder_version=&#8221;3.22&#8243; background_color=&#8221;rgba(255,255,255,0)&#8221; custom_padding=&#8221;0px|||&#8221; custom_padding_tablet=&#8221;0px|||&#8221; transparent_background=&#8221;on&#8221; padding_mobile=&#8221;on&#8221;][et_pb_row admin_label=&#8221;Fila&#8221; _builder_version=&#8221;3.25&#8243; background_size=&#8221;initial&#8221; background_position=&#8221;top_left&#8221; background_repeat=&#8221;repeat&#8221; custom_padding=&#8221;0px|0px|55px|0px&#8221;][et_pb_column type=&#8221;4_4&#8243; _builder_version=&#8221;3.25&#8243; background_position=&#8221;top_left&#8221; custom_padding=&#8221;|||&#8221; custom_padding__hover=&#8221;|||&#8221;][et_pb_text admin_label=&#8221;Comentaris IES Cavall Bernat&#8221; _builder_version=&#8221;4.9.4&#8243; text_text_color=&#8221;#363636&#8243; text_line_height=&#8221;1.5em&#8221; background_size=&#8221;initial&#8221; background_position=&#8221;top_left&#8221; background_repeat=&#8221;repeat&#8221; text_orientation=&#8221;justified&#8221; max_width=&#8221;1400px&#8221; custom_margin=&#8221;30px||0px|&#8221; text_font_size_tablet=&#8221;&#8221; text_font_size_phone=&#8221;&#8221; text_font_size_last_edited=&#8221;on|desktop&#8221; border_style=&#8221;solid&#8221; inline_fonts=&#8221;Comfortaa&#8221;]<\/p>\n<h2><\/h2>\n<h2><\/h2>\n<div class=\"ERSNotesDiv\">\n<hr \/>\n<h3 style=\"text-align: center;\"><strong>Especial agra\u00efment a tots els alumnes de Segon de cicle formatiu de cuina de l&#8217;INS Cavall Bernat <\/strong><strong>per la creaci\u00f3 de la recepta.<\/strong><\/h3>\n<hr \/>\n<p style=\"text-align: center;\"><strong>Aquesta recepta \u00e9s resultat de la col\u00b7laboraci\u00f3 de l&#8217;\u00a0ESCOLA D&#8217;HOSTALERIA MOSS\u00c8N HOMS\u00a0amb\u00a0<a href=\"https:\/\/disteco.com\/ca\/\" target=\"_blank\" rel=\"noopener noreferrer\">GRUP ALIMENTARI DISTECO<\/a> amb el suport de<\/strong><strong>\u00a0<a href=\"https:\/\/baraka-technology.es\/\" target=\"_blank\" rel=\"noopener noreferrer\">BARAKA TECHNOLOGY<\/a><\/strong><\/p>\n<h4 style=\"text-align: center;\"><strong>en el\u00a0<\/strong><strong>&#8220;PROJECTE PER FOMENTAR JOVES CUINERS&#8221;,<\/strong><\/h4>\n<p>&nbsp;<\/p>\n<h4 style=\"text-align: center;\">els principis s\u00f3n<strong> la innovaci\u00f3, la qualitat del producte <\/strong>i<strong> la professionalitat.\u00a0<\/strong><\/h4>\n<\/div>\n<p>[\/et_pb_text][\/et_pb_column][\/et_pb_row][\/et_pb_section]<\/p>\n","protected":false},"excerpt":{"rendered":"<p>\u00a0 Peres al vi, versi\u00f3 Moss\u00e8n Homs Autor: ALUMNES DEL SEGON CICLE FORMATIU DE CUINA DE L&#8217;INS CAVALL BERNAT DE TERRASSA.\u00a0 Tipus de plat:\u00a0POSTRE Tipus de cuina:\u00a0SANA Temps de preparaci\u00f3: \u00a045 minuts\u00a0+ 2-3 hores de rep\u00f2s per al codony. Dificultat:\u00a0MITJAPeres al vi, versi\u00f3 Moss\u00e8n Homs Ingredients Per preparar peres al vi negre es necessiten els [&hellip;]<\/p>\n","protected":false},"author":1,"featured_media":205786,"parent":0,"menu_order":0,"comment_status":"closed","ping_status":"closed","template":"","meta":{"_et_pb_use_builder":"on","_et_pb_old_content":"","_et_gb_content_width":"","footnotes":""},"class_list":["post-206379","page","type-page","status-publish","has-post-thumbnail","hentry"],"yoast_head":"<!-- This site is optimized with the Yoast SEO plugin v26.9 - https:\/\/yoast.com\/product\/yoast-seo-wordpress\/ -->\n<title>Peres al vi, versi\u00f3 Moss\u00e8n Homs<\/title>\n<meta name=\"description\" content=\"Peres al vi negre. Aquesta recepta \u00e9s resultat de la col\u00b7laboraci\u00f3 de l&#039;ESCOLA D&#039;HOSTELERIA M\u00d2SSEN HOMS (IES CAVALL BERNAT) amb DISTECO.\" \/>\n<meta name=\"robots\" content=\"index, follow, max-snippet:-1, max-image-preview:large, max-video-preview:-1\" \/>\n<link rel=\"canonical\" href=\"https:\/\/disteco.com\/ca\/peres-al-vi-versio-mossen-homs\/\" \/>\n<meta property=\"og:locale\" content=\"ca_ES\" \/>\n<meta property=\"og:type\" content=\"article\" \/>\n<meta property=\"og:title\" content=\"Peres al vi, versi\u00f3 Moss\u00e8n Homs\" \/>\n<meta property=\"og:description\" content=\"Peres al vi negre. Aquesta recepta \u00e9s resultat de la col\u00b7laboraci\u00f3 de l&#039;ESCOLA D&#039;HOSTELERIA M\u00d2SSEN HOMS (IES CAVALL BERNAT) amb DISTECO.\" \/>\n<meta property=\"og:url\" content=\"https:\/\/disteco.com\/ca\/peres-al-vi-versio-mossen-homs\/\" \/>\n<meta property=\"og:site_name\" content=\"GRUP ALIMENTARI DISTECO\" \/>\n<meta property=\"article:publisher\" content=\"https:\/\/www.facebook.com\/grupalimentaridisteco\/\" \/>\n<meta property=\"article:modified_time\" content=\"2022-11-25T12:40:05+00:00\" \/>\n<meta property=\"og:image\" content=\"https:\/\/disteco.com\/wp-content\/uploads\/2017\/08\/peras-al-vino-version-mossen-homs.jpg\" \/>\n\t<meta property=\"og:image:width\" content=\"1024\" \/>\n\t<meta property=\"og:image:height\" content=\"683\" \/>\n\t<meta property=\"og:image:type\" content=\"image\/jpeg\" \/>\n<meta name=\"twitter:card\" content=\"summary_large_image\" \/>\n<meta name=\"twitter:site\" content=\"@DistecoGrup\" \/>\n<meta name=\"twitter:label1\" content=\"Temps estimat de lectura\" \/>\n\t<meta name=\"twitter:data1\" content=\"7 minut\" \/>\n<script type=\"application\/ld+json\" class=\"yoast-schema-graph\">{\"@context\":\"https:\/\/schema.org\",\"@graph\":[{\"@type\":\"WebPage\",\"@id\":\"https:\/\/disteco.com\/ca\/peres-al-vi-versio-mossen-homs\/\",\"url\":\"https:\/\/disteco.com\/ca\/peres-al-vi-versio-mossen-homs\/\",\"name\":\"Peres al vi, versi\u00f3 Moss\u00e8n Homs\",\"isPartOf\":{\"@id\":\"https:\/\/disteco.com\/ca\/#website\"},\"primaryImageOfPage\":{\"@id\":\"https:\/\/disteco.com\/ca\/peres-al-vi-versio-mossen-homs\/#primaryimage\"},\"image\":{\"@id\":\"https:\/\/disteco.com\/ca\/peres-al-vi-versio-mossen-homs\/#primaryimage\"},\"thumbnailUrl\":\"https:\/\/disteco.com\/wp-content\/uploads\/2017\/08\/peras-al-vino-version-mossen-homs.jpg\",\"datePublished\":\"2017-08-25T17:37:29+00:00\",\"dateModified\":\"2022-11-25T12:40:05+00:00\",\"description\":\"Peres al vi negre. Aquesta recepta \u00e9s resultat de la col\u00b7laboraci\u00f3 de l'ESCOLA D'HOSTELERIA M\u00d2SSEN HOMS (IES CAVALL BERNAT) amb DISTECO.\",\"breadcrumb\":{\"@id\":\"https:\/\/disteco.com\/ca\/peres-al-vi-versio-mossen-homs\/#breadcrumb\"},\"inLanguage\":\"ca\",\"potentialAction\":[{\"@type\":\"ReadAction\",\"target\":[\"https:\/\/disteco.com\/ca\/peres-al-vi-versio-mossen-homs\/\"]}]},{\"@type\":\"ImageObject\",\"inLanguage\":\"ca\",\"@id\":\"https:\/\/disteco.com\/ca\/peres-al-vi-versio-mossen-homs\/#primaryimage\",\"url\":\"https:\/\/disteco.com\/wp-content\/uploads\/2017\/08\/peras-al-vino-version-mossen-homs.jpg\",\"contentUrl\":\"https:\/\/disteco.com\/wp-content\/uploads\/2017\/08\/peras-al-vino-version-mossen-homs.jpg\",\"width\":1024,\"height\":683},{\"@type\":\"BreadcrumbList\",\"@id\":\"https:\/\/disteco.com\/ca\/peres-al-vi-versio-mossen-homs\/#breadcrumb\",\"itemListElement\":[{\"@type\":\"ListItem\",\"position\":1,\"name\":\"Portada\",\"item\":\"https:\/\/disteco.com\/ca\/\"},{\"@type\":\"ListItem\",\"position\":2,\"name\":\"Peres al vi, versi\u00f3 Moss\u00e8n Homs\"}]},{\"@type\":\"WebSite\",\"@id\":\"https:\/\/disteco.com\/ca\/#website\",\"url\":\"https:\/\/disteco.com\/ca\/\",\"name\":\"GRUP ALIMENTARI DISTECO\",\"description\":\"Distribuci\u00f3 aliment\u00e0ria de productes d'alta qualitat\",\"publisher\":{\"@id\":\"https:\/\/disteco.com\/ca\/#organization\"},\"potentialAction\":[{\"@type\":\"SearchAction\",\"target\":{\"@type\":\"EntryPoint\",\"urlTemplate\":\"https:\/\/disteco.com\/ca\/?s={search_term_string}\"},\"query-input\":{\"@type\":\"PropertyValueSpecification\",\"valueRequired\":true,\"valueName\":\"search_term_string\"}}],\"inLanguage\":\"ca\"},{\"@type\":\"Organization\",\"@id\":\"https:\/\/disteco.com\/ca\/#organization\",\"name\":\"GRUP ALIMENTARI DISTECO\",\"url\":\"https:\/\/disteco.com\/ca\/\",\"logo\":{\"@type\":\"ImageObject\",\"inLanguage\":\"ca\",\"@id\":\"https:\/\/disteco.com\/ca\/#\/schema\/logo\/image\/\",\"url\":\"https:\/\/disteco.com\/wp-content\/uploads\/2017\/03\/logo-grup-alimentari-disteco.png\",\"contentUrl\":\"https:\/\/disteco.com\/wp-content\/uploads\/2017\/03\/logo-grup-alimentari-disteco.png\",\"width\":600,\"height\":61,\"caption\":\"GRUP ALIMENTARI DISTECO\"},\"image\":{\"@id\":\"https:\/\/disteco.com\/ca\/#\/schema\/logo\/image\/\"},\"sameAs\":[\"https:\/\/www.facebook.com\/grupalimentaridisteco\/\",\"https:\/\/x.com\/DistecoGrup\",\"https:\/\/www.instagram.com\/gadisteco\/\",\"https:\/\/www.linkedin.com\/company\/grup-alimentari-disteco\/\",\"https:\/\/www.youtube.com\/@grupalimentaridisteco572\"]}]}<\/script>\n<!-- \/ Yoast SEO plugin. -->","yoast_head_json":{"title":"Peres al vi, versi\u00f3 Moss\u00e8n Homs","description":"Peres al vi negre. Aquesta recepta \u00e9s resultat de la col\u00b7laboraci\u00f3 de l'ESCOLA D'HOSTELERIA M\u00d2SSEN HOMS (IES CAVALL BERNAT) amb DISTECO.","robots":{"index":"index","follow":"follow","max-snippet":"max-snippet:-1","max-image-preview":"max-image-preview:large","max-video-preview":"max-video-preview:-1"},"canonical":"https:\/\/disteco.com\/ca\/peres-al-vi-versio-mossen-homs\/","og_locale":"ca_ES","og_type":"article","og_title":"Peres al vi, versi\u00f3 Moss\u00e8n Homs","og_description":"Peres al vi negre. Aquesta recepta \u00e9s resultat de la col\u00b7laboraci\u00f3 de l'ESCOLA D'HOSTELERIA M\u00d2SSEN HOMS (IES CAVALL BERNAT) amb DISTECO.","og_url":"https:\/\/disteco.com\/ca\/peres-al-vi-versio-mossen-homs\/","og_site_name":"GRUP ALIMENTARI DISTECO","article_publisher":"https:\/\/www.facebook.com\/grupalimentaridisteco\/","article_modified_time":"2022-11-25T12:40:05+00:00","og_image":[{"width":1024,"height":683,"url":"https:\/\/disteco.com\/wp-content\/uploads\/2017\/08\/peras-al-vino-version-mossen-homs.jpg","type":"image\/jpeg"}],"twitter_card":"summary_large_image","twitter_site":"@DistecoGrup","twitter_misc":{"Temps estimat de lectura":"7 minut"},"schema":{"@context":"https:\/\/schema.org","@graph":[{"@type":"WebPage","@id":"https:\/\/disteco.com\/ca\/peres-al-vi-versio-mossen-homs\/","url":"https:\/\/disteco.com\/ca\/peres-al-vi-versio-mossen-homs\/","name":"Peres al vi, versi\u00f3 Moss\u00e8n Homs","isPartOf":{"@id":"https:\/\/disteco.com\/ca\/#website"},"primaryImageOfPage":{"@id":"https:\/\/disteco.com\/ca\/peres-al-vi-versio-mossen-homs\/#primaryimage"},"image":{"@id":"https:\/\/disteco.com\/ca\/peres-al-vi-versio-mossen-homs\/#primaryimage"},"thumbnailUrl":"https:\/\/disteco.com\/wp-content\/uploads\/2017\/08\/peras-al-vino-version-mossen-homs.jpg","datePublished":"2017-08-25T17:37:29+00:00","dateModified":"2022-11-25T12:40:05+00:00","description":"Peres al vi negre. Aquesta recepta \u00e9s resultat de la col\u00b7laboraci\u00f3 de l'ESCOLA D'HOSTELERIA M\u00d2SSEN HOMS (IES CAVALL BERNAT) amb DISTECO.","breadcrumb":{"@id":"https:\/\/disteco.com\/ca\/peres-al-vi-versio-mossen-homs\/#breadcrumb"},"inLanguage":"ca","potentialAction":[{"@type":"ReadAction","target":["https:\/\/disteco.com\/ca\/peres-al-vi-versio-mossen-homs\/"]}]},{"@type":"ImageObject","inLanguage":"ca","@id":"https:\/\/disteco.com\/ca\/peres-al-vi-versio-mossen-homs\/#primaryimage","url":"https:\/\/disteco.com\/wp-content\/uploads\/2017\/08\/peras-al-vino-version-mossen-homs.jpg","contentUrl":"https:\/\/disteco.com\/wp-content\/uploads\/2017\/08\/peras-al-vino-version-mossen-homs.jpg","width":1024,"height":683},{"@type":"BreadcrumbList","@id":"https:\/\/disteco.com\/ca\/peres-al-vi-versio-mossen-homs\/#breadcrumb","itemListElement":[{"@type":"ListItem","position":1,"name":"Portada","item":"https:\/\/disteco.com\/ca\/"},{"@type":"ListItem","position":2,"name":"Peres al vi, versi\u00f3 Moss\u00e8n Homs"}]},{"@type":"WebSite","@id":"https:\/\/disteco.com\/ca\/#website","url":"https:\/\/disteco.com\/ca\/","name":"GRUP ALIMENTARI DISTECO","description":"Distribuci\u00f3 aliment\u00e0ria de productes d'alta qualitat","publisher":{"@id":"https:\/\/disteco.com\/ca\/#organization"},"potentialAction":[{"@type":"SearchAction","target":{"@type":"EntryPoint","urlTemplate":"https:\/\/disteco.com\/ca\/?s={search_term_string}"},"query-input":{"@type":"PropertyValueSpecification","valueRequired":true,"valueName":"search_term_string"}}],"inLanguage":"ca"},{"@type":"Organization","@id":"https:\/\/disteco.com\/ca\/#organization","name":"GRUP ALIMENTARI DISTECO","url":"https:\/\/disteco.com\/ca\/","logo":{"@type":"ImageObject","inLanguage":"ca","@id":"https:\/\/disteco.com\/ca\/#\/schema\/logo\/image\/","url":"https:\/\/disteco.com\/wp-content\/uploads\/2017\/03\/logo-grup-alimentari-disteco.png","contentUrl":"https:\/\/disteco.com\/wp-content\/uploads\/2017\/03\/logo-grup-alimentari-disteco.png","width":600,"height":61,"caption":"GRUP ALIMENTARI DISTECO"},"image":{"@id":"https:\/\/disteco.com\/ca\/#\/schema\/logo\/image\/"},"sameAs":["https:\/\/www.facebook.com\/grupalimentaridisteco\/","https:\/\/x.com\/DistecoGrup","https:\/\/www.instagram.com\/gadisteco\/","https:\/\/www.linkedin.com\/company\/grup-alimentari-disteco\/","https:\/\/www.youtube.com\/@grupalimentaridisteco572"]}]}},"_links":{"self":[{"href":"https:\/\/disteco.com\/ca\/wp-json\/wp\/v2\/pages\/206379","targetHints":{"allow":["GET"]}}],"collection":[{"href":"https:\/\/disteco.com\/ca\/wp-json\/wp\/v2\/pages"}],"about":[{"href":"https:\/\/disteco.com\/ca\/wp-json\/wp\/v2\/types\/page"}],"author":[{"embeddable":true,"href":"https:\/\/disteco.com\/ca\/wp-json\/wp\/v2\/users\/1"}],"replies":[{"embeddable":true,"href":"https:\/\/disteco.com\/ca\/wp-json\/wp\/v2\/comments?post=206379"}],"version-history":[{"count":6,"href":"https:\/\/disteco.com\/ca\/wp-json\/wp\/v2\/pages\/206379\/revisions"}],"predecessor-version":[{"id":250625,"href":"https:\/\/disteco.com\/ca\/wp-json\/wp\/v2\/pages\/206379\/revisions\/250625"}],"wp:featuredmedia":[{"embeddable":true,"href":"https:\/\/disteco.com\/ca\/wp-json\/wp\/v2\/media\/205786"}],"wp:attachment":[{"href":"https:\/\/disteco.com\/ca\/wp-json\/wp\/v2\/media?parent=206379"}],"curies":[{"name":"wp","href":"https:\/\/api.w.org\/{rel}","templated":true}]}}