{"id":206207,"date":"2017-08-23T08:57:43","date_gmt":"2017-08-23T08:57:43","guid":{"rendered":"http:\/\/disteco.com\/receptes-de-cuina\/jamon-iberico-con-pan-con-tomate\/"},"modified":"2017-09-11T17:30:11","modified_gmt":"2017-09-11T17:30:11","slug":"pernil-iberic-amb-pa-amb-tomaquet","status":"publish","type":"page","link":"https:\/\/disteco.com\/ca\/pernil-iberic-amb-pa-amb-tomaquet\/","title":{"rendered":"Pernil ib\u00e8ric amb pa amb tom\u00e0quet"},"content":{"rendered":"<p>[et_pb_section bb_built=&#8221;1&#8243; admin_label=&#8221;section&#8221; background_color=&#8221;rgba(255,255,255,0.02)&#8221; custom_padding=&#8221;||0px|&#8221; padding_mobile=&#8221;on&#8221; _builder_version=&#8221;3.0.51&#8243; background_image=&#8221;http:\/\/disteco.com\/wp-content\/uploads\/2017\/08\/jam\u00f3n-ib\u00e9rico-con-pan-con-tomate.jpg&#8221; parallax=&#8221;on&#8221; parallax_method=&#8221;off&#8221;][et_pb_row admin_label=&#8221;row&#8221; custom_padding=&#8221;||0px|&#8221; padding_mobile=&#8221;on&#8221; column_padding_mobile=&#8221;on&#8221; parallax_method_1=&#8221;off&#8221; _builder_version=&#8221;3.0.51&#8243; background_size=&#8221;initial&#8221; background_position=&#8221;top_left&#8221; background_repeat=&#8221;repeat&#8221;][et_pb_column type=&#8221;4_4&#8243;][et_pb_divider admin_label=&#8221;Divider&#8221; height=&#8221;110&#8243; _builder_version=&#8221;3.0.51&#8243; \/][\/et_pb_column][\/et_pb_row][\/et_pb_section][et_pb_section bb_built=&#8221;1&#8243; admin_label=&#8221;Section&#8221; background_color=&#8221;#f7f7f4&#8243; custom_padding=&#8221;0px||0px|&#8221; _builder_version=&#8221;3.0.51&#8243;][et_pb_row admin_label=&#8221;row&#8221; use_custom_width=&#8221;on&#8221; custom_width_px=&#8221;620px&#8221; custom_padding=&#8221;0px||0px|&#8221; column_padding_mobile=&#8221;on&#8221; parallax_method_1=&#8221;off&#8221; parallax_method_2=&#8221;off&#8221; _builder_version=&#8221;3.0.51&#8243; background_size=&#8221;initial&#8221; background_position=&#8221;top_left&#8221; background_repeat=&#8221;repeat&#8221;][et_pb_column type=&#8221;4_4&#8243;][et_pb_image admin_label=&#8221;logo GAD&#8221; src=&#8221;http:\/\/disteco.com\/wp-content\/uploads\/2017\/03\/gad-grup-alimentari-disteco.png&#8221; animation=&#8221;off&#8221; sticky=&#8221;on&#8221; align=&#8221;center&#8221; _builder_version=&#8221;3.0.51&#8243; custom_margin=&#8221;-48px|||&#8221; \/][et_pb_text admin_label=&#8221;Familia de recetas&#8221; text_orientation=&#8221;center&#8221; _builder_version=&#8221;3.0.51&#8243; text_font=&#8221;PT Sans|on|||&#8221; text_text_color=&#8221;#bcbcbc&#8221; text_letter_spacing=&#8221;2px&#8221; background_size=&#8221;initial&#8221; background_position=&#8221;top_left&#8221; background_repeat=&#8221;repeat&#8221; custom_margin=&#8221;||0px|&#8221; custom_padding=&#8221;||0px|&#8221; inline_fonts=&#8221;Montserrat&#8221;]<\/p>\n<p class=\"\" style=\"text-align: center;\"><span style=\"font-family: Montserrat; font-weight: normal; font-size: large;\">\u00a0<\/span><\/p>\n<p>[\/et_pb_text][et_pb_text admin_label=&#8221;T\u00edtulo&#8221; text_orientation=&#8221;center&#8221; max_width=&#8221;660px&#8221; _builder_version=&#8221;3.0.51&#8243; text_font=&#8221;PT Sans||||&#8221; text_font_size=&#8221;72&#8243; text_font_size_tablet=&#8221;52&#8243; text_font_size_last_edited=&#8221;on|desktop&#8221; text_text_color=&#8221;#1d1d1d&#8221; text_line_height=&#8221;1.1em&#8221; background_size=&#8221;initial&#8221; background_position=&#8221;top_left&#8221; background_repeat=&#8221;repeat&#8221; custom_margin=&#8221;18px||80px|&#8221;]<\/p>\n<h1 class=\"entry-title\"><span style=\"color: #000000;\"><strong>Pernil ib\u00e8ric amb pa amb tom\u00e0quet<\/strong><\/span><\/h1>\n<p>[\/et_pb_text][\/et_pb_column][\/et_pb_row][et_pb_row admin_label=&#8221;Fila&#8221; custom_padding=&#8221;0px|0px|0px|0px&#8221; background_position_1=&#8221;top_left&#8221; background_position_2=&#8221;top_left&#8221; background_repeat_1=&#8221;no-repeat&#8221; background_repeat_2=&#8221;no-repeat&#8221; _builder_version=&#8221;3.0.51&#8243; background_size=&#8221;initial&#8221; background_position=&#8221;top_left&#8221; background_repeat=&#8221;repeat&#8221;][et_pb_column type=&#8221;1_4&#8243;][et_pb_text admin_label=&#8221;Autor receta&#8221; _builder_version=&#8221;3.0.51&#8243; background_layout=&#8221;light&#8221; text_orientation=&#8221;left&#8221; border_style=&#8221;solid&#8221;]<\/p>\n<p><span style=\"color: #000000;\"><strong>Autor:<\/strong> DISTECO<\/span><\/p>\n<p><span style=\"color: #000000;\"><strong>Tipus de plat:<\/strong> TOTS<\/span><\/p>\n<p><span style=\"color: #000000;\"><strong>Tipus de cuina:<\/strong> SANA<\/span><\/p>\n<p><span style=\"color: #000000;\"><strong>Temps de preparaci\u00f3:<\/strong> 5-10 MINUTS<\/span><\/p>\n<p><span style=\"color: #000000;\"><strong>Dificultat:<\/strong> F\u00c0CIL<\/span><\/p>\n<p>[\/et_pb_text][\/et_pb_column][et_pb_column type=&#8221;3_4&#8243;][et_pb_image admin_label=&#8221;Image&#8221; src=&#8221;http:\/\/disteco.com\/wp-content\/uploads\/2017\/08\/jam\u00f3n-ib\u00e9rico-con-pan-con-tomate.jpg&#8221; animation=&#8221;fade_in&#8221; sticky=&#8221;on&#8221; _builder_version=&#8221;3.0.51&#8243; \/][et_pb_text admin_label=&#8221;T\u00edtulo imagen&#8221; max_width=&#8221;400px&#8221; _builder_version=&#8221;3.0.51&#8243; text_font=&#8221;PT Serif||on||&#8221; text_font_size=&#8221;12&#8243; text_text_color=&#8221;#363636&#8243; text_line_height=&#8221;1.2em&#8221; background_size=&#8221;initial&#8221; background_position=&#8221;top_left&#8221; background_repeat=&#8221;repeat&#8221; custom_margin=&#8221;6px|||&#8221; inline_fonts=&#8221;Comfortaa&#8221;]<\/p>\n<p>&nbsp;<\/p>\n<p><span style=\"color: #e02b20; font-family: Comfortaa;\">Pernil ib\u00e8ric amb pa amb tom\u00e0quet<\/span><\/p>\n<p>[\/et_pb_text][et_pb_divider admin_label=&#8221;Separador&#8221; color=&#8221;#aeaeac&#8221; show_divider=&#8221;on&#8221; divider_style=&#8221;solid&#8221; divider_position=&#8221;top&#8221; hide_on_mobile=&#8221;off&#8221; _builder_version=&#8221;3.0.51&#8243; custom_css_main_element=&#8221;width:130px;&#8221; \/][\/et_pb_column][\/et_pb_row][\/et_pb_section][et_pb_section bb_built=&#8221;1&#8243; admin_label=&#8221;Section&#8221; transparent_background=&#8221;on&#8221; custom_padding=&#8221;0px|||&#8221; padding_mobile=&#8221;on&#8221; _builder_version=&#8221;3.0.51&#8243;][et_pb_row admin_label=&#8221;Fila&#8221; custom_padding=&#8221;0px|0px|55px|0px&#8221; background_position_1=&#8221;top_left&#8221; background_position_2=&#8221;top_left&#8221; background_repeat_1=&#8221;no-repeat&#8221; background_repeat_2=&#8221;no-repeat&#8221; _builder_version=&#8221;3.0.51&#8243; background_size=&#8221;initial&#8221; background_position=&#8221;top_left&#8221; background_repeat=&#8221;repeat&#8221;][et_pb_column type=&#8221;4_4&#8243;][et_pb_text admin_label=&#8221;Ingredientes&#8221; max_width=&#8221;1400px&#8221; _builder_version=&#8221;3.0.51&#8243; text_font_size_last_edited=&#8221;on|desktop&#8221; text_text_color=&#8221;#363636&#8243; text_line_height=&#8221;1.5em&#8221; background_size=&#8221;initial&#8221; background_position=&#8221;top_left&#8221; background_repeat=&#8221;repeat&#8221; custom_margin=&#8221;30px||0px|&#8221; inline_fonts=&#8221;Comfortaa&#8221;]<\/p>\n<h2 class=\"p1\" style=\"text-align: center;\">\u00a0<strong><a href=\"\/?page_id=204802\" target=\"_blank\" rel=\"noopener noreferrer\">El pernil ib\u00e8ric<\/a>, un<\/strong><b>\u00a0dels nostres productes m\u00e9s populars<\/b><\/h2>\n<p>&nbsp;<\/p>\n<h3 class=\"Cuerpo\"><strong><span lang=\"ES-TRAD\">El pernil ib\u00e8ric amb pa amb tom\u00e0quet \u00e9s una mostra perfecta del millor de la gastronomia Mediterr\u00e0nia.<\/span><\/strong><\/h3>\n<p>&nbsp;<\/p>\n<p>Un mos amb molt poc greix i una gran quantitat de nutrients que a m\u00e9s est\u00e0 delici\u00f3s, aix\u00ed que no se li pot demanar m\u00e9s.<\/p>\n<p>Encara que sembla una cosa senzilla, en realitat hi ha moltes formes diferents de preparar un pa amb tom\u00e0quet i pernil ib\u00e8ric.<\/p>\n<div class=\"ERSInstructions\"><\/div>\n<div class=\"ERSInstructions\"><\/div>\n<p>[\/et_pb_text][et_pb_text admin_label=&#8221;Receta&#8221; max_width=&#8221;1400px&#8221; _builder_version=&#8221;3.0.51&#8243; text_font_size_last_edited=&#8221;on|desktop&#8221; text_text_color=&#8221;#363636&#8243; text_line_height=&#8221;1.5em&#8221; background_size=&#8221;initial&#8221; background_position=&#8221;top_left&#8221; background_repeat=&#8221;repeat&#8221; custom_margin=&#8221;30px||0px|&#8221; inline_fonts=&#8221;Comfortaa&#8221;]<\/p>\n<h2 class=\"Cuerpo\"><\/h2>\n<h2 class=\"Cuerpo\"><strong>Recepta de Pernil ib\u00e8ric amb pa amb tom\u00e0quet<\/strong><\/h2>\n<p>&nbsp;<\/p>\n<p>El primer \u00e9s fer una bona elecci\u00f3 del pa i del pernil, que s\u00f3n els ingredients essencials d&#8217;aquest plat.<\/p>\n<p>Per fer el t\u00edpic &#8220;pa amb tom\u00e0quet&#8221; ens va a fer falta un pa de pag\u00e8s, tom\u00e0quets que estiguin madurs i tous, pernil ib\u00e8ric, sal i una mica d&#8217;oli d&#8217;oliva verge extra.<\/p>\n<ul>\n<li>El pa ha de tallar-se en llesques d&#8217;un o dos cent\u00edmetres.<\/li>\n<li>A continuaci\u00f3 es fica al forn per torrar-se una mica.<\/li>\n<li>Cal controlar b\u00e9 la temperatura i el temps que es t\u00e9 el pa dins per evitar que s&#8217;acabi cremant.<\/li>\n<li>A continuaci\u00f3, es refreguen els tom\u00e0quets sobre el pa.<\/li>\n<li>Hi ha qui utilitza un recipient gran i ratlla els tom\u00e0quets, despr\u00e9s els afegeix una mica de sal i un raig d&#8217;oli d&#8217;oliva verge extra. En aquest pas, tamb\u00e9 hi ha qui afegeix a m\u00e9s un polsim de pebre negre acabat de moldre.<\/li>\n<li>Quan el pa estigui llest, es posa sobre ell el tom\u00e0quet i tot seguit el pernil ib\u00e8ric.<\/li>\n<li>El plat ja est\u00e0 llest per degustar.<\/li>\n<li>Una altra de les variants d&#8217;aquest plat aplica una mica d&#8217;all sobre la llesca de pa torrat perqu\u00e8 agafi m\u00e9s gust, untant l&#8217;all perqu\u00e8 impregni el pa amb el seu sabor.<\/li>\n<\/ul>\n<p>[\/et_pb_text][et_pb_text admin_label=&#8221;Valor nutricional &#8221; max_width=&#8221;800px&#8221; _builder_version=&#8221;3.0.51&#8243; text_font_size_last_edited=&#8221;on|desktop&#8221; text_text_color=&#8221;#363636&#8243; text_line_height=&#8221;1.5em&#8221; background_size=&#8221;initial&#8221; background_position=&#8221;top_left&#8221; background_repeat=&#8221;repeat&#8221; custom_margin=&#8221;30px||0px|&#8221; inline_fonts=&#8221;Comfortaa&#8221;]<\/p>\n<div class=\"ERSInstructions\">\n<h2><strong>Informaci\u00f3 nutricional de pernil ib\u00e8ric per 100 grams<\/strong><\/h2>\n<\/div>\n<table class=\"food_summary\" style=\"height: 333px;\" summary=\"Jam\u00f3n iberico: Informaci\u00f3n nutricional\" width=\"505\">\n<tbody>\n<tr class=\"first\">\n<th style=\"text-align: left;\" colspan=\"2\">Calories<\/th>\n<td colspan=\"2\">375 kcal.<\/td>\n<\/tr>\n<tr>\n<th style=\"text-align: left;\" colspan=\"2\">Greix<\/th>\n<td colspan=\"2\">22,40 g.<\/td>\n<\/tr>\n<tr>\n<th style=\"text-align: left;\" colspan=\"2\">Colesterol<\/th>\n<td colspan=\"2\">0 mg.<\/td>\n<\/tr>\n<tr>\n<th style=\"text-align: left;\" colspan=\"2\">Sodi<\/th>\n<td colspan=\"2\">1110,90 mg.<\/td>\n<\/tr>\n<tr>\n<th style=\"text-align: left;\" colspan=\"2\">Carbohidrats<\/th>\n<td colspan=\"2\">0,10 g.<\/td>\n<\/tr>\n<tr>\n<th style=\"text-align: left;\" colspan=\"2\">Fibra<\/th>\n<td colspan=\"2\">0 g.<\/td>\n<\/tr>\n<tr>\n<th style=\"text-align: left;\" colspan=\"2\">Sucres<\/th>\n<td colspan=\"2\">0,10 g.<\/td>\n<\/tr>\n<tr>\n<th style=\"text-align: left;\" colspan=\"2\">Prote\u00efnes<\/th>\n<td colspan=\"2\">43,20 g.<\/td>\n<\/tr>\n<tr class=\"mini separated\">\n<th class=\"leftmost\" style=\"text-align: left;\">Vitamina A<\/th>\n<td class=\"leftcenter\">0 ug.<\/td>\n<th class=\"rightcenter\" style=\"text-align: left;\">\u00a0Vitamina C<\/th>\n<td class=\"rightmost\">0 mg.<\/td>\n<\/tr>\n<tr class=\"mini\">\n<th class=\"leftmost\" style=\"text-align: left;\">Vitamina B12<\/th>\n<td class=\"leftcenter\">15,68 ug.<\/td>\n<th class=\"rightcenter\" style=\"text-align: left;\">\u00a0Calci<\/th>\n<td class=\"rightmost\">27,08 mg.<\/td>\n<\/tr>\n<tr class=\"mini\">\n<th class=\"leftmost\" style=\"text-align: left;\">Ferro<\/th>\n<td class=\"leftcenter\" style=\"text-align: left;\">3,35 mg.<\/td>\n<th class=\"rightcenter\" style=\"text-align: left;\">\u00a0Vitamina B3<\/th>\n<td class=\"rightmost\" style=\"text-align: left;\">0 mg.<\/td>\n<\/tr>\n<\/tbody>\n<\/table>\n<p>[\/et_pb_text][et_pb_text admin_label=&#8221;Comentarios a la receta&#8221; text_orientation=&#8221;justified&#8221; max_width=&#8221;1400px&#8221; _builder_version=&#8221;3.0.51&#8243; text_font_size_last_edited=&#8221;on|desktop&#8221; text_text_color=&#8221;#363636&#8243; text_line_height=&#8221;1.5em&#8221; background_size=&#8221;initial&#8221; background_position=&#8221;top_left&#8221; background_repeat=&#8221;repeat&#8221; custom_margin=&#8221;30px||0px|&#8221; inline_fonts=&#8221;Comfortaa&#8221;]<\/p>\n<h2><\/h2>\n<h2><\/h2>\n<h2><strong>El\u00a0<em>\u201cp\u00e0 amb tom\u00e0quet\u00a0<\/em>\u201d\u00a0<\/strong><\/h2>\n<p>&nbsp;<\/p>\n<p class=\"Cuerpo\"><strong>En qualsevol de les seves variants, el &#8220;pa amb tom\u00e0quet&#8221; \u00e9s excel\u00b7lent<\/strong>\u00a0en l&#8217;esmorzar, com dinar, com a berenar i fins i tot quan es vol prendre un sopar que ens aporti energia. Per les seves peculiaritats, \u00e9s un plat que est\u00e0 indicat fins i tot per a aquelles persones que estan controlant el seu pes.<\/p>\n<p>[\/et_pb_text][\/et_pb_column][\/et_pb_row][\/et_pb_section]<\/p>\n","protected":false},"excerpt":{"rendered":"<p>\u00a0 Pernil ib\u00e8ric amb pa amb tom\u00e0quet Autor: DISTECO Tipus de plat: TOTS Tipus de cuina: SANA Temps de preparaci\u00f3: 5-10 MINUTS Dificultat: F\u00c0CIL &nbsp; Pernil ib\u00e8ric amb pa amb tom\u00e0quet \u00a0El pernil ib\u00e8ric, un\u00a0dels nostres productes m\u00e9s populars &nbsp; El pernil ib\u00e8ric amb pa amb tom\u00e0quet \u00e9s una mostra perfecta del millor de la [&hellip;]<\/p>\n","protected":false},"author":1,"featured_media":205716,"parent":0,"menu_order":0,"comment_status":"closed","ping_status":"closed","template":"","meta":{"_et_pb_use_builder":"on","_et_pb_old_content":"","_et_gb_content_width":"","footnotes":""},"class_list":["post-206207","page","type-page","status-publish","has-post-thumbnail","hentry"],"yoast_head":"<!-- This site is optimized with the Yoast SEO plugin v26.9 - https:\/\/yoast.com\/product\/yoast-seo-wordpress\/ -->\n<title>Pernil ib\u00e8ric amb pa amb tom\u00e0quet, una de les receptes que m\u00e9s agraden<\/title>\n<meta name=\"description\" content=\"El pernil ib\u00e8ric amb pa amb tom\u00e0quet \u00e9s una mostra perfecta del millor de la gastronomia. Un mos amb molt poc greix i una gran quantitat de nutrients.\" \/>\n<meta name=\"robots\" content=\"index, follow, max-snippet:-1, max-image-preview:large, max-video-preview:-1\" \/>\n<link rel=\"canonical\" href=\"https:\/\/disteco.com\/ca\/pernil-iberic-amb-pa-amb-tomaquet\/\" \/>\n<meta property=\"og:locale\" content=\"ca_ES\" \/>\n<meta property=\"og:type\" content=\"article\" \/>\n<meta property=\"og:title\" content=\"Pernil ib\u00e8ric amb pa amb tom\u00e0quet, una de les receptes que m\u00e9s agraden\" \/>\n<meta property=\"og:description\" content=\"El pernil ib\u00e8ric amb pa amb tom\u00e0quet \u00e9s una mostra perfecta del millor de la gastronomia. Un mos amb molt poc greix i una gran quantitat de nutrients.\" \/>\n<meta property=\"og:url\" content=\"https:\/\/disteco.com\/ca\/pernil-iberic-amb-pa-amb-tomaquet\/\" \/>\n<meta property=\"og:site_name\" content=\"GRUP ALIMENTARI DISTECO\" \/>\n<meta property=\"article:publisher\" content=\"https:\/\/www.facebook.com\/grupalimentaridisteco\/\" \/>\n<meta property=\"article:modified_time\" content=\"2017-09-11T17:30:11+00:00\" \/>\n<meta property=\"og:image\" content=\"https:\/\/disteco.com\/wp-content\/uploads\/2017\/08\/jam\u00f3n-ib\u00e9rico-con-pan-con-tomate.jpg\" \/>\n\t<meta property=\"og:image:width\" content=\"1024\" \/>\n\t<meta property=\"og:image:height\" content=\"683\" \/>\n\t<meta property=\"og:image:type\" content=\"image\/jpeg\" \/>\n<meta name=\"twitter:card\" content=\"summary_large_image\" \/>\n<meta name=\"twitter:site\" content=\"@DistecoGrup\" \/>\n<meta name=\"twitter:label1\" content=\"Temps estimat de lectura\" \/>\n\t<meta name=\"twitter:data1\" content=\"6 minut\" \/>\n<script type=\"application\/ld+json\" class=\"yoast-schema-graph\">{\"@context\":\"https:\/\/schema.org\",\"@graph\":[{\"@type\":\"WebPage\",\"@id\":\"https:\/\/disteco.com\/ca\/pernil-iberic-amb-pa-amb-tomaquet\/\",\"url\":\"https:\/\/disteco.com\/ca\/pernil-iberic-amb-pa-amb-tomaquet\/\",\"name\":\"Pernil ib\u00e8ric amb pa amb tom\u00e0quet, una de les receptes que m\u00e9s agraden\",\"isPartOf\":{\"@id\":\"https:\/\/disteco.com\/ca\/#website\"},\"primaryImageOfPage\":{\"@id\":\"https:\/\/disteco.com\/ca\/pernil-iberic-amb-pa-amb-tomaquet\/#primaryimage\"},\"image\":{\"@id\":\"https:\/\/disteco.com\/ca\/pernil-iberic-amb-pa-amb-tomaquet\/#primaryimage\"},\"thumbnailUrl\":\"https:\/\/disteco.com\/wp-content\/uploads\/2017\/08\/jam\u00f3n-ib\u00e9rico-con-pan-con-tomate.jpg\",\"datePublished\":\"2017-08-23T08:57:43+00:00\",\"dateModified\":\"2017-09-11T17:30:11+00:00\",\"description\":\"El pernil ib\u00e8ric amb pa amb tom\u00e0quet \u00e9s una mostra perfecta del millor de la gastronomia. Un mos amb molt poc greix i una gran quantitat de nutrients.\",\"breadcrumb\":{\"@id\":\"https:\/\/disteco.com\/ca\/pernil-iberic-amb-pa-amb-tomaquet\/#breadcrumb\"},\"inLanguage\":\"ca\",\"potentialAction\":[{\"@type\":\"ReadAction\",\"target\":[\"https:\/\/disteco.com\/ca\/pernil-iberic-amb-pa-amb-tomaquet\/\"]}]},{\"@type\":\"ImageObject\",\"inLanguage\":\"ca\",\"@id\":\"https:\/\/disteco.com\/ca\/pernil-iberic-amb-pa-amb-tomaquet\/#primaryimage\",\"url\":\"https:\/\/disteco.com\/wp-content\/uploads\/2017\/08\/jam\u00f3n-ib\u00e9rico-con-pan-con-tomate.jpg\",\"contentUrl\":\"https:\/\/disteco.com\/wp-content\/uploads\/2017\/08\/jam\u00f3n-ib\u00e9rico-con-pan-con-tomate.jpg\",\"width\":1024,\"height\":683},{\"@type\":\"BreadcrumbList\",\"@id\":\"https:\/\/disteco.com\/ca\/pernil-iberic-amb-pa-amb-tomaquet\/#breadcrumb\",\"itemListElement\":[{\"@type\":\"ListItem\",\"position\":1,\"name\":\"Portada\",\"item\":\"https:\/\/disteco.com\/ca\/\"},{\"@type\":\"ListItem\",\"position\":2,\"name\":\"Pernil ib\u00e8ric amb pa amb tom\u00e0quet\"}]},{\"@type\":\"WebSite\",\"@id\":\"https:\/\/disteco.com\/ca\/#website\",\"url\":\"https:\/\/disteco.com\/ca\/\",\"name\":\"GRUP ALIMENTARI DISTECO\",\"description\":\"Distribuci\u00f3 aliment\u00e0ria de productes d'alta qualitat\",\"publisher\":{\"@id\":\"https:\/\/disteco.com\/ca\/#organization\"},\"potentialAction\":[{\"@type\":\"SearchAction\",\"target\":{\"@type\":\"EntryPoint\",\"urlTemplate\":\"https:\/\/disteco.com\/ca\/?s={search_term_string}\"},\"query-input\":{\"@type\":\"PropertyValueSpecification\",\"valueRequired\":true,\"valueName\":\"search_term_string\"}}],\"inLanguage\":\"ca\"},{\"@type\":\"Organization\",\"@id\":\"https:\/\/disteco.com\/ca\/#organization\",\"name\":\"GRUP ALIMENTARI DISTECO\",\"url\":\"https:\/\/disteco.com\/ca\/\",\"logo\":{\"@type\":\"ImageObject\",\"inLanguage\":\"ca\",\"@id\":\"https:\/\/disteco.com\/ca\/#\/schema\/logo\/image\/\",\"url\":\"https:\/\/disteco.com\/wp-content\/uploads\/2017\/03\/logo-grup-alimentari-disteco.png\",\"contentUrl\":\"https:\/\/disteco.com\/wp-content\/uploads\/2017\/03\/logo-grup-alimentari-disteco.png\",\"width\":600,\"height\":61,\"caption\":\"GRUP ALIMENTARI DISTECO\"},\"image\":{\"@id\":\"https:\/\/disteco.com\/ca\/#\/schema\/logo\/image\/\"},\"sameAs\":[\"https:\/\/www.facebook.com\/grupalimentaridisteco\/\",\"https:\/\/x.com\/DistecoGrup\",\"https:\/\/www.instagram.com\/gadisteco\/\",\"https:\/\/www.linkedin.com\/company\/grup-alimentari-disteco\/\",\"https:\/\/www.youtube.com\/@grupalimentaridisteco572\"]}]}<\/script>\n<!-- \/ Yoast SEO plugin. -->","yoast_head_json":{"title":"Pernil ib\u00e8ric amb pa amb tom\u00e0quet, una de les receptes que m\u00e9s agraden","description":"El pernil ib\u00e8ric amb pa amb tom\u00e0quet \u00e9s una mostra perfecta del millor de la gastronomia. Un mos amb molt poc greix i una gran quantitat de nutrients.","robots":{"index":"index","follow":"follow","max-snippet":"max-snippet:-1","max-image-preview":"max-image-preview:large","max-video-preview":"max-video-preview:-1"},"canonical":"https:\/\/disteco.com\/ca\/pernil-iberic-amb-pa-amb-tomaquet\/","og_locale":"ca_ES","og_type":"article","og_title":"Pernil ib\u00e8ric amb pa amb tom\u00e0quet, una de les receptes que m\u00e9s agraden","og_description":"El pernil ib\u00e8ric amb pa amb tom\u00e0quet \u00e9s una mostra perfecta del millor de la gastronomia. Un mos amb molt poc greix i una gran quantitat de nutrients.","og_url":"https:\/\/disteco.com\/ca\/pernil-iberic-amb-pa-amb-tomaquet\/","og_site_name":"GRUP ALIMENTARI DISTECO","article_publisher":"https:\/\/www.facebook.com\/grupalimentaridisteco\/","article_modified_time":"2017-09-11T17:30:11+00:00","og_image":[{"width":1024,"height":683,"url":"https:\/\/disteco.com\/wp-content\/uploads\/2017\/08\/jam\u00f3n-ib\u00e9rico-con-pan-con-tomate.jpg","type":"image\/jpeg"}],"twitter_card":"summary_large_image","twitter_site":"@DistecoGrup","twitter_misc":{"Temps estimat de lectura":"6 minut"},"schema":{"@context":"https:\/\/schema.org","@graph":[{"@type":"WebPage","@id":"https:\/\/disteco.com\/ca\/pernil-iberic-amb-pa-amb-tomaquet\/","url":"https:\/\/disteco.com\/ca\/pernil-iberic-amb-pa-amb-tomaquet\/","name":"Pernil ib\u00e8ric amb pa amb tom\u00e0quet, una de les receptes que m\u00e9s agraden","isPartOf":{"@id":"https:\/\/disteco.com\/ca\/#website"},"primaryImageOfPage":{"@id":"https:\/\/disteco.com\/ca\/pernil-iberic-amb-pa-amb-tomaquet\/#primaryimage"},"image":{"@id":"https:\/\/disteco.com\/ca\/pernil-iberic-amb-pa-amb-tomaquet\/#primaryimage"},"thumbnailUrl":"https:\/\/disteco.com\/wp-content\/uploads\/2017\/08\/jam\u00f3n-ib\u00e9rico-con-pan-con-tomate.jpg","datePublished":"2017-08-23T08:57:43+00:00","dateModified":"2017-09-11T17:30:11+00:00","description":"El pernil ib\u00e8ric amb pa amb tom\u00e0quet \u00e9s una mostra perfecta del millor de la gastronomia. Un mos amb molt poc greix i una gran quantitat de nutrients.","breadcrumb":{"@id":"https:\/\/disteco.com\/ca\/pernil-iberic-amb-pa-amb-tomaquet\/#breadcrumb"},"inLanguage":"ca","potentialAction":[{"@type":"ReadAction","target":["https:\/\/disteco.com\/ca\/pernil-iberic-amb-pa-amb-tomaquet\/"]}]},{"@type":"ImageObject","inLanguage":"ca","@id":"https:\/\/disteco.com\/ca\/pernil-iberic-amb-pa-amb-tomaquet\/#primaryimage","url":"https:\/\/disteco.com\/wp-content\/uploads\/2017\/08\/jam\u00f3n-ib\u00e9rico-con-pan-con-tomate.jpg","contentUrl":"https:\/\/disteco.com\/wp-content\/uploads\/2017\/08\/jam\u00f3n-ib\u00e9rico-con-pan-con-tomate.jpg","width":1024,"height":683},{"@type":"BreadcrumbList","@id":"https:\/\/disteco.com\/ca\/pernil-iberic-amb-pa-amb-tomaquet\/#breadcrumb","itemListElement":[{"@type":"ListItem","position":1,"name":"Portada","item":"https:\/\/disteco.com\/ca\/"},{"@type":"ListItem","position":2,"name":"Pernil ib\u00e8ric amb pa amb tom\u00e0quet"}]},{"@type":"WebSite","@id":"https:\/\/disteco.com\/ca\/#website","url":"https:\/\/disteco.com\/ca\/","name":"GRUP ALIMENTARI DISTECO","description":"Distribuci\u00f3 aliment\u00e0ria de productes d'alta qualitat","publisher":{"@id":"https:\/\/disteco.com\/ca\/#organization"},"potentialAction":[{"@type":"SearchAction","target":{"@type":"EntryPoint","urlTemplate":"https:\/\/disteco.com\/ca\/?s={search_term_string}"},"query-input":{"@type":"PropertyValueSpecification","valueRequired":true,"valueName":"search_term_string"}}],"inLanguage":"ca"},{"@type":"Organization","@id":"https:\/\/disteco.com\/ca\/#organization","name":"GRUP ALIMENTARI DISTECO","url":"https:\/\/disteco.com\/ca\/","logo":{"@type":"ImageObject","inLanguage":"ca","@id":"https:\/\/disteco.com\/ca\/#\/schema\/logo\/image\/","url":"https:\/\/disteco.com\/wp-content\/uploads\/2017\/03\/logo-grup-alimentari-disteco.png","contentUrl":"https:\/\/disteco.com\/wp-content\/uploads\/2017\/03\/logo-grup-alimentari-disteco.png","width":600,"height":61,"caption":"GRUP ALIMENTARI DISTECO"},"image":{"@id":"https:\/\/disteco.com\/ca\/#\/schema\/logo\/image\/"},"sameAs":["https:\/\/www.facebook.com\/grupalimentaridisteco\/","https:\/\/x.com\/DistecoGrup","https:\/\/www.instagram.com\/gadisteco\/","https:\/\/www.linkedin.com\/company\/grup-alimentari-disteco\/","https:\/\/www.youtube.com\/@grupalimentaridisteco572"]}]}},"_links":{"self":[{"href":"https:\/\/disteco.com\/ca\/wp-json\/wp\/v2\/pages\/206207","targetHints":{"allow":["GET"]}}],"collection":[{"href":"https:\/\/disteco.com\/ca\/wp-json\/wp\/v2\/pages"}],"about":[{"href":"https:\/\/disteco.com\/ca\/wp-json\/wp\/v2\/types\/page"}],"author":[{"embeddable":true,"href":"https:\/\/disteco.com\/ca\/wp-json\/wp\/v2\/users\/1"}],"replies":[{"embeddable":true,"href":"https:\/\/disteco.com\/ca\/wp-json\/wp\/v2\/comments?post=206207"}],"version-history":[{"count":4,"href":"https:\/\/disteco.com\/ca\/wp-json\/wp\/v2\/pages\/206207\/revisions"}],"predecessor-version":[{"id":206217,"href":"https:\/\/disteco.com\/ca\/wp-json\/wp\/v2\/pages\/206207\/revisions\/206217"}],"wp:featuredmedia":[{"embeddable":true,"href":"https:\/\/disteco.com\/ca\/wp-json\/wp\/v2\/media\/205716"}],"wp:attachment":[{"href":"https:\/\/disteco.com\/ca\/wp-json\/wp\/v2\/media?parent=206207"}],"curies":[{"name":"wp","href":"https:\/\/api.w.org\/{rel}","templated":true}]}}