{"id":204742,"date":"2017-06-16T03:33:16","date_gmt":"2017-06-16T03:33:16","guid":{"rendered":"http:\/\/disteco.com\/compania\/"},"modified":"2025-07-31T06:52:32","modified_gmt":"2025-07-31T06:52:32","slug":"compania","status":"publish","type":"page","link":"https:\/\/disteco.com\/ca\/compania\/","title":{"rendered":"Companyia"},"content":{"rendered":"<p>[et_pb_section fb_built=&#8221;1&#8243; admin_label=&#8221;Secci\u00f3n&#8221; module_id=&#8221;companyia&#8221; _builder_version=&#8221;4.27.4&#8243; background_color=&#8221;rgba(255,255,255,0)&#8221; custom_padding=&#8221;0px|0px|0px|0px&#8221; transparent_background=&#8221;on&#8221; global_colors_info=&#8221;{}&#8221;][et_pb_row admin_label=&#8221;Fila&#8221; _builder_version=&#8221;4.27.4&#8243; background_size=&#8221;initial&#8221; background_position=&#8221;top_left&#8221; background_repeat=&#8221;repeat&#8221; max_width=&#8221;80%&#8221; custom_margin=&#8221;|auto|0px|auto|false|false&#8221; custom_padding=&#8221;0px||0px|||&#8221; use_custom_width=&#8221;on&#8221; width_unit=&#8221;off&#8221; global_colors_info=&#8221;{}&#8221;][et_pb_column type=&#8221;4_4&#8243; _builder_version=&#8221;4.16&#8243; custom_padding=&#8221;|||&#8221; global_colors_info=&#8221;{}&#8221; custom_padding__hover=&#8221;|||&#8221;][et_pb_code _builder_version=&#8221;4.16&#8243; _module_preset=&#8221;default&#8221; width=&#8221;75%&#8221; module_alignment=&#8221;center&#8221; custom_margin=&#8221;||50px|||&#8221; global_colors_info=&#8221;{}&#8221;]<iframe loading=\"lazy\" title=\"YouTube video player\" src=\"https:\/\/www.youtube.com\/embed\/X50H5uFyV1I\" width=\"560\" height=\"315\" frameborder=\"0\" allowfullscreen=\"allowfullscreen\"><\/iframe>[\/et_pb_code][et_pb_text admin_label=&#8221;Texto&#8221; _builder_version=&#8221;4.27.4&#8243; background_size=&#8221;initial&#8221; background_position=&#8221;top_left&#8221; background_repeat=&#8221;repeat&#8221; min_height=&#8221;70px&#8221; custom_margin=&#8221;100px||21px|||&#8221; inline_fonts=&#8221;Play,Raleway&#8221; global_colors_info=&#8221;{}&#8221;]<\/p>\n<h1 style=\"text-align: center;\"><span style=\"color: #cc0000;\"><strong>Grup Alimentari DISTECO<\/strong><\/span> ens dediquem a la distribuci\u00f3, la log\u00edstica i la gesti\u00f3 comercial dins del sector de l&#8217;alimentaci\u00f3.<\/h1>\n<p>[\/et_pb_text][et_pb_text admin_label=&#8221;Texto&#8221; _builder_version=&#8221;4.27.4&#8243; text_font_size=&#8221;16px&#8221; background_size=&#8221;initial&#8221; background_position=&#8221;top_left&#8221; background_repeat=&#8221;repeat&#8221; width=&#8221;96.4%&#8221; custom_margin=&#8221;|30px|10px|2px||&#8221; global_colors_info=&#8221;{}&#8221;]<\/p>\n<h4 style=\"text-align: justify;\"><span style=\"font-size: medium;\">La nostra empresa neix el mes d&#8217;agost de 1995 i fins avui hem anat evolucionant gr\u00e0cies al treball constant d&#8217;un excel\u00b7lent i altament qualificat equip hum\u00e0, que actualment est\u00e0 format per m\u00e9s de cent quaranta persones.<\/span><\/h4>\n<h4 style=\"text-align: justify;\"><span style=\"font-size: medium;\">El Setembre de 2013 ens vam traslladar al Pol\u00edgon Can Volard de Parets del Vall\u00e8s; el constant desenvolupament comercial, l&#8217;augment continu de clients, la creaci\u00f3 de noves l\u00ednies i el necessari increment de prove\u00efdors per cobrir els nous creixements ens ha portat a adquirir unes noves naus comercials m\u00e9s grans, m\u00e9s ben situades i m\u00e9s modernes on poder gestionar totes les l\u00ednies de treball que estan actualment en marxa i alhora cobrir les futures ampliacions que tenim previstes.<\/span><\/h4>\n<p>[\/et_pb_text][et_pb_text disabled_on=&#8221;off|off|off&#8221; admin_label=&#8221;Texto&#8221; _builder_version=&#8221;4.27.4&#8243; background_size=&#8221;initial&#8221; background_position=&#8221;top_left&#8221; background_repeat=&#8221;repeat&#8221; custom_margin=&#8221;60px||21px|||&#8221; inline_fonts=&#8221;Play,Raleway&#8221; global_colors_info=&#8221;{}&#8221;]<\/p>\n<h1 style=\"text-align: center;\"><span style=\"color: #cc0000;\"><strong>Una hist\u00f2ria que va comen\u00e7ar el 1995 <\/strong><\/span>i que avui seguim escrivint amb tu<\/h1>\n<p>[\/et_pb_text][et_pb_text admin_label=&#8221;Texto&#8221; _builder_version=&#8221;4.27.4&#8243; text_font_size=&#8221;16px&#8221; background_size=&#8221;initial&#8221; background_position=&#8221;top_left&#8221; background_repeat=&#8221;repeat&#8221; width=&#8221;96.4%&#8221; custom_margin=&#8221;|30px|10px|2px||&#8221; global_colors_info=&#8221;{}&#8221;]<\/p>\n<h4 style=\"text-align: justify;\"><span style=\"font-size: medium;\">Des del 1995, a DISTECO hem constru\u00eft molt m\u00e9s que una empresa de distribuci\u00f3: hem teixit una hist\u00f2ria de comprom\u00eds, visi\u00f3 i transformaci\u00f3 constant. Avui celebrem les nostres arrels i mirem amb il\u00b7lusi\u00f3 cap al futur. <\/span><\/h4>\n<p>[\/et_pb_text][et_pb_text disabled_on=&#8221;off|off|off&#8221; admin_label=&#8221;Texto&#8221; _builder_version=&#8221;4.27.4&#8243; background_size=&#8221;initial&#8221; background_position=&#8221;top_left&#8221; background_repeat=&#8221;repeat&#8221; custom_margin=&#8221;40px||21px|||&#8221; inline_fonts=&#8221;Play,Raleway&#8221; global_colors_info=&#8221;{}&#8221;]<\/p>\n<h1 style=\"text-align: center;\"><span style=\"color: #cc0000;\"><strong>Les nostres fites m\u00e9s destacades <\/strong><\/span><\/h1>\n<p>[\/et_pb_text][et_pb_text disabled_on=&#8221;off|off|off&#8221; admin_label=&#8221;Texto&#8221; _builder_version=&#8221;4.27.4&#8243; text_font_size=&#8221;16px&#8221; background_size=&#8221;initial&#8221; background_position=&#8221;top_left&#8221; background_repeat=&#8221;repeat&#8221; width=&#8221;90%&#8221; max_width=&#8221;90%&#8221; module_alignment=&#8221;center&#8221; custom_margin=&#8221;40px|0px|50px|0px|false|false&#8221; custom_padding=&#8221;||0px||false|false&#8221; global_colors_info=&#8221;{}&#8221;]<\/p>\n<h4><span><span style=\"color: #cc0000;\"><strong>1995<\/strong><\/span> \u2013 <span style=\"color: #000000;\"><strong>Els primers passos<\/strong><\/span><\/span><\/h4>\n<p style=\"text-align: justify;\"><span>DISTECO neix al Pol\u00edgon Industrial Congost de la m\u00e0 de tres socis fundadors: <strong>Embotits Monells S.A.<\/strong>, <strong>Canduran<\/strong>, i <strong>Anec de l\u2019Empord\u00e0<\/strong>. Des del comen\u00e7ament, l&#8217;empresa s&#8217;especialitza en la distribuci\u00f3 de marques reconegudes dins del canal tradicional, amb la <strong>log\u00edstica com a diferenciador<\/strong> al nostre model de negoci. <\/span><\/p>\n<h4><span><span style=\"color: #cc0000;\"><strong><\/strong><\/span><\/span><\/h4>\n<h4><span><span style=\"color: #cc0000;\"><strong>1997<\/strong><\/span> \u2013<\/span><span style=\"color: #000000;\"><strong>Nou lideratge<\/strong><\/span><\/h4>\n<p style=\"text-align: justify;\"><span>S&#8217;incorporen com a socis <strong>Michael H.G. Schara \u2013 Shara<\/strong> i <strong>Pere Carvajal (actual propietari)<\/strong>, consolidant una nova etapa de creixement i professionalitzaci\u00f3.<\/span><\/p>\n<h4><span><span style=\"color: #cc0000;\"><strong><\/strong><\/span><\/span><\/h4>\n<h4><span><span style=\"color: #cc0000;\"><strong>2012 <\/strong><\/span>\u2013 <span style=\"color: #000000;\"><strong>Nova identitat corporativa<\/strong><\/span><\/span><\/h4>\n<p style=\"text-align: justify;\"><span>La companyia canvia la seva denominaci\u00f3 social d&#8217;<strong>Exclusives Disteco<\/strong> a <strong>Grup Alimentari Disteco, SA.<\/strong> Paral\u00b7lelament, <strong>Pere Carvajal Canela<\/strong> es converteix en <strong>accionista<\/strong> <strong>majoritari (58,65 %) i administrador \u00fanic.<\/strong> A trav\u00e9s de <strong>Judcar S.L.<\/strong> -participada per ell i els seus fills Judith i Edgar Carvajal M\u00e1rquez- s&#8217;assoleix el <strong>80% de l&#8217;accionariat<\/strong>, quedant el 20% restant en autocartera. <\/span><\/p>\n<h4><span style=\"color: #cc0000;\"><strong><\/strong><\/span><\/h4>\n<h4><span style=\"color: #cc0000;\"><strong>2013<\/strong><\/span> \u2013 <span style=\"color: #000000;\"><strong>Mirant al futur<\/strong><\/span><\/h4>\n<p style=\"text-align: justify;\">Traslladem la nostra operativa al Pol\u00edgon Can Volard de Parets del Vall\u00e8s, duplicant superf\u00edcie (2.680 m\u00b2) i comen\u00e7ant a actuar com a plataforma log\u00edstica per a diferents industrials.<\/p>\n<p><span style=\"color: #cc0000;\"><strong><\/strong><\/span><\/p>\n<h4><span style=\"color: #cc0000;\"><strong>2014<\/strong><\/span> \u2013 <span style=\"color: #000000;\"><strong>Donem valor afegit<\/strong><\/span><\/h4>\n<p style=\"text-align: justify;\">Ampliem les instal\u00b7lacions fins als <strong>8.000 m\u00b2 <\/strong> actuals. En paral\u00b7lel, venem el 20% amb autocartera a <strong>cinc directius clau<\/strong>, refor\u00e7ant el comprom\u00eds de l&#8217;equip. Iniciem les nostres operacions d&#8217;<strong>especejament de vedella<\/strong>, obrint noves l\u00ednies de negoci.  <\/p>\n<p><span style=\"color: #cc0000;\"><strong><\/strong><\/span><\/p>\n<h4><span style=\"color: #cc0000;\"><strong>2016<\/strong><\/span> \u2013 <span style=\"color: #000000;\"><strong>Ampliaci\u00f3 i diversificaci\u00f3<\/strong><\/span><\/h4>\n<p style=\"text-align: justify;\">Instal\u00b7lem <strong>dues sales d&#8217;especejament<\/strong> (porc\u00ed i bov\u00ed) i adquirim el 50% de <strong>CellVi Osona<\/strong>, productora dels vins del nostre <strong>celler Masia Vila-Rassa<\/strong>. Tamb\u00e9 comencem les nostres primeres <strong>exportacions a \u00c0sia i Europa<\/strong>. <\/p>\n<p><span style=\"color: #cc0000;\"><strong><\/strong><\/span><\/p>\n<h4><span style=\"color: #cc0000;\"><strong>2018<\/strong><\/span> \u2013 <span style=\"color: #000000;\"><strong>Noves aliances<\/strong><\/span><\/h4>\n<p style=\"text-align: justify;\">Signem un acord amb <strong>Hijos de Rivera<\/strong> per a la distribuci\u00f3 a zones espec\u00edfiques de Barcelona. Ens convertim en distribu\u00efdors oficials de Estrella Galicia. Aquesta fita va marcar la nostra entrada al canal <strong>HORECA<\/strong> i va consolidar la nostra pres\u00e8ncia amb les nostres marques. Aquest any, tamb\u00e9 incorporem les l\u00ednies de <strong> llescat de curats i elaborats frescos<\/strong>.   <\/p>\n<h4><span style=\"color: #cc0000;\"><strong><\/strong><\/span><\/h4>\n<h4><span style=\"color: #cc0000;\"><strong>2021 <\/strong><\/span>\u2013<span style=\"color: #000000;\"><strong>Innovaci\u00f3 i futur<\/strong><\/span><\/h4>\n<p style=\"text-align: justify;\">Inaugurem una <strong>cuina industrial de 800 m\u00b2<\/strong> equipada amb tecnologia d&#8217;\u00faltima generaci\u00f3 per a la producci\u00f3 d&#8217;<strong>IV i V gamma<\/strong> sota la marca <strong>Natural Xef<\/strong>, juntament amb un <strong>show cooking<\/strong> i un <strong>showroom professional<\/strong>.<\/p>\n<p><span style=\"color: #cc0000;\"><strong><\/strong><\/span><\/p>\n<h4><span style=\"color: #cc0000;\"><strong>2022<\/strong><\/span> \u2013 <span style=\"color: #000000;\"><strong>Reinventar-se per seguir endavant<\/strong><\/span><\/h4>\n<p style=\"text-align: justify;\">Despr\u00e9s de l&#8217;impacte del COVID-19, apostem per una profunda transformaci\u00f3. Comencem a <strong>fabricar els nostres propis productes<\/strong>, desenvolupant elaborats, llescats. A m\u00e9s a m\u00e9s, enfortim el servei log\u00edstic amb la creaci\u00f3 d&#8217;una <strong>central de compres.<\/strong>  <\/p>\n<p><span style=\"color: #cc0000;\"><strong><\/strong><\/span><\/p>\n<h4><span style=\"color: #cc0000;\"><strong>2023<\/strong><\/span> \u2013<span style=\"color: #000000;\"><strong> Creixem en equip<\/strong><\/span><\/h4>\n<p style=\"text-align: justify;\">Celebrem una fita molt especial: <strong>m\u00e9s de 100 professionals formen part de l&#8217;equip DISTECO<\/strong>, compartint una visi\u00f3 i una cultura d&#8217;empresa basada en el comprom\u00eds i l&#8217;excel\u00b7l\u00e8ncia.<\/p>\n<p><span style=\"color: #cc0000;\"><strong><\/strong><\/span><\/p>\n<h4><span style=\"color: #cc0000;\"><strong>2024<\/strong><\/span> \u2013 <span style=\"color: #000000;\"><strong>Creixement sostingut<\/strong><\/span><\/h4>\n<p style=\"text-align: justify;\">En nom\u00e9s 6 anys, <strong>multipliquem per tres la nostra facturaci\u00f3 situant-nos a 60 milions d&#8217;euros<\/strong>, consolidant-nos com una empresa \u00e0gil, s\u00f2lida i en plena expansi\u00f3.<\/p>\n<p style=\"text-align: justify;\">[\/et_pb_text][\/et_pb_column][\/et_pb_row][\/et_pb_section]<\/p>\n","protected":false},"excerpt":{"rendered":"<p>Grup Alimentari DISTECO ens dediquem a la distribuci\u00f3, la log\u00edstica i la gesti\u00f3 comercial dins del sector de l&#8217;alimentaci\u00f3.La nostra empresa neix el mes d&#8217;agost de 1995 i fins avui hem anat evolucionant gr\u00e0cies al treball constant d&#8217;un excel\u00b7lent i altament qualificat equip hum\u00e0, que actualment est\u00e0 format per m\u00e9s de cent quaranta persones. El [&hellip;]<\/p>\n","protected":false},"author":1,"featured_media":0,"parent":0,"menu_order":0,"comment_status":"closed","ping_status":"closed","template":"","meta":{"_et_pb_use_builder":"on","_et_pb_old_content":"","_et_gb_content_width":"","footnotes":""},"class_list":["post-204742","page","type-page","status-publish","hentry"],"yoast_head":"<!-- This site is optimized with the Yoast SEO plugin v26.9 - https:\/\/yoast.com\/product\/yoast-seo-wordpress\/ -->\n<title>La nostra companyia. GRUP ALIMENTARI DISTECO.<\/title>\n<meta name=\"description\" content=\"A Grup Alimentari DISTECO ens dediquem a la distribuci\u00f3, log\u00edstica i gesti\u00f3 comercial dins del sector de l&#039;alimentaci\u00f3.\" \/>\n<meta name=\"robots\" content=\"index, follow, max-snippet:-1, max-image-preview:large, max-video-preview:-1\" \/>\n<link rel=\"canonical\" href=\"https:\/\/disteco.com\/ca\/compania\/\" \/>\n<meta property=\"og:locale\" content=\"ca_ES\" \/>\n<meta property=\"og:type\" content=\"article\" \/>\n<meta property=\"og:title\" content=\"La nostra companyia. GRUP ALIMENTARI DISTECO.\" \/>\n<meta property=\"og:description\" content=\"A Grup Alimentari DISTECO ens dediquem a la distribuci\u00f3, log\u00edstica i gesti\u00f3 comercial dins del sector de l&#039;alimentaci\u00f3.\" \/>\n<meta property=\"og:url\" content=\"https:\/\/disteco.com\/ca\/compania\/\" \/>\n<meta property=\"og:site_name\" content=\"GRUP ALIMENTARI DISTECO\" \/>\n<meta property=\"article:publisher\" content=\"https:\/\/www.facebook.com\/grupalimentaridisteco\/\" \/>\n<meta property=\"article:modified_time\" content=\"2025-07-31T06:52:32+00:00\" \/>\n<meta name=\"twitter:card\" content=\"summary_large_image\" \/>\n<meta name=\"twitter:site\" content=\"@DistecoGrup\" \/>\n<meta name=\"twitter:label1\" content=\"Temps estimat de lectura\" \/>\n\t<meta name=\"twitter:data1\" content=\"3 minut\" \/>\n<script type=\"application\/ld+json\" class=\"yoast-schema-graph\">{\"@context\":\"https:\/\/schema.org\",\"@graph\":[{\"@type\":\"WebPage\",\"@id\":\"https:\/\/disteco.com\/ca\/compania\/\",\"url\":\"https:\/\/disteco.com\/ca\/compania\/\",\"name\":\"La nostra companyia. GRUP ALIMENTARI DISTECO.\",\"isPartOf\":{\"@id\":\"https:\/\/disteco.com\/ca\/#website\"},\"datePublished\":\"2017-06-16T03:33:16+00:00\",\"dateModified\":\"2025-07-31T06:52:32+00:00\",\"description\":\"A Grup Alimentari DISTECO ens dediquem a la distribuci\u00f3, log\u00edstica i gesti\u00f3 comercial dins del sector de l'alimentaci\u00f3.\",\"breadcrumb\":{\"@id\":\"https:\/\/disteco.com\/ca\/compania\/#breadcrumb\"},\"inLanguage\":\"ca\",\"potentialAction\":[{\"@type\":\"ReadAction\",\"target\":[\"https:\/\/disteco.com\/ca\/compania\/\"]}]},{\"@type\":\"BreadcrumbList\",\"@id\":\"https:\/\/disteco.com\/ca\/compania\/#breadcrumb\",\"itemListElement\":[{\"@type\":\"ListItem\",\"position\":1,\"name\":\"Portada\",\"item\":\"https:\/\/disteco.com\/ca\/\"},{\"@type\":\"ListItem\",\"position\":2,\"name\":\"Companyia\"}]},{\"@type\":\"WebSite\",\"@id\":\"https:\/\/disteco.com\/ca\/#website\",\"url\":\"https:\/\/disteco.com\/ca\/\",\"name\":\"GRUP ALIMENTARI DISTECO\",\"description\":\"Distribuci\u00f3 aliment\u00e0ria de productes d'alta qualitat\",\"publisher\":{\"@id\":\"https:\/\/disteco.com\/ca\/#organization\"},\"potentialAction\":[{\"@type\":\"SearchAction\",\"target\":{\"@type\":\"EntryPoint\",\"urlTemplate\":\"https:\/\/disteco.com\/ca\/?s={search_term_string}\"},\"query-input\":{\"@type\":\"PropertyValueSpecification\",\"valueRequired\":true,\"valueName\":\"search_term_string\"}}],\"inLanguage\":\"ca\"},{\"@type\":\"Organization\",\"@id\":\"https:\/\/disteco.com\/ca\/#organization\",\"name\":\"GRUP ALIMENTARI DISTECO\",\"url\":\"https:\/\/disteco.com\/ca\/\",\"logo\":{\"@type\":\"ImageObject\",\"inLanguage\":\"ca\",\"@id\":\"https:\/\/disteco.com\/ca\/#\/schema\/logo\/image\/\",\"url\":\"https:\/\/disteco.com\/wp-content\/uploads\/2017\/03\/logo-grup-alimentari-disteco.png\",\"contentUrl\":\"https:\/\/disteco.com\/wp-content\/uploads\/2017\/03\/logo-grup-alimentari-disteco.png\",\"width\":600,\"height\":61,\"caption\":\"GRUP ALIMENTARI DISTECO\"},\"image\":{\"@id\":\"https:\/\/disteco.com\/ca\/#\/schema\/logo\/image\/\"},\"sameAs\":[\"https:\/\/www.facebook.com\/grupalimentaridisteco\/\",\"https:\/\/x.com\/DistecoGrup\",\"https:\/\/www.instagram.com\/gadisteco\/\",\"https:\/\/www.linkedin.com\/company\/grup-alimentari-disteco\/\",\"https:\/\/www.youtube.com\/@grupalimentaridisteco572\"]}]}<\/script>\n<!-- \/ Yoast SEO plugin. -->","yoast_head_json":{"title":"La nostra companyia. GRUP ALIMENTARI DISTECO.","description":"A Grup Alimentari DISTECO ens dediquem a la distribuci\u00f3, log\u00edstica i gesti\u00f3 comercial dins del sector de l'alimentaci\u00f3.","robots":{"index":"index","follow":"follow","max-snippet":"max-snippet:-1","max-image-preview":"max-image-preview:large","max-video-preview":"max-video-preview:-1"},"canonical":"https:\/\/disteco.com\/ca\/compania\/","og_locale":"ca_ES","og_type":"article","og_title":"La nostra companyia. GRUP ALIMENTARI DISTECO.","og_description":"A Grup Alimentari DISTECO ens dediquem a la distribuci\u00f3, log\u00edstica i gesti\u00f3 comercial dins del sector de l'alimentaci\u00f3.","og_url":"https:\/\/disteco.com\/ca\/compania\/","og_site_name":"GRUP ALIMENTARI DISTECO","article_publisher":"https:\/\/www.facebook.com\/grupalimentaridisteco\/","article_modified_time":"2025-07-31T06:52:32+00:00","twitter_card":"summary_large_image","twitter_site":"@DistecoGrup","twitter_misc":{"Temps estimat de lectura":"3 minut"},"schema":{"@context":"https:\/\/schema.org","@graph":[{"@type":"WebPage","@id":"https:\/\/disteco.com\/ca\/compania\/","url":"https:\/\/disteco.com\/ca\/compania\/","name":"La nostra companyia. GRUP ALIMENTARI DISTECO.","isPartOf":{"@id":"https:\/\/disteco.com\/ca\/#website"},"datePublished":"2017-06-16T03:33:16+00:00","dateModified":"2025-07-31T06:52:32+00:00","description":"A Grup Alimentari DISTECO ens dediquem a la distribuci\u00f3, log\u00edstica i gesti\u00f3 comercial dins del sector de l'alimentaci\u00f3.","breadcrumb":{"@id":"https:\/\/disteco.com\/ca\/compania\/#breadcrumb"},"inLanguage":"ca","potentialAction":[{"@type":"ReadAction","target":["https:\/\/disteco.com\/ca\/compania\/"]}]},{"@type":"BreadcrumbList","@id":"https:\/\/disteco.com\/ca\/compania\/#breadcrumb","itemListElement":[{"@type":"ListItem","position":1,"name":"Portada","item":"https:\/\/disteco.com\/ca\/"},{"@type":"ListItem","position":2,"name":"Companyia"}]},{"@type":"WebSite","@id":"https:\/\/disteco.com\/ca\/#website","url":"https:\/\/disteco.com\/ca\/","name":"GRUP ALIMENTARI DISTECO","description":"Distribuci\u00f3 aliment\u00e0ria de productes d'alta qualitat","publisher":{"@id":"https:\/\/disteco.com\/ca\/#organization"},"potentialAction":[{"@type":"SearchAction","target":{"@type":"EntryPoint","urlTemplate":"https:\/\/disteco.com\/ca\/?s={search_term_string}"},"query-input":{"@type":"PropertyValueSpecification","valueRequired":true,"valueName":"search_term_string"}}],"inLanguage":"ca"},{"@type":"Organization","@id":"https:\/\/disteco.com\/ca\/#organization","name":"GRUP ALIMENTARI DISTECO","url":"https:\/\/disteco.com\/ca\/","logo":{"@type":"ImageObject","inLanguage":"ca","@id":"https:\/\/disteco.com\/ca\/#\/schema\/logo\/image\/","url":"https:\/\/disteco.com\/wp-content\/uploads\/2017\/03\/logo-grup-alimentari-disteco.png","contentUrl":"https:\/\/disteco.com\/wp-content\/uploads\/2017\/03\/logo-grup-alimentari-disteco.png","width":600,"height":61,"caption":"GRUP ALIMENTARI DISTECO"},"image":{"@id":"https:\/\/disteco.com\/ca\/#\/schema\/logo\/image\/"},"sameAs":["https:\/\/www.facebook.com\/grupalimentaridisteco\/","https:\/\/x.com\/DistecoGrup","https:\/\/www.instagram.com\/gadisteco\/","https:\/\/www.linkedin.com\/company\/grup-alimentari-disteco\/","https:\/\/www.youtube.com\/@grupalimentaridisteco572"]}]}},"_links":{"self":[{"href":"https:\/\/disteco.com\/ca\/wp-json\/wp\/v2\/pages\/204742","targetHints":{"allow":["GET"]}}],"collection":[{"href":"https:\/\/disteco.com\/ca\/wp-json\/wp\/v2\/pages"}],"about":[{"href":"https:\/\/disteco.com\/ca\/wp-json\/wp\/v2\/types\/page"}],"author":[{"embeddable":true,"href":"https:\/\/disteco.com\/ca\/wp-json\/wp\/v2\/users\/1"}],"replies":[{"embeddable":true,"href":"https:\/\/disteco.com\/ca\/wp-json\/wp\/v2\/comments?post=204742"}],"version-history":[{"count":28,"href":"https:\/\/disteco.com\/ca\/wp-json\/wp\/v2\/pages\/204742\/revisions"}],"predecessor-version":[{"id":257717,"href":"https:\/\/disteco.com\/ca\/wp-json\/wp\/v2\/pages\/204742\/revisions\/257717"}],"wp:attachment":[{"href":"https:\/\/disteco.com\/ca\/wp-json\/wp\/v2\/media?parent=204742"}],"curies":[{"name":"wp","href":"https:\/\/api.w.org\/{rel}","templated":true}]}}